{"id":99,"date":"2023-10-27T15:38:48","date_gmt":"2023-10-27T13:38:48","guid":{"rendered":"https:\/\/ja33.fr\/?page_id=99"},"modified":"2023-12-06T14:04:27","modified_gmt":"2023-12-06T13:04:27","slug":"devenir-agriculteur","status":"publish","type":"page","link":"https:\/\/ja33.fr\/?page_id=99","title":{"rendered":"Devenir agriculteur"},"content":{"rendered":"\n<div class=\"wp-block-cover alignfull is-light\" style=\"min-height:420px;aspect-ratio:unset;\"><span aria-hidden=\"true\" class=\"wp-block-cover__background has-background-dim-20 has-background-dim\"><\/span><video class=\"wp-block-cover__video-background intrinsic-ignore\" autoplay muted loop playsinline src=\"https:\/\/ja33.fr\/wp-content\/uploads\/2023\/11\/Design-sans-titre-3-1.mp4\" style=\"object-position:62% 71%\" data-object-fit=\"cover\" data-object-position=\"62% 71%\"><\/video><div class=\"wp-block-cover__inner-container is-layout-flow wp-block-cover-is-layout-flow\">\n<p class=\"has-text-align-center has-white-color has-text-color\" style=\"font-size:clamp(37.821px, 2.364rem + ((1vw - 3.2px) * 2.848), 70px);font-style:normal;font-weight:900\">Devenir agriculteur<\/p>\n<\/div><\/div>\n\n\n\n<div class=\"wp-block-group alignfull is-style-default has-light-background-background-color has-background is-layout-flow wp-block-group-is-layout-flow\" style=\"padding-top:60px;padding-bottom:60px;padding-left:0\">\n<div class=\"wp-block-group has-global-padding is-layout-constrained wp-block-group-is-layout-constrained\">\n<div class=\"wp-block-columns is-layout-flex wp-container-core-columns-is-layout-d7d455e7 wp-block-columns-is-layout-flex\" style=\"padding-top:0;padding-right:0;padding-bottom:0;padding-left:0\">\n<div class=\"wp-block-column is-vertically-aligned-top is-layout-flow wp-block-column-is-layout-flow\" style=\"flex-basis:50%\">\n<div class=\"wp-block-group has-global-padding is-layout-constrained wp-block-group-is-layout-constrained\">\n<figure class=\"wp-block-image alignright size-full is-resized\"><img fetchpriority=\"high\" decoding=\"async\" width=\"620\" height=\"648\" src=\"https:\/\/ja33.fr\/wp-content\/uploads\/2023\/10\/Capture-decran-2023-10-25-152016.png\" alt=\"\" class=\"wp-image-311\" style=\"aspect-ratio:0.9310344827586207;width:562px;height:auto\" srcset=\"https:\/\/ja33.fr\/wp-content\/uploads\/2023\/10\/Capture-decran-2023-10-25-152016.png 620w, https:\/\/ja33.fr\/wp-content\/uploads\/2023\/10\/Capture-decran-2023-10-25-152016-287x300.png 287w, https:\/\/ja33.fr\/wp-content\/uploads\/2023\/10\/Capture-decran-2023-10-25-152016-600x627.png 600w\" sizes=\"(max-width: 620px) 100vw, 620px\" \/><\/figure>\n<\/div>\n<\/div>\n\n\n\n<div class=\"wp-block-column is-vertically-aligned-center is-layout-flow wp-block-column-is-layout-flow\" style=\"padding-left:var(--wp--preset--spacing--80);flex-basis:50%\">\n<p class=\"has-text-align-center\">\u200b<a href=\"https:\/\/chambres-agriculture.fr\/exploitation-agricole\/sinstaller-en-agriculture\/\">Comment s&rsquo;installer en agriculture ?<\/a><\/p>\n\n\n\n<p>Les agriculteurs sont de v\u00e9ritables chefs d&rsquo;entreprise. L&rsquo;acc\u00e8s au m\u00e9tier d&rsquo;agriculteur doit \u00eatre li\u00e9 \u00e0 des connaissances et des comp\u00e9tences, la formation est primordiale. Un parcours \u00e0 l&rsquo;installation est donc propos\u00e9 aux porteurs de projet, pour les aider \u00e0 monter des projets viables et vivables. Il permet au candidat de r\u00e9fl\u00e9chir \u00e0 son projet et de le faire m\u00fbrir. Les projets d&rsquo;installation sont donc des d\u00e9marches longues (entre 1 et 3 ans), qu&rsquo;il convient d&rsquo;anticiper.<\/p>\n\n\n\n<p>Les candidats \u00e2g\u00e9s de 18 \u00e0 40 ans et de nationalit\u00e9 fran\u00e7aise (ou ressortissant de l\u2019Union Europ\u00e9enne) et ayant un dipl\u00f4me agricole de niveau IV minimum (BAC, BPREA&#8230;) peuvent b\u00e9n\u00e9ficier d&rsquo;un parcours aid\u00e9.<\/p>\n\n\n\n<p>Ce parcours \u00e0 l&rsquo;installation est personnalis\u00e9 et adapt\u00e9 \u00e0 chaque candidat en fonction de ses exp\u00e9riences ant\u00e9rieures et de ses besoins en acquisition de comp\u00e9tence compl\u00e9mentaires. Le but est bien de pr\u00e9parer chaque candidat \u00e0 ses futures responsabilit\u00e9s professionnelles.<\/p>\n\n\n\n<p class=\"has-text-align-center has-vivid-red-color has-text-color\"><a href=\"https:\/\/installation-agricole.com\/mes-avantages-jeunes\/\" target=\"_blank\" rel=\"noreferrer noopener\">Comment b\u00e9n\u00e9ficier d&rsquo;aides ? <\/a><\/p>\n<\/div>\n<\/div>\n<\/div>\n<\/div>\n\n\n\n<div class=\"wp-block-cover alignfull has-parallax\" style=\"min-height:440px;aspect-ratio:unset;\"><span aria-hidden=\"true\" class=\"wp-block-cover__background has-background-dim\"><\/span><div role=\"img\" class=\"wp-block-cover__image-background wp-image-473 has-parallax\" style=\"background-position:50% 50%;background-image:url(https:\/\/ja33.fr\/wp-content\/uploads\/2023\/10\/paz-arando-zwZusrYAGoM-unsplash-scaled.jpg)\"><\/div><div class=\"wp-block-cover__inner-container is-layout-flow wp-block-cover-is-layout-flow\">\n<p class=\"has-text-align-center has-white-color has-text-color\" style=\"font-size:clamp(37.821px, 2.364rem + ((1vw - 3.2px) * 2.848), 70px);font-style:normal;font-weight:900\">REJOIGNEZ &#8211; NOUS<\/p>\n\n\n\n<p class=\"has-text-align-center has-white-color has-text-color has-medium-font-size\" style=\"letter-spacing:1px\">Devenez membre et profitez de nombreux avantages !<\/p>\n\n\n\n<div class=\"wp-block-buttons is-content-justification-center is-layout-flex wp-container-core-buttons-is-layout-a89b3969 wp-block-buttons-is-layout-flex\">\n<div class=\"wp-block-button is-style-fill\"><a class=\"wp-block-button__link has-black-color has-cyan-bluish-gray-background-color has-text-color has-background wp-element-button\" href=\"https:\/\/jeunes-agriculteurs-de-la-gironde.s2.yapla.com\/fr\/espace-membres\" style=\"border-radius:100px\" target=\"_blank\" rel=\"noreferrer noopener\">DEVENIR MEMBRE<\/a><\/div>\n<\/div>\n<\/div><\/div>\n","protected":false},"excerpt":{"rendered":"<p>\u200bComment s&rsquo;installer en agriculture ? Les agriculteurs sont de v\u00e9ritables chefs d&rsquo;entreprise. L&rsquo;acc\u00e8s au m\u00e9tier d&rsquo;agriculteur doit \u00eatre li\u00e9 \u00e0 des connaissances et des comp\u00e9tences, la formation est primordiale. Un parcours \u00e0 l&rsquo;installation est donc propos\u00e9 aux porteurs de projet, pour les aider \u00e0 monter des projets viables et vivables. Il permet au candidat de &hellip; <\/p>\n<p class=\"link-more\"><a href=\"https:\/\/ja33.fr\/?page_id=99\" class=\"more-link\">Lire la suite de<span class=\"screen-reader-text\">\u00ab\u00a0Devenir agriculteur\u00a0\u00bb<\/span><\/a><\/p>\n","protected":false},"author":1,"featured_media":0,"parent":0,"menu_order":0,"comment_status":"closed","ping_status":"closed","template":"page-templates\/full-width-transparent.php","meta":{"_seopress_robots_primary_cat":"","_seopress_titles_title":"","_seopress_titles_desc":"","_seopress_robots_index":"","footnotes":""},"class_list":["post-99","page","type-page","status-publish","hentry"],"yoast_head":"<!-- This site is optimized with the Yoast SEO plugin v23.5 - https:\/\/yoast.com\/wordpress\/plugins\/seo\/ -->\n<title>Devenir agriculteur - Jeunes Agriculteurs de Gironde<\/title>\n<meta name=\"robots\" content=\"index, follow, max-snippet:-1, max-image-preview:large, max-video-preview:-1\" \/>\n<link rel=\"canonical\" href=\"https:\/\/ja33.fr\/?page_id=99\" \/>\n<meta property=\"og:locale\" content=\"fr_FR\" \/>\n<meta property=\"og:type\" content=\"article\" \/>\n<meta property=\"og:title\" content=\"Devenir agriculteur - Jeunes Agriculteurs de Gironde\" \/>\n<meta property=\"og:description\" content=\"\u200bComment s&rsquo;installer en agriculture ? Les agriculteurs sont de v\u00e9ritables chefs d&rsquo;entreprise. L&rsquo;acc\u00e8s au m\u00e9tier d&rsquo;agriculteur doit \u00eatre li\u00e9 \u00e0 des connaissances et des comp\u00e9tences, la formation est primordiale. Un parcours \u00e0 l&rsquo;installation est donc propos\u00e9 aux porteurs de projet, pour les aider \u00e0 monter des projets viables et vivables. Il permet au candidat de &hellip; Lire la suite de\u00ab\u00a0Devenir agriculteur\u00a0\u00bb\" \/>\n<meta property=\"og:url\" content=\"https:\/\/ja33.fr\/?page_id=99\" \/>\n<meta property=\"og:site_name\" content=\"Jeunes Agriculteurs de Gironde\" \/>\n<meta property=\"article:modified_time\" content=\"2023-12-06T13:04:27+00:00\" \/>\n<meta property=\"og:image\" content=\"https:\/\/ja33.fr\/wp-content\/uploads\/2023\/10\/Capture-decran-2023-10-25-152016.png\" \/>\n<meta name=\"twitter:card\" content=\"summary_large_image\" \/>\n<meta name=\"twitter:label1\" content=\"Dur\u00e9e de lecture estim\u00e9e\" \/>\n\t<meta name=\"twitter:data1\" content=\"1 minute\" \/>\n<script type=\"application\/ld+json\" class=\"yoast-schema-graph\">{\"@context\":\"https:\/\/schema.org\",\"@graph\":[{\"@type\":\"WebPage\",\"@id\":\"https:\/\/ja33.fr\/?page_id=99\",\"url\":\"https:\/\/ja33.fr\/?page_id=99\",\"name\":\"Devenir agriculteur - Jeunes Agriculteurs de Gironde\",\"isPartOf\":{\"@id\":\"https:\/\/ja33.fr\/#website\"},\"primaryImageOfPage\":{\"@id\":\"https:\/\/ja33.fr\/?page_id=99#primaryimage\"},\"image\":{\"@id\":\"https:\/\/ja33.fr\/?page_id=99#primaryimage\"},\"thumbnailUrl\":\"https:\/\/ja33.fr\/wp-content\/uploads\/2023\/10\/Capture-decran-2023-10-25-152016.png\",\"datePublished\":\"2023-10-27T13:38:48+00:00\",\"dateModified\":\"2023-12-06T13:04:27+00:00\",\"breadcrumb\":{\"@id\":\"https:\/\/ja33.fr\/?page_id=99#breadcrumb\"},\"inLanguage\":\"fr-FR\",\"potentialAction\":[{\"@type\":\"ReadAction\",\"target\":[\"https:\/\/ja33.fr\/?page_id=99\"]}]},{\"@type\":\"ImageObject\",\"inLanguage\":\"fr-FR\",\"@id\":\"https:\/\/ja33.fr\/?page_id=99#primaryimage\",\"url\":\"https:\/\/ja33.fr\/wp-content\/uploads\/2023\/10\/Capture-decran-2023-10-25-152016.png\",\"contentUrl\":\"https:\/\/ja33.fr\/wp-content\/uploads\/2023\/10\/Capture-decran-2023-10-25-152016.png\",\"width\":620,\"height\":648},{\"@type\":\"BreadcrumbList\",\"@id\":\"https:\/\/ja33.fr\/?page_id=99#breadcrumb\",\"itemListElement\":[{\"@type\":\"ListItem\",\"position\":1,\"name\":\"Accueil\",\"item\":\"https:\/\/ja33.fr\/\"},{\"@type\":\"ListItem\",\"position\":2,\"name\":\"Devenir agriculteur\"}]},{\"@type\":\"WebSite\",\"@id\":\"https:\/\/ja33.fr\/#website\",\"url\":\"https:\/\/ja33.fr\/\",\"name\":\"Jeunes Agriculteurs de Gironde\",\"description\":\"\",\"publisher\":{\"@id\":\"https:\/\/ja33.fr\/#organization\"},\"potentialAction\":[{\"@type\":\"SearchAction\",\"target\":{\"@type\":\"EntryPoint\",\"urlTemplate\":\"https:\/\/ja33.fr\/?s={search_term_string}\"},\"query-input\":{\"@type\":\"PropertyValueSpecification\",\"valueRequired\":true,\"valueName\":\"search_term_string\"}}],\"inLanguage\":\"fr-FR\"},{\"@type\":\"Organization\",\"@id\":\"https:\/\/ja33.fr\/#organization\",\"name\":\"Jeunes Agriculteurs de Gironde\",\"url\":\"https:\/\/ja33.fr\/\",\"logo\":{\"@type\":\"ImageObject\",\"inLanguage\":\"fr-FR\",\"@id\":\"https:\/\/ja33.fr\/#\/schema\/logo\/image\/\",\"url\":\"https:\/\/ja33.fr\/wp-content\/uploads\/2023\/11\/Logo_JA33_blanc.png\",\"contentUrl\":\"https:\/\/ja33.fr\/wp-content\/uploads\/2023\/11\/Logo_JA33_blanc.png\",\"width\":2235,\"height\":1955,\"caption\":\"Jeunes Agriculteurs de Gironde\"},\"image\":{\"@id\":\"https:\/\/ja33.fr\/#\/schema\/logo\/image\/\"}}]}<\/script>\n<!-- \/ Yoast SEO plugin. -->","yoast_head_json":{"title":"Devenir agriculteur - Jeunes Agriculteurs de Gironde","robots":{"index":"index","follow":"follow","max-snippet":"max-snippet:-1","max-image-preview":"max-image-preview:large","max-video-preview":"max-video-preview:-1"},"canonical":"https:\/\/ja33.fr\/?page_id=99","og_locale":"fr_FR","og_type":"article","og_title":"Devenir agriculteur - Jeunes Agriculteurs de Gironde","og_description":"\u200bComment s&rsquo;installer en agriculture ? Les agriculteurs sont de v\u00e9ritables chefs d&rsquo;entreprise. L&rsquo;acc\u00e8s au m\u00e9tier d&rsquo;agriculteur doit \u00eatre li\u00e9 \u00e0 des connaissances et des comp\u00e9tences, la formation est primordiale. Un parcours \u00e0 l&rsquo;installation est donc propos\u00e9 aux porteurs de projet, pour les aider \u00e0 monter des projets viables et vivables. Il permet au candidat de &hellip; Lire la suite de\u00ab\u00a0Devenir agriculteur\u00a0\u00bb","og_url":"https:\/\/ja33.fr\/?page_id=99","og_site_name":"Jeunes Agriculteurs de Gironde","article_modified_time":"2023-12-06T13:04:27+00:00","og_image":[{"url":"https:\/\/ja33.fr\/wp-content\/uploads\/2023\/10\/Capture-decran-2023-10-25-152016.png"}],"twitter_card":"summary_large_image","twitter_misc":{"Dur\u00e9e de lecture estim\u00e9e":"1 minute"},"schema":{"@context":"https:\/\/schema.org","@graph":[{"@type":"WebPage","@id":"https:\/\/ja33.fr\/?page_id=99","url":"https:\/\/ja33.fr\/?page_id=99","name":"Devenir agriculteur - Jeunes Agriculteurs de Gironde","isPartOf":{"@id":"https:\/\/ja33.fr\/#website"},"primaryImageOfPage":{"@id":"https:\/\/ja33.fr\/?page_id=99#primaryimage"},"image":{"@id":"https:\/\/ja33.fr\/?page_id=99#primaryimage"},"thumbnailUrl":"https:\/\/ja33.fr\/wp-content\/uploads\/2023\/10\/Capture-decran-2023-10-25-152016.png","datePublished":"2023-10-27T13:38:48+00:00","dateModified":"2023-12-06T13:04:27+00:00","breadcrumb":{"@id":"https:\/\/ja33.fr\/?page_id=99#breadcrumb"},"inLanguage":"fr-FR","potentialAction":[{"@type":"ReadAction","target":["https:\/\/ja33.fr\/?page_id=99"]}]},{"@type":"ImageObject","inLanguage":"fr-FR","@id":"https:\/\/ja33.fr\/?page_id=99#primaryimage","url":"https:\/\/ja33.fr\/wp-content\/uploads\/2023\/10\/Capture-decran-2023-10-25-152016.png","contentUrl":"https:\/\/ja33.fr\/wp-content\/uploads\/2023\/10\/Capture-decran-2023-10-25-152016.png","width":620,"height":648},{"@type":"BreadcrumbList","@id":"https:\/\/ja33.fr\/?page_id=99#breadcrumb","itemListElement":[{"@type":"ListItem","position":1,"name":"Accueil","item":"https:\/\/ja33.fr\/"},{"@type":"ListItem","position":2,"name":"Devenir agriculteur"}]},{"@type":"WebSite","@id":"https:\/\/ja33.fr\/#website","url":"https:\/\/ja33.fr\/","name":"Jeunes Agriculteurs de Gironde","description":"","publisher":{"@id":"https:\/\/ja33.fr\/#organization"},"potentialAction":[{"@type":"SearchAction","target":{"@type":"EntryPoint","urlTemplate":"https:\/\/ja33.fr\/?s={search_term_string}"},"query-input":{"@type":"PropertyValueSpecification","valueRequired":true,"valueName":"search_term_string"}}],"inLanguage":"fr-FR"},{"@type":"Organization","@id":"https:\/\/ja33.fr\/#organization","name":"Jeunes Agriculteurs de Gironde","url":"https:\/\/ja33.fr\/","logo":{"@type":"ImageObject","inLanguage":"fr-FR","@id":"https:\/\/ja33.fr\/#\/schema\/logo\/image\/","url":"https:\/\/ja33.fr\/wp-content\/uploads\/2023\/11\/Logo_JA33_blanc.png","contentUrl":"https:\/\/ja33.fr\/wp-content\/uploads\/2023\/11\/Logo_JA33_blanc.png","width":2235,"height":1955,"caption":"Jeunes Agriculteurs de Gironde"},"image":{"@id":"https:\/\/ja33.fr\/#\/schema\/logo\/image\/"}}]}},"_links":{"self":[{"href":"https:\/\/ja33.fr\/index.php?rest_route=\/wp\/v2\/pages\/99","targetHints":{"allow":["GET"]}}],"collection":[{"href":"https:\/\/ja33.fr\/index.php?rest_route=\/wp\/v2\/pages"}],"about":[{"href":"https:\/\/ja33.fr\/index.php?rest_route=\/wp\/v2\/types\/page"}],"author":[{"embeddable":true,"href":"https:\/\/ja33.fr\/index.php?rest_route=\/wp\/v2\/users\/1"}],"replies":[{"embeddable":true,"href":"https:\/\/ja33.fr\/index.php?rest_route=%2Fwp%2Fv2%2Fcomments&post=99"}],"version-history":[{"count":13,"href":"https:\/\/ja33.fr\/index.php?rest_route=\/wp\/v2\/pages\/99\/revisions"}],"predecessor-version":[{"id":1041,"href":"https:\/\/ja33.fr\/index.php?rest_route=\/wp\/v2\/pages\/99\/revisions\/1041"}],"wp:attachment":[{"href":"https:\/\/ja33.fr\/index.php?rest_route=%2Fwp%2Fv2%2Fmedia&parent=99"}],"curies":[{"name":"wp","href":"https:\/\/api.w.org\/{rel}","templated":true}]}}