{"id":9,"date":"2023-10-23T10:14:32","date_gmt":"2023-10-23T08:14:32","guid":{"rendered":"https:\/\/ja33.fr\/?page_id=9"},"modified":"2026-02-19T08:51:48","modified_gmt":"2026-02-19T07:51:48","slug":"about","status":"publish","type":"page","link":"https:\/\/ja33.fr\/?page_id=9","title":{"rendered":"Nos Actus"},"content":{"rendered":"\n<div class=\"wp-block-cover alignfull is-light\" style=\"min-height:199px;aspect-ratio:unset;\"><video class=\"wp-block-cover__video-background intrinsic-ignore\" autoplay muted loop playsinline src=\"https:\/\/ja33.fr\/wp-content\/uploads\/2023\/11\/Videos-banniere-site.mp4\" data-object-fit=\"cover\"><\/video><span aria-hidden=\"true\" class=\"wp-block-cover__background has-background-dim-20 has-background-dim\"><\/span><div class=\"wp-block-cover__inner-container is-layout-flow wp-block-cover-is-layout-flow\">\n<p class=\"has-text-align-center has-white-color has-text-color\" style=\"font-size:clamp(37.821px, 2.364rem + ((1vw - 3.2px) * 2.848), 70px);font-style:normal;font-weight:900\">Nos Actus<\/p>\n<\/div><\/div>\n\n\n\n<div style=\"height:100px\" aria-hidden=\"true\" class=\"wp-block-spacer\"><\/div>\n\n\n\n<div class=\"wp-block-columns is-layout-flex wp-container-core-columns-is-layout-28f84493 wp-block-columns-is-layout-flex\">\n<div class=\"wp-block-column is-layout-flow wp-block-column-is-layout-flow\">\n<figure class=\"wp-block-image size-large\"><img fetchpriority=\"high\" decoding=\"async\" width=\"819\" height=\"1024\" src=\"https:\/\/ja33.fr\/wp-content\/uploads\/2025\/10\/1-2-819x1024.jpg\" alt=\"\" class=\"wp-image-1656\" srcset=\"https:\/\/ja33.fr\/wp-content\/uploads\/2025\/10\/1-2-819x1024.jpg 819w, https:\/\/ja33.fr\/wp-content\/uploads\/2025\/10\/1-2-240x300.jpg 240w, https:\/\/ja33.fr\/wp-content\/uploads\/2025\/10\/1-2.jpg 1080w\" sizes=\"(max-width: 819px) 100vw, 819px\" \/><\/figure>\n<\/div>\n\n\n\n<div class=\"wp-block-column is-layout-flow wp-block-column-is-layout-flow\">\n<figure class=\"wp-block-image size-large\"><img decoding=\"async\" width=\"819\" height=\"1024\" src=\"https:\/\/ja33.fr\/wp-content\/uploads\/2025\/10\/2-1-819x1024.jpg\" alt=\"\" class=\"wp-image-1657\" srcset=\"https:\/\/ja33.fr\/wp-content\/uploads\/2025\/10\/2-1-819x1024.jpg 819w, https:\/\/ja33.fr\/wp-content\/uploads\/2025\/10\/2-1-240x300.jpg 240w, https:\/\/ja33.fr\/wp-content\/uploads\/2025\/10\/2-1.jpg 1080w\" sizes=\"(max-width: 819px) 100vw, 819px\" \/><\/figure>\n<\/div>\n<\/div>\n\n\n\n<h1 class=\"wp-block-heading has-text-align-center has-white-color has-text-color has-background has-link-color wp-elements-3255d63f6d0f111d30ebc555585188f1\" style=\"background-color:#ab211b;margin-top:var(--wp--preset--spacing--small);margin-right:var(--wp--preset--spacing--small);margin-bottom:var(--wp--preset--spacing--small);margin-left:var(--wp--preset--spacing--small);padding-top:var(--wp--preset--spacing--small);padding-right:var(--wp--preset--spacing--small);padding-bottom:var(--wp--preset--spacing--small);padding-left:var(--wp--preset--spacing--small);font-size:clamp(24.034px, 1.502rem + ((1vw - 3.2px) * 1.413), 40px);\">JANVIER 2026<\/h1>\n\n\n\n<div class=\"wp-block-columns is-layout-flex wp-container-core-columns-is-layout-34763248 wp-block-columns-is-layout-flex\" style=\"margin-top:var(--wp--preset--spacing--small);margin-bottom:var(--wp--preset--spacing--small);padding-top:var(--wp--preset--spacing--small);padding-right:var(--wp--preset--spacing--small);padding-bottom:var(--wp--preset--spacing--small);padding-left:var(--wp--preset--spacing--small)\">\n<div class=\"wp-block-column is-layout-flow wp-block-column-is-layout-flow\">\n<figure class=\"wp-block-image size-large\"><img decoding=\"async\" width=\"724\" height=\"1024\" src=\"https:\/\/ja33.fr\/wp-content\/uploads\/2026\/01\/Communique-de-presse-LAPPEL-DE-BORDEAUX14012026_page-0001-724x1024.jpg\" alt=\"\" class=\"wp-image-1730\" srcset=\"https:\/\/ja33.fr\/wp-content\/uploads\/2026\/01\/Communique-de-presse-LAPPEL-DE-BORDEAUX14012026_page-0001-724x1024.jpg 724w, https:\/\/ja33.fr\/wp-content\/uploads\/2026\/01\/Communique-de-presse-LAPPEL-DE-BORDEAUX14012026_page-0001-212x300.jpg 212w, https:\/\/ja33.fr\/wp-content\/uploads\/2026\/01\/Communique-de-presse-LAPPEL-DE-BORDEAUX14012026_page-0001.jpg 1241w\" sizes=\"(max-width: 724px) 100vw, 724px\" \/><\/figure>\n<\/div>\n\n\n\n<div class=\"wp-block-column is-layout-flow wp-block-column-is-layout-flow\">\n<figure class=\"wp-block-image size-large\"><img loading=\"lazy\" decoding=\"async\" width=\"724\" height=\"1024\" src=\"https:\/\/ja33.fr\/wp-content\/uploads\/2026\/01\/Communique-de-presse-LAPPEL-DE-BORDEAUX14012026_page-0002-724x1024.jpg\" alt=\"\" class=\"wp-image-1731\" srcset=\"https:\/\/ja33.fr\/wp-content\/uploads\/2026\/01\/Communique-de-presse-LAPPEL-DE-BORDEAUX14012026_page-0002-724x1024.jpg 724w, https:\/\/ja33.fr\/wp-content\/uploads\/2026\/01\/Communique-de-presse-LAPPEL-DE-BORDEAUX14012026_page-0002-212x300.jpg 212w, https:\/\/ja33.fr\/wp-content\/uploads\/2026\/01\/Communique-de-presse-LAPPEL-DE-BORDEAUX14012026_page-0002.jpg 1241w\" sizes=\"(max-width: 724px) 100vw, 724px\" \/><\/figure>\n<\/div>\n<\/div>\n\n\n\n<hr class=\"wp-block-separator has-alpha-channel-opacity\"\/>\n\n\n\n<div class=\"wp-block-media-text has-media-on-the-right is-stacked-on-mobile\" style=\"margin-top:var(--wp--preset--spacing--small);margin-right:var(--wp--preset--spacing--small);margin-bottom:var(--wp--preset--spacing--small);margin-left:var(--wp--preset--spacing--small);padding-top:var(--wp--preset--spacing--small);padding-right:var(--wp--preset--spacing--small);padding-bottom:var(--wp--preset--spacing--small);padding-left:var(--wp--preset--spacing--small);grid-template-columns:auto 35%\"><div class=\"wp-block-media-text__content\">\n<h1 class=\"wp-block-heading has-text-align-center has-tertiary-color has-text-color has-link-color wp-elements-67569ece1e014f928096fae3fd521393\">Contr\u00f4le de camions sur l&rsquo;A10 et la N10<\/h1>\n\n\n\n<p class=\"has-lightgrey-background-color has-background has-small-font-size\">La ratification du trait\u00e9 du Mercosur est en passe d&rsquo;avoir lieu, les annonces pour la crise viticole qui ne sont toujours pas concr\u00e9tis\u00e9es et les d\u00e9dommagements pour les \u00e9leveurs impact\u00e9s par la DNC tardent : tous ces \u00e9l\u00e9ments nous ont pouss\u00e9s \u00e0 r\u00e9agir et \u00e0 ne pas rester dans l&rsquo;inaction ! <\/p>\n\n\n\n<p class=\"has-lightgrey-background-color has-background has-small-font-size\">Ainsi, nous avons d\u00e9cid\u00e9 de contr\u00f4ler les camions entre l\u2019A10 et la N10. L&rsquo;objectif ? V\u00e9rifier qu&rsquo;aucun produit \u00e9tranger ne respectant pas nos normes n&rsquo;entre sur le territoire et ne soit consomm\u00e9. <\/p>\n\n\n\n<p class=\"has-lightgrey-background-color has-background has-small-font-size\">Face \u00e0 l&rsquo;inaction de l&rsquo;Etat, c&rsquo;est \u00e0 nous de nous \u00e9riger en contr\u00f4leurs !<\/p>\n<\/div><figure class=\"wp-block-media-text__media\"><img loading=\"lazy\" decoding=\"async\" width=\"768\" height=\"1024\" src=\"https:\/\/ja33.fr\/wp-content\/uploads\/2026\/01\/WhatsApp-Image-2026-01-15-at-11.34.47-768x1024.jpeg\" alt=\"\" class=\"wp-image-1733 size-full\" srcset=\"https:\/\/ja33.fr\/wp-content\/uploads\/2026\/01\/WhatsApp-Image-2026-01-15-at-11.34.47-768x1024.jpeg 768w, https:\/\/ja33.fr\/wp-content\/uploads\/2026\/01\/WhatsApp-Image-2026-01-15-at-11.34.47-225x300.jpeg 225w, https:\/\/ja33.fr\/wp-content\/uploads\/2026\/01\/WhatsApp-Image-2026-01-15-at-11.34.47.jpeg 1500w\" sizes=\"(max-width: 768px) 100vw, 768px\" \/><\/figure><\/div>\n\n\n\n<h1 class=\"wp-block-heading has-text-align-center has-white-color has-text-color has-background has-link-color wp-elements-88c85db8a0c07578dd42c147aa699b3e\" style=\"background-color:#ab211b;margin-top:var(--wp--preset--spacing--small);margin-right:var(--wp--preset--spacing--small);margin-bottom:var(--wp--preset--spacing--small);margin-left:var(--wp--preset--spacing--small);padding-top:var(--wp--preset--spacing--small);padding-right:var(--wp--preset--spacing--small);padding-bottom:var(--wp--preset--spacing--small);padding-left:var(--wp--preset--spacing--small);font-size:clamp(24.034px, 1.502rem + ((1vw - 3.2px) * 1.413), 40px);\">DECEMBRE 2025<\/h1>\n\n\n\n<div class=\"wp-block-media-text is-stacked-on-mobile\" style=\"margin-top:var(--wp--preset--spacing--small);margin-right:var(--wp--preset--spacing--small);margin-bottom:var(--wp--preset--spacing--small);margin-left:var(--wp--preset--spacing--small);padding-top:var(--wp--preset--spacing--small);padding-right:var(--wp--preset--spacing--small);padding-bottom:var(--wp--preset--spacing--small);padding-left:var(--wp--preset--spacing--small);grid-template-columns:35% auto\"><figure class=\"wp-block-media-text__media\"><img loading=\"lazy\" decoding=\"async\" width=\"1024\" height=\"768\" src=\"https:\/\/ja33.fr\/wp-content\/uploads\/2026\/01\/16fad9ff-4cf4-4d10-ba63-a8b47685b3a4-1024x768.jpg\" alt=\"\" class=\"wp-image-1707 size-full\" srcset=\"https:\/\/ja33.fr\/wp-content\/uploads\/2026\/01\/16fad9ff-4cf4-4d10-ba63-a8b47685b3a4-1024x768.jpg 1024w, https:\/\/ja33.fr\/wp-content\/uploads\/2026\/01\/16fad9ff-4cf4-4d10-ba63-a8b47685b3a4-300x225.jpg 300w, https:\/\/ja33.fr\/wp-content\/uploads\/2026\/01\/16fad9ff-4cf4-4d10-ba63-a8b47685b3a4.jpg 1600w\" sizes=\"(max-width: 1024px) 100vw, 1024px\" \/><\/figure><div class=\"wp-block-media-text__content\">\n<h1 class=\"wp-block-heading has-text-align-center has-tertiary-color has-text-color has-link-color wp-elements-9b5d9b1e0289f6ba0978a812b307e2e4\">Action positive des JA de l&rsquo;Entre-Deux-Mers<\/h1>\n\n\n\n<p class=\"has-lightgrey-background-color has-background has-small-font-size\">Cette ann\u00e9e, les JA du canton de l\u2019E2M ont souhait\u00e9 r\u00e9aliser une nouvelle action positive aupr\u00e8s des consommateurs dans le magasin Super U de Sauveterre-de-Guyenne.<\/p>\n\n\n\n<p class=\"has-lightgrey-background-color has-background has-small-font-size\">Cette action, soutenue par l\u2019enseigne, est bien per\u00e7ue par les consommateurs. Elle permet \u00e0 nos JA de les sensibiliser sur leurs productions, leur m\u00e9tier mais aussi expliquer leurs combats sur des sujets grands publics tel que le Mercosur.<\/p>\n<\/div><\/div>\n\n\n\n<hr class=\"wp-block-separator has-alpha-channel-opacity\"\/>\n\n\n\n<div class=\"wp-block-media-text has-media-on-the-right is-stacked-on-mobile\" style=\"margin-top:var(--wp--preset--spacing--small);margin-right:var(--wp--preset--spacing--small);margin-bottom:var(--wp--preset--spacing--small);margin-left:var(--wp--preset--spacing--small);padding-top:var(--wp--preset--spacing--small);padding-right:var(--wp--preset--spacing--small);padding-bottom:var(--wp--preset--spacing--small);padding-left:var(--wp--preset--spacing--small);grid-template-columns:auto 30%\"><div class=\"wp-block-media-text__content\">\n<h1 class=\"wp-block-heading has-text-align-center has-tertiary-color has-text-color has-link-color wp-elements-3f674c6ec46e584591dff178e0716796\">Parade de tracteurs illumin\u00e9s<\/h1>\n\n\n\n<p class=\"has-lightgrey-background-color has-background has-small-font-size\">Pour la premi\u00e8re fois, le canton de Gu\u00eetres-Coutras a organis\u00e9 une parade de tracteurs illumin\u00e9s \u00e0 l\u2019occasion du march\u00e9 de No\u00ebl de Coutras. Ainsi, quelques tracteurs de nos JA, illumin\u00e9s pour l\u2019occasion, ont d\u00e9fil\u00e9 dans les rues.<\/p>\n\n\n\n<p class=\"has-lightgrey-background-color has-background has-small-font-size\">Tout au long de l\u2019apr\u00e8s-midi, ils ont tenu une cabane sur le march\u00e9 en proposant \u00e0 la vente du chocolat chaud, du jus de raisin et des textiles JA. Une premi\u00e8re \u00e9dition qui fut une r\u00e9ussite et qui pourrait \u00e0 terme \u00eatre reconduite chaque ann\u00e9e.<\/p>\n<\/div><figure class=\"wp-block-media-text__media\"><img loading=\"lazy\" decoding=\"async\" width=\"768\" height=\"1024\" src=\"https:\/\/ja33.fr\/wp-content\/uploads\/2026\/01\/WhatsApp-Image-2026-01-05-at-15.24.06-4-768x1024.jpeg\" alt=\"\" class=\"wp-image-1708 size-full\" srcset=\"https:\/\/ja33.fr\/wp-content\/uploads\/2026\/01\/WhatsApp-Image-2026-01-05-at-15.24.06-4-768x1024.jpeg 768w, https:\/\/ja33.fr\/wp-content\/uploads\/2026\/01\/WhatsApp-Image-2026-01-05-at-15.24.06-4-225x300.jpeg 225w, https:\/\/ja33.fr\/wp-content\/uploads\/2026\/01\/WhatsApp-Image-2026-01-05-at-15.24.06-4.jpeg 1536w\" sizes=\"(max-width: 768px) 100vw, 768px\" \/><\/figure><\/div>\n\n\n\n<hr class=\"wp-block-separator has-alpha-channel-opacity\"\/>\n\n\n\n<div class=\"wp-block-media-text is-stacked-on-mobile\" style=\"margin-top:var(--wp--preset--spacing--small);margin-right:var(--wp--preset--spacing--small);margin-bottom:var(--wp--preset--spacing--small);margin-left:var(--wp--preset--spacing--small);padding-top:var(--wp--preset--spacing--small);padding-right:var(--wp--preset--spacing--small);padding-bottom:var(--wp--preset--spacing--small);padding-left:var(--wp--preset--spacing--small);grid-template-columns:30% auto\"><figure class=\"wp-block-media-text__media\"><img loading=\"lazy\" decoding=\"async\" width=\"768\" height=\"1024\" src=\"https:\/\/ja33.fr\/wp-content\/uploads\/2026\/01\/WhatsApp-Image-2026-01-05-at-15.33.03-1-768x1024.jpeg\" alt=\"\" class=\"wp-image-1711 size-full\" srcset=\"https:\/\/ja33.fr\/wp-content\/uploads\/2026\/01\/WhatsApp-Image-2026-01-05-at-15.33.03-1-768x1024.jpeg 768w, https:\/\/ja33.fr\/wp-content\/uploads\/2026\/01\/WhatsApp-Image-2026-01-05-at-15.33.03-1-225x300.jpeg 225w, https:\/\/ja33.fr\/wp-content\/uploads\/2026\/01\/WhatsApp-Image-2026-01-05-at-15.33.03-1.jpeg 1536w\" sizes=\"(max-width: 768px) 100vw, 768px\" \/><\/figure><div class=\"wp-block-media-text__content\">\n<h1 class=\"wp-block-heading has-text-align-center has-tertiary-color has-text-color has-link-color wp-elements-1482d9c0b0cef268cb5c07e324cce509\">Mobilisation syndicale \u00e0 la Cit\u00e9 du Vin<\/h1>\n\n\n\n<p class=\"has-lightgrey-background-color has-background has-small-font-size\">A l\u2019occasion d\u2019une soir\u00e9e de d\u00e9gustation de vins ukrainiens organis\u00e9e par la Cit\u00e9 du Vin, nous avons d\u00e9cid\u00e9 de nous mobiliser face \u00e0 cette soir\u00e9e que nous jugeons \u201cprovocante\u201d. Pour r\u00e9agir, nous avons choisi de r\u00e9aliser les obs\u00e8ques de l\u2019Agriculture. Un message fort pour symboliser une d\u00e9tresse profonde !<\/p>\n\n\n\n<p class=\"has-lightgrey-background-color has-background has-small-font-size\">Cette action visait aussi \u00e0 soutenir nos confr\u00e8res qui manifestaient le m\u00eame jour \u00e0 Bruxelles pour s\u2019opposer au Mercosur<\/p>\n<\/div><\/div>\n\n\n\n<hr class=\"wp-block-separator has-alpha-channel-opacity\"\/>\n\n\n\n<div class=\"wp-block-columns are-vertically-aligned-center is-layout-flex wp-container-core-columns-is-layout-01f2a367 wp-block-columns-is-layout-flex\" style=\"margin-top:0;margin-bottom:0;padding-top:var(--wp--preset--spacing--small);padding-right:var(--wp--preset--spacing--small);padding-bottom:var(--wp--preset--spacing--small);padding-left:var(--wp--preset--spacing--small)\">\n<div class=\"wp-block-column is-vertically-aligned-center is-layout-flow wp-block-column-is-layout-flow\">\n<figure class=\"wp-block-image aligncenter size-full\"><img loading=\"lazy\" decoding=\"async\" width=\"658\" height=\"853\" src=\"https:\/\/ja33.fr\/wp-content\/uploads\/2025\/12\/lettre-ouverte.png\" alt=\"\" class=\"wp-image-1689\" srcset=\"https:\/\/ja33.fr\/wp-content\/uploads\/2025\/12\/lettre-ouverte.png 658w, https:\/\/ja33.fr\/wp-content\/uploads\/2025\/12\/lettre-ouverte-231x300.png 231w\" sizes=\"(max-width: 658px) 100vw, 658px\" \/><\/figure>\n<\/div>\n\n\n\n<div class=\"wp-block-column is-vertically-aligned-center is-layout-flow wp-block-column-is-layout-flow\">\n<figure class=\"wp-block-image aligncenter size-full\"><img loading=\"lazy\" decoding=\"async\" width=\"652\" height=\"855\" src=\"https:\/\/ja33.fr\/wp-content\/uploads\/2025\/12\/CP.png\" alt=\"\" class=\"wp-image-1690\" srcset=\"https:\/\/ja33.fr\/wp-content\/uploads\/2025\/12\/CP.png 652w, https:\/\/ja33.fr\/wp-content\/uploads\/2025\/12\/CP-229x300.png 229w\" sizes=\"(max-width: 652px) 100vw, 652px\" \/><\/figure>\n<\/div>\n<\/div>\n\n\n\n<hr class=\"wp-block-separator has-alpha-channel-opacity\"\/>\n\n\n\n<h1 class=\"wp-block-heading has-text-align-center has-tertiary-color has-text-color has-link-color wp-elements-8e703869390b0b2c40e91e38f8d98a61\">R\u00e9union d&rsquo;infos entreprises en difficult\u00e9s<\/h1>\n\n\n\n<p class=\"has-lightgrey-background-color has-background has-small-font-size\" style=\"margin-top:0;margin-right:var(--wp--preset--spacing--small);margin-bottom:0;margin-left:var(--wp--preset--spacing--small);padding-top:var(--wp--preset--spacing--x-small);padding-right:var(--wp--preset--spacing--small);padding-bottom:var(--wp--preset--spacing--x-small);padding-left:var(--wp--preset--spacing--small)\">Face \u00e0 une crise agricole qui ne cesse de s&rsquo;intensifier, nous avons souhait\u00e9 pr\u00e9senter diff\u00e9rents types de mesures d&rsquo;accompagnement possibles pour les agriculteurs ayant des exploitations en difficult\u00e9. <\/p>\n\n\n\n<p class=\"has-lightgrey-background-color has-background has-small-font-size\" style=\"margin-top:0;margin-right:var(--wp--preset--spacing--small);margin-bottom:0;margin-left:var(--wp--preset--spacing--small);padding-top:var(--wp--preset--spacing--x-small);padding-right:var(--wp--preset--spacing--small);padding-bottom:var(--wp--preset--spacing--x-small);padding-left:var(--wp--preset--spacing--small)\">Au programme, prise de parole de diff\u00e9rents organismes : MSA, Chambre d&rsquo;Agriculture de la Gironde, Service juridique de la FNSEA33. Un avocat et un expert-comptable \u00e9taient pr\u00e9sents. Des mandataires et administrateurs judiciaires sont \u00e9galement intervenus.<\/p>\n\n\n\n<p class=\"has-lightgrey-background-color has-background has-small-font-size\" style=\"margin-top:0;margin-right:var(--wp--preset--spacing--small);margin-bottom:0;margin-left:var(--wp--preset--spacing--small);padding-top:var(--wp--preset--spacing--x-small);padding-right:var(--wp--preset--spacing--small);padding-bottom:var(--wp--preset--spacing--x-small);padding-left:var(--wp--preset--spacing--small)\">Cette r\u00e9union s&rsquo;est cl\u00f4tur\u00e9e avec la prise de parole de deux membres du bureau des Jeunes Agriculteurs de Gironde sur les difficult\u00e9s de leur entreprise et la pr\u00e9sentation des recours qu&rsquo;ils ont utilis\u00e9s pour sauver leur exploitation. Des t\u00e9moignages importants, qui illustrent la d\u00e9tresse actuelle li\u00e9e \u00e0 la crise agricole, mais qui montre que diff\u00e9rentes solutions existent pour tenter de s&rsquo;en sortir. <\/p>\n\n\n\n<div class=\"wp-block-columns are-vertically-aligned-center is-layout-flex wp-container-core-columns-is-layout-d3c10a1a wp-block-columns-is-layout-flex\" style=\"margin-top:var(--wp--preset--spacing--small);margin-bottom:var(--wp--preset--spacing--small);padding-top:0;padding-right:var(--wp--preset--spacing--small);padding-bottom:0;padding-left:var(--wp--preset--spacing--small)\">\n<div class=\"wp-block-column is-vertically-aligned-center is-layout-flow wp-block-column-is-layout-flow\">\n<figure class=\"wp-block-image aligncenter size-large is-resized\"><img loading=\"lazy\" decoding=\"async\" width=\"724\" height=\"1024\" src=\"https:\/\/ja33.fr\/wp-content\/uploads\/2025\/12\/Doc-Entreprise-en-difficulte-724x1024.png\" alt=\"\" class=\"wp-image-1691\" style=\"aspect-ratio:0.7070366625472794;width:554px;height:auto\" srcset=\"https:\/\/ja33.fr\/wp-content\/uploads\/2025\/12\/Doc-Entreprise-en-difficulte-724x1024.png 724w, https:\/\/ja33.fr\/wp-content\/uploads\/2025\/12\/Doc-Entreprise-en-difficulte-212x300.png 212w, https:\/\/ja33.fr\/wp-content\/uploads\/2025\/12\/Doc-Entreprise-en-difficulte.png 1414w\" sizes=\"(max-width: 724px) 100vw, 724px\" \/><\/figure>\n<\/div>\n\n\n\n<div class=\"wp-block-column is-vertically-aligned-center is-layout-flow wp-block-column-is-layout-flow\">\n<figure class=\"wp-block-image aligncenter size-large is-resized\"><img loading=\"lazy\" decoding=\"async\" width=\"724\" height=\"1024\" src=\"https:\/\/ja33.fr\/wp-content\/uploads\/2025\/12\/Doc-Entreprise-en-difficulte-1-724x1024.png\" alt=\"\" class=\"wp-image-1692\" style=\"aspect-ratio:0.7070366625472794;width:556px;height:auto\" srcset=\"https:\/\/ja33.fr\/wp-content\/uploads\/2025\/12\/Doc-Entreprise-en-difficulte-1-724x1024.png 724w, https:\/\/ja33.fr\/wp-content\/uploads\/2025\/12\/Doc-Entreprise-en-difficulte-1-212x300.png 212w, https:\/\/ja33.fr\/wp-content\/uploads\/2025\/12\/Doc-Entreprise-en-difficulte-1.png 1414w\" sizes=\"(max-width: 724px) 100vw, 724px\" \/><\/figure>\n<\/div>\n<\/div>\n\n\n\n<p class=\"has-text-align-center\">T\u00e9l\u00e9charger le document en entier <a href=\"https:\/\/drive.google.com\/file\/d\/1-_TuwaTpS7lHkA8RzMFW-oZomhvdOZue\/view?usp=drive_link\">ici<\/a>  <\/p>\n\n\n\n<h1 class=\"wp-block-heading has-text-align-center has-white-color has-text-color has-background has-link-color wp-elements-208ef78522c72a56b066229e487cf824\" style=\"background-color:#ab211b;margin-top:var(--wp--preset--spacing--small);margin-right:var(--wp--preset--spacing--small);margin-bottom:var(--wp--preset--spacing--small);margin-left:var(--wp--preset--spacing--small);padding-top:var(--wp--preset--spacing--small);padding-right:var(--wp--preset--spacing--small);padding-bottom:var(--wp--preset--spacing--small);padding-left:var(--wp--preset--spacing--small);font-size:clamp(24.034px, 1.502rem + ((1vw - 3.2px) * 1.413), 40px);\">NOVEMBRE 2025<\/h1>\n\n\n\n<div class=\"wp-block-columns is-layout-flex wp-container-core-columns-is-layout-28f84493 wp-block-columns-is-layout-flex\">\n<div class=\"wp-block-column is-layout-flow wp-block-column-is-layout-flow\">\n<div class=\"wp-block-media-text has-media-on-the-right is-stacked-on-mobile\" style=\"margin-top:var(--wp--preset--spacing--small);margin-right:var(--wp--preset--spacing--small);margin-bottom:var(--wp--preset--spacing--small);margin-left:var(--wp--preset--spacing--small);padding-top:var(--wp--preset--spacing--small);padding-right:var(--wp--preset--spacing--small);padding-bottom:var(--wp--preset--spacing--small);padding-left:var(--wp--preset--spacing--small);grid-template-columns:auto 30%\"><div class=\"wp-block-media-text__content\">\n<h1 class=\"wp-block-heading has-text-align-center has-tertiary-color has-text-color has-link-color wp-elements-3a0e9a95fe0c48a4aec748e509e74ebc\">Pr\u00e9emption de l&rsquo;Etat lors de liquidations judiciaires des exploitations viticoles girondines <\/h1>\n\n\n\n<p class=\"has-lightgrey-background-color has-background has-small-font-size\">Suite \u00e0 sa mobilisation, en octobre dernier, sur les ventes aux ench\u00e8res de stocks de vin qui interviennent lors des liquidations judiciaires des exploitations viticoles, certains de nos \u00e9lus se sont retrouv\u00e9s pour travailler sur ce sujet. <\/p>\n\n\n\n<p class=\"has-lightgrey-background-color has-background has-small-font-size\">Au c\u00f4t\u00e9 de Bernard FARGES, ils ont r\u00e9fl\u00e9chi \u00e0 diff\u00e9rentes solutions pour \u00e9viter que les vins vendus lors de ces ventes aux ench\u00e8res ne viennent impacter le march\u00e9 d\u00e9j\u00e0 en crise avec la conjoncture actuelle. <\/p>\n\n\n\n<p class=\"has-lightgrey-background-color has-background has-small-font-size\">Gr\u00e2ce \u00e0 cette session de travail, plusieurs solutions ont \u00e9t\u00e9 retenues et continueront d&rsquo;\u00eatre travaill\u00e9es prochainement.<\/p>\n<\/div><figure class=\"wp-block-media-text__media\"><img loading=\"lazy\" decoding=\"async\" width=\"768\" height=\"1024\" src=\"https:\/\/ja33.fr\/wp-content\/uploads\/2025\/11\/IMG-20251119-WA0002-768x1024.jpg\" alt=\"\" class=\"wp-image-1680 size-full\" srcset=\"https:\/\/ja33.fr\/wp-content\/uploads\/2025\/11\/IMG-20251119-WA0002-768x1024.jpg 768w, https:\/\/ja33.fr\/wp-content\/uploads\/2025\/11\/IMG-20251119-WA0002-225x300.jpg 225w, https:\/\/ja33.fr\/wp-content\/uploads\/2025\/11\/IMG-20251119-WA0002.jpg 1200w\" sizes=\"(max-width: 768px) 100vw, 768px\" \/><\/figure><\/div>\n<\/div>\n<\/div>\n\n\n\n<h1 class=\"wp-block-heading has-text-align-center has-white-color has-text-color has-background has-link-color wp-elements-5b45362042106ac75c3b37b1a37be3d8\" style=\"background-color:#ab211b;margin-top:var(--wp--preset--spacing--small);margin-right:var(--wp--preset--spacing--small);margin-bottom:var(--wp--preset--spacing--small);margin-left:var(--wp--preset--spacing--small);padding-top:var(--wp--preset--spacing--small);padding-right:var(--wp--preset--spacing--small);padding-bottom:var(--wp--preset--spacing--small);padding-left:var(--wp--preset--spacing--small);font-size:clamp(24.034px, 1.502rem + ((1vw - 3.2px) * 1.413), 40px);\">OCTOBRE 2025<\/h1>\n\n\n\n<div class=\"wp-block-media-text is-stacked-on-mobile\" style=\"margin-top:var(--wp--preset--spacing--small);margin-right:var(--wp--preset--spacing--small);margin-bottom:var(--wp--preset--spacing--small);margin-left:var(--wp--preset--spacing--small);padding-top:var(--wp--preset--spacing--small);padding-right:var(--wp--preset--spacing--small);padding-bottom:var(--wp--preset--spacing--small);padding-left:var(--wp--preset--spacing--small);grid-template-columns:30% auto\"><figure class=\"wp-block-media-text__media\"><img loading=\"lazy\" decoding=\"async\" width=\"768\" height=\"1024\" src=\"https:\/\/ja33.fr\/wp-content\/uploads\/2025\/10\/IMG-20251014-WA0044-768x1024.jpg\" alt=\"\" class=\"wp-image-1647 size-full\" srcset=\"https:\/\/ja33.fr\/wp-content\/uploads\/2025\/10\/IMG-20251014-WA0044-768x1024.jpg 768w, https:\/\/ja33.fr\/wp-content\/uploads\/2025\/10\/IMG-20251014-WA0044-225x300.jpg 225w, https:\/\/ja33.fr\/wp-content\/uploads\/2025\/10\/IMG-20251014-WA0044.jpg 1500w\" sizes=\"(max-width: 768px) 100vw, 768px\" \/><\/figure><div class=\"wp-block-media-text__content\">\n<h1 class=\"wp-block-heading has-text-align-center has-tertiary-color has-text-color has-link-color wp-elements-a99d6a573896017191e10ededcaccf2e\"><strong>Stocks de vins aux ench\u00e8res : une fausse solution \u00e0 la crise&nbsp;!<\/strong><\/h1>\n\n\n\n<p class=\"has-lightgrey-background-color has-background has-small-font-size\">Jeudi 9 octobre, nous \u00e9tions pr\u00e9sent \u00e0 l\u2019H\u00f4tel des Ventes des Chartrons (Bordeaux) pour exprimer notre indignation face \u00e0 la mise en vente de lots de vins brad\u00e9s qui viendront fragiliser encore davantage un march\u00e9 d\u00e9j\u00e0 exsangue.<\/p>\n\n\n\n<p class=\"has-lightgrey-background-color has-background has-small-font-size\">Ces vins, vendus \u00e0 des prix d\u00e9risoires, tireront tout le march\u00e9 vers le bas et mettront une pression insoutenable sur les viticulteurs encore en activit\u00e9, d\u00e9j\u00e0 asphyxi\u00e9s par une crise sans pr\u00e9c\u00e9dent.<\/p>\n\n\n\n<p class=\"has-lightgrey-background-color has-background has-small-font-size\">Jeunes Agriculteurs de Gironde alerte le pr\u00e9fet depuis plusieurs mois et propose une mesure concr\u00e8te : <strong>que l\u2019\u00c9tat pr\u00e9empte les lots mis aux ench\u00e8res lorsque le prix du tonneau passe sous le seuil de la distillation.<\/strong><\/p>\n\n\n\n<p class=\"has-lightgrey-background-color has-background has-small-font-size\">Nous demandons \u00e9galement la possibilit\u00e9 pour les distillateurs de revendre l\u2019alcool pur aux fabricants de biocarburants, afin d\u2019assainir durablement le march\u00e9.<\/p>\n\n\n\n<p class=\"has-lightgrey-background-color has-background has-small-font-size\">Ces solutions existent, elles sont r\u00e9alistes et justes. Elles permettraient de soutenir les exploitations en difficult\u00e9 tout en stabilisant le march\u00e9 et en garantissant un revenu \u00e9quitable \u00e0 ceux qui continuent de produire.<\/p>\n<\/div><\/div>\n\n\n\n<h1 class=\"wp-block-heading has-text-align-center has-white-color has-text-color has-background has-link-color wp-elements-29df812388b5fdde68c24cea47fc0976\" style=\"background-color:#ab211b;margin-top:var(--wp--preset--spacing--small);margin-right:var(--wp--preset--spacing--small);margin-bottom:var(--wp--preset--spacing--small);margin-left:var(--wp--preset--spacing--small);padding-top:var(--wp--preset--spacing--small);padding-right:var(--wp--preset--spacing--small);padding-bottom:var(--wp--preset--spacing--small);padding-left:var(--wp--preset--spacing--small);font-size:clamp(24.034px, 1.502rem + ((1vw - 3.2px) * 1.413), 40px);\">SEPTEMBRE 2025<\/h1>\n\n\n\n<div class=\"wp-block-columns is-layout-flex wp-container-core-columns-is-layout-a5fa5cc0 wp-block-columns-is-layout-flex\" style=\"border-style:none;border-width:0px;margin-top:var(--wp--preset--spacing--small);margin-bottom:var(--wp--preset--spacing--small);padding-top:var(--wp--preset--spacing--small);padding-right:var(--wp--preset--spacing--small);padding-bottom:var(--wp--preset--spacing--small);padding-left:var(--wp--preset--spacing--small)\">\n<div class=\"wp-block-column is-layout-flow wp-block-column-is-layout-flow\">\n<figure class=\"wp-block-image size-large\"><img loading=\"lazy\" decoding=\"async\" width=\"724\" height=\"1024\" src=\"https:\/\/ja33.fr\/wp-content\/uploads\/2025\/09\/Lettre-ouverte_Nimportons_pas_ce_quon_ne_produit_pas_page-0001-724x1024.jpg\" alt=\"\" class=\"wp-image-1639\" srcset=\"https:\/\/ja33.fr\/wp-content\/uploads\/2025\/09\/Lettre-ouverte_Nimportons_pas_ce_quon_ne_produit_pas_page-0001-724x1024.jpg 724w, https:\/\/ja33.fr\/wp-content\/uploads\/2025\/09\/Lettre-ouverte_Nimportons_pas_ce_quon_ne_produit_pas_page-0001-212x300.jpg 212w, https:\/\/ja33.fr\/wp-content\/uploads\/2025\/09\/Lettre-ouverte_Nimportons_pas_ce_quon_ne_produit_pas_page-0001.jpg 1241w\" sizes=\"(max-width: 724px) 100vw, 724px\" \/><\/figure>\n<\/div>\n\n\n\n<div class=\"wp-block-column is-layout-flow wp-block-column-is-layout-flow\">\n<figure class=\"wp-block-image size-large\"><img loading=\"lazy\" decoding=\"async\" width=\"724\" height=\"1024\" src=\"https:\/\/ja33.fr\/wp-content\/uploads\/2025\/09\/Lettre-ouverte_Nimportons_pas_ce_quon_ne_produit_pas_page-0002-724x1024.jpg\" alt=\"\" class=\"wp-image-1640\" srcset=\"https:\/\/ja33.fr\/wp-content\/uploads\/2025\/09\/Lettre-ouverte_Nimportons_pas_ce_quon_ne_produit_pas_page-0002-724x1024.jpg 724w, https:\/\/ja33.fr\/wp-content\/uploads\/2025\/09\/Lettre-ouverte_Nimportons_pas_ce_quon_ne_produit_pas_page-0002-212x300.jpg 212w, https:\/\/ja33.fr\/wp-content\/uploads\/2025\/09\/Lettre-ouverte_Nimportons_pas_ce_quon_ne_produit_pas_page-0002.jpg 1241w\" sizes=\"(max-width: 724px) 100vw, 724px\" \/><\/figure>\n<\/div>\n<\/div>\n\n\n\n<h2 class=\"wp-block-heading has-text-align-center has-white-color has-text-color has-background has-link-color wp-elements-f55c26c487582e6e582853a2e25c7642\" style=\"background-color:#ab211b;margin-top:var(--wp--preset--spacing--small);margin-right:var(--wp--preset--spacing--small);margin-bottom:var(--wp--preset--spacing--small);margin-left:var(--wp--preset--spacing--small);padding-top:var(--wp--preset--spacing--small);padding-right:var(--wp--preset--spacing--small);padding-bottom:var(--wp--preset--spacing--small);padding-left:var(--wp--preset--spacing--small);font-size:clamp(24.034px, 1.502rem + ((1vw - 3.2px) * 1.413), 40px);\">JUILLET 2025<\/h2>\n\n\n\n<div class=\"wp-block-media-text is-stacked-on-mobile is-vertically-aligned-center\" style=\"margin-top:var(--wp--preset--spacing--small);margin-right:var(--wp--preset--spacing--small);margin-bottom:var(--wp--preset--spacing--small);margin-left:var(--wp--preset--spacing--small);padding-top:var(--wp--preset--spacing--small);padding-right:var(--wp--preset--spacing--small);padding-bottom:var(--wp--preset--spacing--small);padding-left:var(--wp--preset--spacing--small);grid-template-columns:30% auto\"><figure class=\"wp-block-media-text__media\"><img loading=\"lazy\" decoding=\"async\" width=\"771\" height=\"1024\" src=\"https:\/\/ja33.fr\/wp-content\/uploads\/2025\/08\/IMG-20250712-WA0040-771x1024.jpg\" alt=\"\" class=\"wp-image-1613 size-full\" srcset=\"https:\/\/ja33.fr\/wp-content\/uploads\/2025\/08\/IMG-20250712-WA0040-771x1024.jpg 771w, https:\/\/ja33.fr\/wp-content\/uploads\/2025\/08\/IMG-20250712-WA0040-226x300.jpg 226w, https:\/\/ja33.fr\/wp-content\/uploads\/2025\/08\/IMG-20250712-WA0040.jpg 1204w\" sizes=\"(max-width: 771px) 100vw, 771px\" \/><\/figure><div class=\"wp-block-media-text__content\">\n<h1 class=\"wp-block-heading has-text-align-center has-tertiary-color has-text-color has-link-color wp-elements-7e04841d47195714308958a3ec6310b8\">Mobilisation syndicale devant des LIDL<\/h1>\n\n\n\n<p class=\"has-lightgrey-background-color has-background has-small-font-size\">Apr\u00e8s avoir cibl\u00e9 les magasins Aldi, son concurrent Lidl a \u00e9galement \u00e9t\u00e9 la cible d&rsquo;une action syndicale le samedi 12 juillet \u00e0 l&rsquo;aube.<\/p>\n\n\n\n<p class=\"has-lightgrey-background-color has-background has-small-font-size\">Cela faisait suite \u00e0 une promotion r\u00e9alis\u00e9e sur l&rsquo;une de leurs bouteilles de vin. En effet, cette derni\u00e8re revenait au consommateur \u00e0 1.39 \u20ac. Un prix totalement affligeant et qui participe au d\u00e9r\u00e8glement du march\u00e9.&nbsp;<\/p>\n\n\n\n<p class=\"has-lightgrey-background-color has-background has-small-font-size\">Comme pour l&rsquo;action avec Aldi, des pieds de vigne arrach\u00e9s ont \u00e9t\u00e9 d\u00e9vers\u00e9s et des banderoles ont \u00e9t\u00e9 accroch\u00e9es. Plusieurs magasins furent cibl\u00e9s : Langon, La R\u00e9ole, Coutras, Lesparre et Saint-Andr\u00e9 de Cubzac.<\/p>\n\n\n\n<p class=\"has-lightgrey-background-color has-background has-small-font-size\">En multipliant ce genre d\u2019op\u00e9rations commerciales, LIDL contribue activement \u00e0 l\u2019effondrement de la viticulture fran\u00e7aise, tout en pr\u00e9tendant soutenir le monde agricole.<\/p>\n\n\n\n<p class=\"has-lightgrey-background-color has-background has-small-font-size\">Ainsi, comme avec Aldi, nous avons rappel\u00e9 aux acteurs du territoire \u2013 \u00e9lus, consommateurs, citoyens \u2013 \u00e0 prendre leurs responsabilit\u00e9s. Soutenir l\u2019agriculture, c\u2019est aussi consommer de mani\u00e8re coh\u00e9rente, respectueuse de ceux qui nourrissent et cultivent ce pays.<\/p>\n<\/div><\/div>\n\n\n\n<hr class=\"wp-block-separator has-alpha-channel-opacity\"\/>\n\n\n\n<div class=\"wp-block-media-text has-media-on-the-right is-stacked-on-mobile is-vertically-aligned-center\" style=\"margin-top:var(--wp--preset--spacing--small);margin-right:var(--wp--preset--spacing--small);margin-bottom:var(--wp--preset--spacing--small);margin-left:var(--wp--preset--spacing--small);padding-top:var(--wp--preset--spacing--small);padding-right:var(--wp--preset--spacing--small);padding-bottom:var(--wp--preset--spacing--small);padding-left:var(--wp--preset--spacing--small);grid-template-columns:auto 40%\"><div class=\"wp-block-media-text__content\">\n<h1 class=\"wp-block-heading has-text-align-center has-tertiary-color has-text-color has-link-color has-large-font-size wp-elements-7d4ffc0d333717f036c9ea5aee203f5b\">Loi Duplomb<\/h1>\n\n\n\n<p class=\"has-lightgrey-background-color has-background has-small-font-size\">D\u00e9but juillet, les d\u00e9put\u00e9s ont adopt\u00e9 la loi Duplomb. Cette proposition de loi vise \u00e0 donner aux agriculteurs les moyens de produire. Elle est donc essentielle pour r\u00e9pondre concr\u00e8tement aux attentes des agriculteurs et apporter des solutions \u00e0 la profonde crise qu\u2019ils traversent.&nbsp;<\/p>\n\n\n\n<p class=\"has-lightgrey-background-color has-background has-small-font-size\">Cette victoire pour le monde agricole ne fut, malheureusement, que de courte dur\u00e9e. En effet, une p\u00e9tition est rapidement apparue. Cette derni\u00e8re, relay\u00e9e par de nombreuses personnalit\u00e9s publiques a d\u00e9pass\u00e9 les deux millions de signatures. Par cons\u00e9quent, le Conseil constitutionnel a d\u00e9cid\u00e9 de censurer certains articles et notamment celui au coeur des controverses, l&rsquo;article 2 : <strong>N\u00e9onicotino\u00efdes et assimil\u00e9s<\/strong>.<\/p>\n\n\n\n<p class=\"has-lightgrey-background-color has-background has-small-font-size\">Malgr\u00e9 la censure de ces articles, le vote de cette loi n&rsquo;en reste pas moins une victoire importante pour les r\u00e9seaux JA et FNSEA.&nbsp;<\/p>\n<\/div><figure class=\"wp-block-media-text__media\"><img loading=\"lazy\" decoding=\"async\" width=\"612\" height=\"473\" src=\"https:\/\/ja33.fr\/wp-content\/uploads\/2025\/08\/istockphoto-480259633-612x612-1.jpg\" alt=\"\" class=\"wp-image-1615 size-full\" srcset=\"https:\/\/ja33.fr\/wp-content\/uploads\/2025\/08\/istockphoto-480259633-612x612-1.jpg 612w, https:\/\/ja33.fr\/wp-content\/uploads\/2025\/08\/istockphoto-480259633-612x612-1-300x232.jpg 300w\" sizes=\"(max-width: 612px) 100vw, 612px\" \/><\/figure><\/div>\n\n\n\n<h2 class=\"wp-block-heading has-text-align-center has-white-color has-text-color has-background has-link-color wp-elements-958e06905b49e8cdd6740b6c39eaad76\" style=\"background-color:#ab211b;margin-top:var(--wp--preset--spacing--small);margin-right:var(--wp--preset--spacing--small);margin-bottom:var(--wp--preset--spacing--small);margin-left:var(--wp--preset--spacing--small);padding-top:var(--wp--preset--spacing--small);padding-right:var(--wp--preset--spacing--small);padding-bottom:var(--wp--preset--spacing--small);padding-left:var(--wp--preset--spacing--small);font-size:clamp(24.034px, 1.502rem + ((1vw - 3.2px) * 1.413), 40px);\">JUIN 2025<\/h2>\n\n\n\n<div class=\"wp-block-media-text is-stacked-on-mobile is-vertically-aligned-center\" style=\"margin-top:var(--wp--preset--spacing--small);margin-right:var(--wp--preset--spacing--small);margin-bottom:var(--wp--preset--spacing--small);margin-left:var(--wp--preset--spacing--small);padding-top:var(--wp--preset--spacing--small);padding-right:var(--wp--preset--spacing--small);padding-bottom:var(--wp--preset--spacing--small);padding-left:var(--wp--preset--spacing--small);grid-template-columns:40% auto\"><figure class=\"wp-block-media-text__media\"><img loading=\"lazy\" decoding=\"async\" width=\"1024\" height=\"768\" src=\"https:\/\/ja33.fr\/wp-content\/uploads\/2025\/08\/WhatsApp-Image-2025-06-18-a-06.54.58_6e38ad00-1024x768.jpg\" alt=\"\" class=\"wp-image-1616 size-full\" srcset=\"https:\/\/ja33.fr\/wp-content\/uploads\/2025\/08\/WhatsApp-Image-2025-06-18-a-06.54.58_6e38ad00-1024x768.jpg 1024w, https:\/\/ja33.fr\/wp-content\/uploads\/2025\/08\/WhatsApp-Image-2025-06-18-a-06.54.58_6e38ad00-300x225.jpg 300w, https:\/\/ja33.fr\/wp-content\/uploads\/2025\/08\/WhatsApp-Image-2025-06-18-a-06.54.58_6e38ad00.jpg 1600w\" sizes=\"(max-width: 1024px) 100vw, 1024px\" \/><\/figure><div class=\"wp-block-media-text__content\">\n<h1 class=\"wp-block-heading has-text-align-center has-tertiary-color has-text-color has-link-color has-large-font-size wp-elements-3f2fb27c7dc6c27886fb5a0e13df8963\">Mobilisation syndicale devant l&rsquo;enseigne ALDI<\/h1>\n\n\n\n<p class=\"has-lightgrey-background-color has-background has-small-font-size\">Mercredi 18 juin 2025, notre syndicat a men\u00e9 plusieurs actions contre des magasins de l\u2019enseigne ALDI. Des pieds de vigne et des banderoles ont \u00e9t\u00e9 d\u00e9pos\u00e9s en signe de protestation. Ces actions font suites aux propos de Roger ANTHONY, acheteur bi\u00e8res, vins et spiritueux d\u2019Aldi France &#8211; \u00ab \u00c0 1,99 \u20ac un Bordeaux ou un C\u00f4tes-du-Rh\u00f4ne, c\u2019est encore r\u00e9mun\u00e9rateur, on respecte le viticulteur \u00bb .<\/p>\n\n\n\n<p class=\"has-lightgrey-background-color has-background has-small-font-size\">Il est n\u00e9cessaire de rappeler que la vente de bouteilles de vin de Bordeaux \u00e0 moins de 3 \u20ac, un prix inf\u00e9rieur au co\u00fbt de production, met en p\u00e9ril des milliers d\u2019exploitations viticoles girondines.<\/p>\n\n\n\n<p class=\"has-lightgrey-background-color has-background has-small-font-size\">Nous appelons la grande distribution \u00e0 assumer ses responsabilit\u00e9s en garantissant des prix d\u2019achat justes, permettant aux viticulteurs de vivre dignement de leur travail. Vendre un vin \u00e0 son juste prix, c\u2019est pr\u00e9server son image, sa qualit\u00e9 et l\u2019avenir d\u2019un patrimoine culturel et agricole. C\u2019est aussi pr\u00e9server les emplois de toute une fili\u00e8re, premi\u00e8re employeuse de main d\u2019\u0153uvre en Gironde.<\/p>\n<\/div><\/div>\n\n\n\n<h2 class=\"wp-block-heading has-text-align-center has-white-color has-text-color has-background has-link-color wp-elements-c0758381bac7a6e76463ad801fee1f32\" style=\"background-color:#ab211b;margin-top:var(--wp--preset--spacing--small);margin-right:var(--wp--preset--spacing--small);margin-bottom:var(--wp--preset--spacing--small);margin-left:var(--wp--preset--spacing--small);padding-top:var(--wp--preset--spacing--small);padding-right:var(--wp--preset--spacing--small);padding-bottom:var(--wp--preset--spacing--small);padding-left:var(--wp--preset--spacing--small);font-size:clamp(24.034px, 1.502rem + ((1vw - 3.2px) * 1.413), 40px);\">MAI 2025<\/h2>\n\n\n\n<div class=\"wp-block-media-text has-media-on-the-right is-stacked-on-mobile\" style=\"margin-top:var(--wp--preset--spacing--small);margin-right:var(--wp--preset--spacing--small);margin-bottom:var(--wp--preset--spacing--small);margin-left:var(--wp--preset--spacing--small);padding-top:var(--wp--preset--spacing--small);padding-right:var(--wp--preset--spacing--small);padding-bottom:var(--wp--preset--spacing--small);padding-left:var(--wp--preset--spacing--small)\"><div class=\"wp-block-media-text__content\">\n<h1 class=\"wp-block-heading has-text-align-center has-tertiary-color has-text-color has-link-color has-large-font-size wp-elements-eae3943dadb4a7b639a269d65a5baae7\">Mobilisation PPL \u00ab\u00a0Contraintes\u00a0\u00bb<\/h1>\n\n\n\n<p class=\"has-lightgrey-background-color has-background has-small-font-size\">Lundi 26 mai, JA33 et FNSEA33 sont all\u00e9s \u00e0 la rencontre du pr\u00e9fet de la Gironde, \u00c9tienne Guyot, lors d&rsquo;une manifestation afin de soutenir le projet de loi visant \u00e0 lever les contraintes&nbsp;en&nbsp;Agriculture. Ce dernier les a re\u00e7us lors d\u2019une r\u00e9union exceptionnelle dans les locaux de la pr\u00e9fecture.<\/p>\n\n\n\n<p class=\"has-lightgrey-background-color has-background has-small-font-size\">Les \u00e9lus des deux syndicats ont interpell\u00e9 le pr\u00e9fet sur de nombreux sujets tels que l\u2019Eau, Egalim, la viticulture ou encore la concurrence d\u00e9loyale des pays \u00e9trangers via les importations.<\/p>\n\n\n\n<p class=\"has-lightgrey-background-color has-background has-small-font-size\">Le pr\u00e9fet a affirm\u00e9 entendre et comprendre cette col\u00e8re, et s&rsquo;est engag\u00e9 \u00e0 faire remonter toutes ces inqui\u00e9tudes majeures pour le monde agricole.<\/p>\n\n\n\n<p class=\"has-lightgrey-background-color has-background has-small-font-size\">Les r\u00e9seaux JA et FNSEA de la Gironde restent mobilis\u00e9s, et suivent attentivement l\u2019\u00e9volution de la situation.<\/p>\n<\/div><figure class=\"wp-block-media-text__media\"><img loading=\"lazy\" decoding=\"async\" width=\"1024\" height=\"587\" src=\"https:\/\/ja33.fr\/wp-content\/uploads\/2025\/05\/manif-26-mai-1024x587.jpg\" alt=\"\" class=\"wp-image-1597 size-full\" srcset=\"https:\/\/ja33.fr\/wp-content\/uploads\/2025\/05\/manif-26-mai-1024x587.jpg 1024w, https:\/\/ja33.fr\/wp-content\/uploads\/2025\/05\/manif-26-mai-300x172.jpg 300w, https:\/\/ja33.fr\/wp-content\/uploads\/2025\/05\/manif-26-mai.jpg 1600w\" sizes=\"(max-width: 1024px) 100vw, 1024px\" \/><\/figure><\/div>\n\n\n\n<h1 class=\"wp-block-heading has-text-align-center has-white-color has-text-color has-background has-link-color wp-elements-2bde3cb8f324345424ee8caa5cd32d9b\" style=\"background-color:#ab211b;margin-top:var(--wp--preset--spacing--small);margin-right:var(--wp--preset--spacing--small);margin-bottom:var(--wp--preset--spacing--small);margin-left:var(--wp--preset--spacing--small);padding-top:var(--wp--preset--spacing--small);padding-right:var(--wp--preset--spacing--small);padding-bottom:var(--wp--preset--spacing--small);padding-left:var(--wp--preset--spacing--small);font-size:clamp(24.034px, 1.502rem + ((1vw - 3.2px) * 1.413), 40px);\">MARS 2025<\/h1>\n\n\n\n<div class=\"wp-block-media-text is-stacked-on-mobile\" style=\"margin-top:var(--wp--preset--spacing--small);margin-right:var(--wp--preset--spacing--small);margin-bottom:var(--wp--preset--spacing--small);margin-left:var(--wp--preset--spacing--small);padding-top:var(--wp--preset--spacing--small);padding-right:var(--wp--preset--spacing--small);padding-bottom:var(--wp--preset--spacing--small);padding-left:var(--wp--preset--spacing--small);grid-template-columns:30% auto\"><figure class=\"wp-block-media-text__media\"><img loading=\"lazy\" decoding=\"async\" width=\"768\" height=\"1024\" src=\"https:\/\/ja33.fr\/wp-content\/uploads\/2025\/04\/IMG_6013-768x1024.jpg\" alt=\"\" class=\"wp-image-1586 size-full\" srcset=\"https:\/\/ja33.fr\/wp-content\/uploads\/2025\/04\/IMG_6013-768x1024.jpg 768w, https:\/\/ja33.fr\/wp-content\/uploads\/2025\/04\/IMG_6013-225x300.jpg 225w, https:\/\/ja33.fr\/wp-content\/uploads\/2025\/04\/IMG_6013-2000x2667.jpg 2000w, https:\/\/ja33.fr\/wp-content\/uploads\/2025\/04\/IMG_6013-scaled.jpg 1920w\" sizes=\"(max-width: 768px) 100vw, 768px\" \/><\/figure><div class=\"wp-block-media-text__content\">\n<h1 class=\"wp-block-heading has-text-align-center has-tertiary-color has-text-color has-link-color has-large-font-size wp-elements-86113643fc7e3794672efb67e4080b8d\"><strong>9 M\u20ac d&rsquo;aides aux jeunes viticulteurs<\/strong><\/h1>\n\n\n\n<p class=\"has-primary-color has-lightgrey-background-color has-text-color has-background has-link-color has-small-font-size wp-elements-7524b43a7b4383b3c9fb9a917efb9bcc\">Jeudi 20 mars, la ministre de l&rsquo;Agriculture et de la Souverainet\u00e9 alimentaire, Annie Genevard, \u00e9tait pr\u00e9sente chez Vincent Bousseau (Ch\u00e2teau de l&rsquo;Hurbe, Saint-Laurent d&rsquo;Arce) pour annoncer officiellement l&rsquo;attribution de 9 millions d&rsquo;euros d&rsquo;aides aux viticulteurs.<\/p>\n\n\n\n<p class=\"has-lightgrey-background-color has-background has-small-font-size\">La ministre a pu d\u00e9couvrir l&rsquo;exploitation de Vincent Bousseau, mais aussi d\u00e9guster quelques-uns de ses produits. Cette visite a \u00e9galement \u00e9t\u00e9 l&rsquo;occasion pour nos JA d\u2019\u00e9changer avec la ministre et de partager leurs inqui\u00e9tudes face \u00e0 la situation viticole actuelle.<\/p>\n\n\n\n<p class=\"has-lightgrey-background-color has-background has-small-font-size\">De fa\u00e7on plus globale, cette nouvelle aide de 9 millions d&rsquo;euros adress\u00e9e aux viticulteurs, a \u00e9t\u00e9 n\u00e9goci\u00e9e et obtenue gr\u00e2ce au r\u00e9seau JA.<\/p>\n\n\n\n<p class=\"has-lightgrey-background-color has-background has-small-font-size\">Les 9 millions d\u2019euros seront redistribu\u00e9s aux viticulteurs remplissant les conditions suivantes :<\/p>\n\n\n\n<ul class=\"wp-block-list has-lightgrey-background-color has-background has-small-font-size\">\n<li class=\"has-small-font-size\">Avoir subi une perte de r\u00e9colte ou d&rsquo;EBE d&rsquo;au moins 20 %<\/li>\n\n\n\n<li class=\"has-small-font-size\">S&rsquo;\u00eatre install\u00e9 avant l&rsquo;\u00e2ge de 40 ans<\/li>\n\n\n\n<li class=\"has-small-font-size\">\u00catre install\u00e9 depuis moins de 5 ans<\/li>\n<\/ul>\n<\/div><\/div>\n\n\n\n<h1 class=\"wp-block-heading has-text-align-center has-white-color has-text-color has-background has-link-color wp-elements-181c83371281af176505797943e88b24\" style=\"background-color:#ab211b;margin-top:var(--wp--preset--spacing--small);margin-right:var(--wp--preset--spacing--small);margin-bottom:var(--wp--preset--spacing--small);margin-left:var(--wp--preset--spacing--small);padding-top:var(--wp--preset--spacing--small);padding-right:var(--wp--preset--spacing--small);padding-bottom:var(--wp--preset--spacing--small);padding-left:var(--wp--preset--spacing--small);font-size:clamp(24.034px, 1.502rem + ((1vw - 3.2px) * 1.413), 40px);\">FEVRIER 2025<\/h1>\n\n\n\n<h1 class=\"wp-block-heading has-text-align-center has-tertiary-color has-text-color has-link-color has-large-font-size wp-elements-912f72515a42a5dae113c83708b40e7d\">ECA 2025<\/h1>\n\n\n\n<p class=\"has-lightgrey-background-color has-background has-small-font-size\" style=\"border-style:none;border-width:0px;margin-top:var(--wp--preset--spacing--small);margin-right:var(--wp--preset--spacing--small);margin-bottom:var(--wp--preset--spacing--small);margin-left:var(--wp--preset--spacing--small);padding-top:var(--wp--preset--spacing--small);padding-right:var(--wp--preset--spacing--small);padding-bottom:var(--wp--preset--spacing--small);padding-left:var(--wp--preset--spacing--small)\">La Chambre d\u2019Agriculture de Gironde pr\u00e9sid\u00e9e par la liste JA et FNSEA&nbsp;!<br><br>Apr\u00e8s les \u00e9lections du mois de janvier dernier, mardi 25 f\u00e9vrier 2025, se tenait la session d\u2019installation de la nouvelle Chambre d\u2019Agriculture de la Gironde. Au terme du scrutin, Jean-Samuel Eynard a \u00e9t\u00e9 \u00e9lu, \u00e0 la majorit\u00e9 absolue d\u00e8s le 1<sup>er<\/sup> tour, pr\u00e9sident de la Chambre d\u2019Agriculture de Gironde. Le pr\u00e9sident des JA33, C\u00e9dric Pointet, sera le 2<sup>e<\/sup> vice-pr\u00e9sident de la Chambre d\u2019Agriculture de Gironde.<br><br>Autour des \u00e9lus issus de JA33 et de la FNSEA33, les responsables professionnels en place veilleront \u00e0 un fonctionnement \u00e9quilibr\u00e9 de la chambre d\u2019agriculture, \u00e0 discuter d\u2019\u00e9gal \u00e0 \u00e9gal avec les administrations et les collectivit\u00e9s territoriales, de mettre en \u0153uvre les politiques publiques dont la gestion s\u2019impose aux chambres consulaires, d\u2019initier et mettre en \u0153uvre les exp\u00e9rimentations et l\u2019accompagnement conseil des exploitations agricoles pour les aider \u00e0 s\u2019adapter aux incontournables \u00e9volutions des march\u00e9s, aux \u00e9volutions climatiques ou encore soci\u00e9tales\u2026<br><br>Ensemble, JA33 et FNSEA33 continuerons d&rsquo;\u0153uvrer pour accompagner, d\u00e9fendre et conseiller les agriculteurs girondins<\/p>\n\n\n\n<h1 class=\"wp-block-heading has-text-align-center has-white-color has-text-color has-background has-link-color wp-elements-a517f38819db8a7df4dcf1e60ac3003a\" style=\"background-color:#ab211b;margin-top:var(--wp--preset--spacing--small);margin-right:var(--wp--preset--spacing--small);margin-bottom:var(--wp--preset--spacing--small);margin-left:var(--wp--preset--spacing--small);padding-top:var(--wp--preset--spacing--small);padding-right:var(--wp--preset--spacing--small);padding-bottom:var(--wp--preset--spacing--small);padding-left:var(--wp--preset--spacing--small);font-size:clamp(24.034px, 1.502rem + ((1vw - 3.2px) * 1.413), 40px);\">NOVEMBRE 2024<\/h1>\n\n\n\n<div class=\"wp-block-media-text is-stacked-on-mobile\" style=\"margin-top:var(--wp--preset--spacing--small);margin-right:var(--wp--preset--spacing--small);margin-bottom:var(--wp--preset--spacing--small);margin-left:var(--wp--preset--spacing--small);padding-top:var(--wp--preset--spacing--small);padding-right:var(--wp--preset--spacing--small);padding-bottom:var(--wp--preset--spacing--small);padding-left:var(--wp--preset--spacing--small);grid-template-columns:38% auto\"><figure class=\"wp-block-media-text__media\"><video controls src=\"https:\/\/ja33.fr\/wp-content\/uploads\/2024\/11\/Les-feux-de-la-colere-V2.mp4\"><\/video><\/figure><div class=\"wp-block-media-text__content\">\n<h1 class=\"wp-block-heading has-text-align-center has-tertiary-color has-text-color has-link-color has-large-font-size wp-elements-050aaaad5b91b0761b79f2ad46073a22\"><strong>Les feux de la col\u00e8re<\/strong><\/h1>\n\n\n\n<p class=\"has-lightgrey-background-color has-background has-small-font-size\">Le 18 novembre \u00e0 Bordeaux, sur les Chartrons, une centaine d&rsquo;adh\u00e9rents JA et FNSEA \u00e9taient pr\u00e9sents pour une mobilisation autour d&rsquo;un feu de la col\u00e8re.<br>Ce feu symbolique servait \u00e0 exprimer la col\u00e8re et le refus des agriculteurs de voir le trait\u00e9 du Mercosur ratifi\u00e9.<\/p>\n\n\n\n<h2 class=\"wp-block-heading has-primary-color has-text-color has-link-color has-medium-font-size wp-elements-ba6d45e3b921b672f1112e28d4555c43\"><strong>Pourquoi JA s&rsquo;oppose au trait\u00e9 du Mercosur ?<\/strong><\/h2>\n\n\n\n<p class=\"has-lightgrey-background-color has-background has-small-font-size\">Pour rappel&nbsp;: le Mercosur est un trait\u00e9 visant \u00e0 faciliter les \u00e9changes commerciaux entre l\u2019Europe et les pays d\u2019Am\u00e9rique du Sud. Or, si ce trait\u00e9 est ratifi\u00e9 par l\u2019UE, cela aura des cons\u00e9quences importantes sur l\u2019agriculture fran\u00e7aise.<\/p>\n\n\n\n<p class=\"has-lightgrey-background-color has-background has-small-font-size\">Le Mercosur c&rsquo;est l&rsquo;importation de 99 000 tonnes de viandes bovines, 180 000 tonnes de viandes de volailles, de 3,4 millions de tonnes de ma\u00efs, 180 000 tonnes de sucre, 8,2 Mhl de biocarburants (soit la moiti\u00e9 de la production fran\u00e7aise).&nbsp;<\/p>\n\n\n\n<p class=\"has-lightgrey-background-color has-background has-small-font-size\">De plus, tous ces produits import\u00e9s ne respectent pas les conditions de production IMPOSEES \u00e0 nos agriculteurs. Par exemple, ces marchandises sont produites \u00e0 partir d\u2019antibiotiques activateurs de croissance, de substances actives phytosanitaires interdites en France dont certaines depuis plus de 20 ans. Ces productions entrainent \u00e9galement l\u2019absence de droit social ou encore de la d\u00e9forestation.<\/p>\n\n\n\n<h2 class=\"wp-block-heading has-text-align-left has-medium-font-size\"><strong>Plus g\u00e9n\u00e9ralement, avec ce feu de la col\u00e8re JA et FNSEA exigent :&nbsp;<\/strong><\/h2>\n\n\n\n<ul class=\"wp-block-list has-lightgrey-background-color has-background has-small-font-size\">\n<li>Des mesures conjoncturelles et de tr\u00e9sorerie<\/li>\n\n\n\n<li>Une simplification administrative drastique<\/li>\n\n\n\n<li>Des lois pour retrouver le go\u00fbt d&rsquo;entreprendre<\/li>\n\n\n\n<li>Stop aux incoh\u00e9rences europ\u00e9ennes et mondiales<\/li>\n<\/ul>\n<\/div><\/div>\n\n\n\n<h1 class=\"wp-block-heading has-text-align-center has-white-color has-text-color has-background has-link-color wp-elements-24cfbc442e128a28f324c6ef29ede469\" style=\"background-color:#ab211b;margin-top:var(--wp--preset--spacing--small);margin-right:var(--wp--preset--spacing--small);margin-bottom:var(--wp--preset--spacing--small);margin-left:var(--wp--preset--spacing--small);padding-top:var(--wp--preset--spacing--small);padding-right:var(--wp--preset--spacing--small);padding-bottom:var(--wp--preset--spacing--small);padding-left:var(--wp--preset--spacing--small);font-size:clamp(24.034px, 1.502rem + ((1vw - 3.2px) * 1.413), 40px);\">OCTOBRE 2024<\/h1>\n\n\n\n<div class=\"wp-block-media-text has-media-on-the-right is-stacked-on-mobile\" style=\"margin-top:var(--wp--preset--spacing--small);margin-right:var(--wp--preset--spacing--small);margin-bottom:var(--wp--preset--spacing--small);margin-left:var(--wp--preset--spacing--small);padding-top:var(--wp--preset--spacing--small);padding-right:var(--wp--preset--spacing--small);padding-bottom:var(--wp--preset--spacing--small);padding-left:var(--wp--preset--spacing--small);grid-template-columns:auto 44%\"><div class=\"wp-block-media-text__content\">\n<h1 class=\"wp-block-heading has-text-align-center has-tertiary-color has-text-color has-link-color has-large-font-size wp-elements-eb9a00ceffa77ee76a44733813b4d4cf\"><strong>Les JA de nouveaux mobilis\u00e9s<\/strong><\/h1>\n\n\n\n<p class=\"has-lightgrey-background-color has-background has-small-font-size\">Du 22 au 24 octobre 2024, nous avons r\u00e9alis\u00e9 des actions de protestations au quatre coins du d\u00e9partement. <\/p>\n\n\n\n<p class=\"has-lightgrey-background-color has-background has-small-font-size\">Des panneaux ont \u00e9t\u00e9 \u00e9chang\u00e9s entre diff\u00e9rentes communes et des banderoles &amp; pendus ont \u00e9t\u00e9 install\u00e9s sur des ponts ou des ronds-points. <\/p>\n\n\n\n<p class=\"has-lightgrey-background-color has-background has-small-font-size\">Derri\u00e8re ces mobilisations, nous alertons (encore une fois) sur la d\u00e9tresse du monde agricole et l&rsquo;inaction du Gouvernement ! PAS DE PAYS SANS PAYSAN !<\/p>\n<\/div><figure class=\"wp-block-media-text__media\"><img loading=\"lazy\" decoding=\"async\" width=\"1024\" height=\"736\" src=\"https:\/\/ja33.fr\/wp-content\/uploads\/2024\/10\/9e533291-82e6-45c9-9449-1181fc8c6fb2-e1730113999291-1024x736.jpg\" alt=\"\" class=\"wp-image-1480 size-full\" srcset=\"https:\/\/ja33.fr\/wp-content\/uploads\/2024\/10\/9e533291-82e6-45c9-9449-1181fc8c6fb2-e1730113999291-1024x736.jpg 1024w, https:\/\/ja33.fr\/wp-content\/uploads\/2024\/10\/9e533291-82e6-45c9-9449-1181fc8c6fb2-e1730113999291-300x216.jpg 300w, https:\/\/ja33.fr\/wp-content\/uploads\/2024\/10\/9e533291-82e6-45c9-9449-1181fc8c6fb2-e1730113999291-768x552.jpg 768w, https:\/\/ja33.fr\/wp-content\/uploads\/2024\/10\/9e533291-82e6-45c9-9449-1181fc8c6fb2-e1730113999291.jpg 1194w\" sizes=\"(max-width: 1024px) 100vw, 1024px\" \/><\/figure><\/div>\n\n\n\n<h1 class=\"wp-block-heading has-text-align-center has-white-color has-text-color has-background has-link-color wp-elements-54cefef84f8ef8ab80f1ecffb56a2924\" style=\"background-color:#ab211b;margin-top:var(--wp--preset--spacing--small);margin-right:var(--wp--preset--spacing--small);margin-bottom:var(--wp--preset--spacing--small);margin-left:var(--wp--preset--spacing--small);padding-top:var(--wp--preset--spacing--small);padding-right:var(--wp--preset--spacing--small);padding-bottom:var(--wp--preset--spacing--small);padding-left:var(--wp--preset--spacing--small);font-size:clamp(24.034px, 1.502rem + ((1vw - 3.2px) * 1.413), 40px);\">SEPTEMBRE 2024<\/h1>\n\n\n\n<div class=\"wp-block-media-text is-stacked-on-mobile is-image-fill-element\"><figure class=\"wp-block-media-text__media\"><img loading=\"lazy\" decoding=\"async\" width=\"952\" height=\"786\" src=\"https:\/\/ja33.fr\/wp-content\/uploads\/2024\/10\/IMG_5136-e1728639459357.jpg\" alt=\"\" class=\"wp-image-1463 size-full\" style=\"object-position:50% 50%\" srcset=\"https:\/\/ja33.fr\/wp-content\/uploads\/2024\/10\/IMG_5136-e1728639459357.jpg 952w, https:\/\/ja33.fr\/wp-content\/uploads\/2024\/10\/IMG_5136-e1728639459357-300x248.jpg 300w, https:\/\/ja33.fr\/wp-content\/uploads\/2024\/10\/IMG_5136-e1728639459357-768x634.jpg 768w\" sizes=\"(max-width: 952px) 100vw, 952px\" \/><\/figure><div class=\"wp-block-media-text__content\">\n<h1 class=\"wp-block-heading has-text-align-center has-tertiary-color has-text-color has-link-color wp-elements-6a8825a7da89a55bf0f196ac1349da1d\" style=\"font-size:clamp(22.041px, 1.378rem + ((1vw - 3.2px) * 1.235), 36px);\"><strong>Rencontre avec le Pr\u00e9fet de Gironde<\/strong><\/h1>\n\n\n\n<p class=\"has-lightgrey-background-color has-background\">Le 19 septembre 2024, les JA et la FNSEA ont rencontr\u00e9 le Pr\u00e9fet de Gironde, Etienne Guyot, sur l&rsquo;exploitation de l&rsquo;un de nos JA. Cette rencontre avait pour objectif de l&rsquo;interpeller notamment sur le sujet de l&rsquo;entretien des digues.<\/p>\n\n\n\n<p class=\"has-lightgrey-background-color has-background\">C&rsquo;\u00e9tait aussi l&rsquo;occasion pour les 2 syndicats d&rsquo;\u00e9voquer avec lui le sujet de l&#8217;emploi, l&rsquo;installation et la crise viticole. Des sujets sur lesquels les JA et la FNSEA avaient r\u00e9ussi \u00e0 obtenir des avanc\u00e9es suite aux mobilisations de janvier 2024.<\/p>\n\n\n\n<p class=\"has-lightgrey-background-color has-background\">Au terme de cette matin\u00e9e d&rsquo;\u00e9change, le Pr\u00e9fet a r\u00e9affirm\u00e9 qu&rsquo;il \u00e9tait \u00e0 l&rsquo;\u00e9coute et qu&rsquo;il souhaitait avoir davantage d&rsquo;\u00e9l\u00e9ments pr\u00e9cis et \u00e9crits pour les transmettre au Gouvernement.<\/p>\n<\/div><\/div>\n\n\n\n<div style=\"height:100px\" aria-hidden=\"true\" class=\"wp-block-spacer\"><\/div>\n\n\n\n<h1 class=\"wp-block-heading has-text-align-center has-white-color has-text-color has-background has-link-color wp-elements-2b8eb72187282602ce9d678f120cd643\" style=\"background-color:#ab211b;margin-top:var(--wp--preset--spacing--small);margin-right:var(--wp--preset--spacing--small);margin-bottom:var(--wp--preset--spacing--small);margin-left:var(--wp--preset--spacing--small);padding-top:var(--wp--preset--spacing--small);padding-right:var(--wp--preset--spacing--small);padding-bottom:var(--wp--preset--spacing--small);padding-left:var(--wp--preset--spacing--small);font-size:clamp(24.034px, 1.502rem + ((1vw - 3.2px) * 1.413), 40px);\"><strong>AOUT 2024<\/strong><\/h1>\n\n\n\n<div class=\"wp-block-group alignfull has-global-padding is-layout-constrained wp-container-core-group-is-layout-5adfa655 wp-block-group-is-layout-constrained\" style=\"margin-top:var(--wp--preset--spacing--small);margin-bottom:var(--wp--preset--spacing--small);padding-top:var(--wp--preset--spacing--small);padding-right:var(--wp--preset--spacing--small);padding-bottom:var(--wp--preset--spacing--small);padding-left:var(--wp--preset--spacing--small)\">\n<div class=\"wp-block-columns alignfull is-layout-flex wp-container-core-columns-is-layout-28f84493 wp-block-columns-is-layout-flex\">\n<div class=\"wp-block-column is-layout-flow wp-block-column-is-layout-flow\">\n<h1 class=\"wp-block-heading has-text-align-center has-tertiary-color has-text-color has-large-font-size\"><strong>Les JA de Gironde ont f\u00eat\u00e9 la Terre dans le M\u00e9doc<\/strong>  <\/h1>\n\n\n\n<div class=\"wp-block-group is-layout-grid wp-container-core-group-is-layout-0e82c502 wp-block-group-is-layout-grid\">\n<figure class=\"wp-block-gallery aligncenter has-nested-images columns-default is-cropped wp-block-gallery-1 is-layout-flex wp-block-gallery-is-layout-flex\">\n<figure class=\"wp-block-image size-full is-style-default\"><img loading=\"lazy\" decoding=\"async\" width=\"900\" height=\"600\" data-id=\"1196\" src=\"https:\/\/ja33.fr\/wp-content\/uploads\/2024\/09\/1.png\" alt=\"\" class=\"wp-image-1196\" srcset=\"https:\/\/ja33.fr\/wp-content\/uploads\/2024\/09\/1.png 900w, https:\/\/ja33.fr\/wp-content\/uploads\/2024\/09\/1-300x200.png 300w\" sizes=\"(max-width: 900px) 100vw, 900px\" \/><\/figure>\n<\/figure>\n\n\n\n<figure class=\"wp-block-gallery has-nested-images columns-default is-cropped wp-block-gallery-2 is-layout-flex wp-block-gallery-is-layout-flex\">\n<figure class=\"wp-block-image size-large\"><img loading=\"lazy\" decoding=\"async\" width=\"900\" height=\"600\" data-id=\"1198\" src=\"https:\/\/ja33.fr\/wp-content\/uploads\/2024\/09\/3.png\" alt=\"\" class=\"wp-image-1198\" srcset=\"https:\/\/ja33.fr\/wp-content\/uploads\/2024\/09\/3.png 900w, https:\/\/ja33.fr\/wp-content\/uploads\/2024\/09\/3-300x200.png 300w\" sizes=\"(max-width: 900px) 100vw, 900px\" \/><\/figure>\n<\/figure>\n\n\n\n<figure class=\"wp-block-gallery has-nested-images columns-default is-cropped wp-block-gallery-3 wp-container-content-574e1f9d is-layout-flex wp-block-gallery-is-layout-flex\">\n<figure class=\"wp-block-image size-large\"><img loading=\"lazy\" decoding=\"async\" width=\"900\" height=\"600\" data-id=\"1201\" src=\"https:\/\/ja33.fr\/wp-content\/uploads\/2024\/09\/2-1.png\" alt=\"\" class=\"wp-image-1201\" srcset=\"https:\/\/ja33.fr\/wp-content\/uploads\/2024\/09\/2-1.png 900w, https:\/\/ja33.fr\/wp-content\/uploads\/2024\/09\/2-1-300x200.png 300w\" sizes=\"(max-width: 900px) 100vw, 900px\" \/><\/figure>\n<\/figure>\n<\/div>\n\n\n\n<div style=\"height:2px\" aria-hidden=\"true\" class=\"wp-block-spacer\"><\/div>\n\n\n\n<div class=\"wp-block-group is-vertical is-layout-flex wp-container-core-group-is-layout-fe9cc265 wp-block-group-is-layout-flex\">\n<p class=\"has-primary-color has-lightgrey-background-color has-text-color has-background has-link-color has-medium-font-size wp-elements-5c1e5982107ace22e934eff1ed118b7b\" style=\"margin-top:0;margin-right:var(--wp--preset--spacing--x-small);margin-bottom:0;margin-left:var(--wp--preset--spacing--x-small)\">Durant tout le week-end du 10 et 11 ao\u00fbt 2024, les JA et Gironde et la Mairie de Gaillan ont accueillie de nombreux visiteurs : exposition de mat\u00e9riel agricole, ferme p\u00e9dagogique, d\u00e9monstration de chiens de traineaux, concours, etc. De quoi ravir tout le monde sur deux jours !<br>Rien de tel que de bonnes saveurs locales pour se r\u00e9galer avec de nombreux stands de restauration et de boissons proposant des sp\u00e9cialit\u00e9s du terroir.<br><br><strong>Un weekend de comp\u00e9titions : notre hommage aux JO<\/strong> a pris la forme d&rsquo;une comp\u00e9tition entre les JA du canton<br><br>L\u2019inauguration officielle de la Foire Agricole aura lieu en m\u00eame temps que la grande tombola, le samedi \u00e0 18h30, marquant le d\u00e9but des festivit\u00e9s de la soir\u00e9e. De nombreux lots, offerts par les commer\u00e7ants et les partenaires locaux, seront mis en jeu lors de cette tombola.<\/p>\n<\/div>\n<\/div>\n<\/div>\n<\/div>\n\n\n\n<div style=\"height:100px\" aria-hidden=\"true\" class=\"wp-block-spacer\"><\/div>\n\n\n\n<h1 class=\"wp-block-heading has-text-align-center has-white-color has-text-color has-background has-link-color wp-elements-ffd4b3b20d0fe3bf18f4a48d11168d6a\" style=\"background-color:#ab211b;margin-top:var(--wp--preset--spacing--small);margin-right:var(--wp--preset--spacing--small);margin-bottom:var(--wp--preset--spacing--small);margin-left:var(--wp--preset--spacing--small);padding-top:var(--wp--preset--spacing--small);padding-right:var(--wp--preset--spacing--small);padding-bottom:var(--wp--preset--spacing--small);padding-left:var(--wp--preset--spacing--small);font-size:clamp(24.034px, 1.502rem + ((1vw - 3.2px) * 1.413), 40px);\">AVRIL 2024<\/h1>\n\n\n\n<div class=\"wp-block-group alignfull is-layout-flow wp-block-group-is-layout-flow\">\n<div class=\"wp-block-columns is-layout-flex wp-container-core-columns-is-layout-28f84493 wp-block-columns-is-layout-flex\">\n<div class=\"wp-block-column is-layout-flow wp-block-column-is-layout-flow\">\n<h1 class=\"wp-block-heading has-text-align-center has-tertiary-color has-text-color has-large-font-size\"><strong>Les JA obtiennent la non augmentation de la taxe eau pour 2024<\/strong> <\/h1>\n\n\n\n<div style=\"height:2px\" aria-hidden=\"true\" class=\"wp-block-spacer\"><\/div>\n\n\n\n<div class=\"wp-block-group is-layout-flow wp-block-group-is-layout-flow\">\n<div class=\"wp-block-group is-layout-grid wp-container-core-group-is-layout-60f85092 wp-block-group-is-layout-grid\">\n<figure class=\"wp-block-gallery has-nested-images columns-default is-cropped wp-block-gallery-4 is-layout-flex wp-block-gallery-is-layout-flex\">\n<figure class=\"wp-block-image size-medium\"><img loading=\"lazy\" decoding=\"async\" width=\"300\" height=\"200\" data-id=\"1141\" src=\"https:\/\/ja33.fr\/wp-content\/uploads\/2024\/05\/Format-WordPress-1-300x200.png\" alt=\"\" class=\"wp-image-1141\" srcset=\"https:\/\/ja33.fr\/wp-content\/uploads\/2024\/05\/Format-WordPress-1-300x200.png 300w, https:\/\/ja33.fr\/wp-content\/uploads\/2024\/05\/Format-WordPress-1.png 900w\" sizes=\"(max-width: 300px) 100vw, 300px\" \/><\/figure>\n<\/figure>\n\n\n\n<figure class=\"wp-block-image is-style-default wp-container-content-574e1f9d\"><img loading=\"lazy\" decoding=\"async\" width=\"900\" height=\"600\" src=\"https:\/\/ja33.fr\/wp-content\/uploads\/2024\/09\/Format-WordPress.png\" alt=\"\" class=\"wp-image-1200\" srcset=\"https:\/\/ja33.fr\/wp-content\/uploads\/2024\/09\/Format-WordPress.png 900w, https:\/\/ja33.fr\/wp-content\/uploads\/2024\/09\/Format-WordPress-300x200.png 300w\" sizes=\"(max-width: 900px) 100vw, 900px\" \/><\/figure>\n\n\n\n<figure class=\"wp-block-image size-full\"><img loading=\"lazy\" decoding=\"async\" width=\"900\" height=\"600\" src=\"https:\/\/ja33.fr\/wp-content\/uploads\/2024\/09\/Format-WordPress-1.png\" alt=\"\" class=\"wp-image-1202\" srcset=\"https:\/\/ja33.fr\/wp-content\/uploads\/2024\/09\/Format-WordPress-1.png 900w, https:\/\/ja33.fr\/wp-content\/uploads\/2024\/09\/Format-WordPress-1-300x200.png 300w\" sizes=\"(max-width: 900px) 100vw, 900px\" \/><\/figure>\n<\/div>\n\n\n\n<p class=\"has-primary-color has-lightgrey-background-color has-text-color has-background has-link-color has-medium-font-size wp-elements-f18f947891f7e0ff09f795c08351147e\" style=\"margin-top:var(--wp--preset--spacing--small);margin-right:var(--wp--preset--spacing--small);margin-bottom:var(--wp--preset--spacing--small);margin-left:var(--wp--preset--spacing--small);padding-top:var(--wp--preset--spacing--small);padding-right:var(--wp--preset--spacing--small);padding-bottom:var(--wp--preset--spacing--small);padding-left:var(--wp--preset--spacing--small)\">Jeudi 4 avril 2024, devant le Conseil R\u00e9gional \u00e0 Bordeaux, la FNSEA Nouvelle-Aquitaine, JA Nouvelle Aquitaine et l\u2019association Eaux, Agricultures et Alimentation en Gironde (EEAG) ont r\u00e9clam\u00e9 <strong>le retrait de la hausse de redevance irrigation<\/strong> pr\u00e9vue par l\u2019Agence de l\u2019Eau Adour-Garonne. <strong>Alain Rousset, Pr\u00e9sident de la R\u00e9gion Nouvelle-Aquitaine s\u2019est engag\u00e9 \u00e0 proposer l\u2019annulation pour 2024.<\/strong><\/p>\n<\/div>\n<\/div>\n<\/div>\n<\/div>\n\n\n\n<div style=\"height:100px\" aria-hidden=\"true\" class=\"wp-block-spacer\"><\/div>\n\n\n\n<h1 class=\"wp-block-heading has-text-align-center has-white-color has-text-color has-background has-link-color wp-elements-1c58ec65cc1aa9fc67cde7b2766738a3\" style=\"background-color:#ab211b;margin-top:var(--wp--preset--spacing--small);margin-right:var(--wp--preset--spacing--small);margin-bottom:var(--wp--preset--spacing--small);margin-left:var(--wp--preset--spacing--small);padding-top:var(--wp--preset--spacing--small);padding-right:var(--wp--preset--spacing--small);padding-bottom:var(--wp--preset--spacing--small);padding-left:var(--wp--preset--spacing--small);font-size:clamp(24.034px, 1.502rem + ((1vw - 3.2px) * 1.413), 40px);\"><strong>MARS 2024<\/strong><\/h1>\n\n\n\n<div class=\"wp-block-group alignfull is-layout-flow wp-block-group-is-layout-flow\">\n<div class=\"wp-block-columns is-layout-flex wp-container-core-columns-is-layout-28f84493 wp-block-columns-is-layout-flex\">\n<div class=\"wp-block-column is-layout-flow wp-block-column-is-layout-flow\">\n<div class=\"wp-block-media-text is-stacked-on-mobile\" style=\"margin-top:var(--wp--preset--spacing--small);margin-right:var(--wp--preset--spacing--small);margin-bottom:var(--wp--preset--spacing--small);margin-left:var(--wp--preset--spacing--small);padding-top:var(--wp--preset--spacing--small);padding-right:var(--wp--preset--spacing--small);padding-bottom:var(--wp--preset--spacing--small);padding-left:var(--wp--preset--spacing--small);grid-template-columns:37% auto\"><figure class=\"wp-block-media-text__media\"><img loading=\"lazy\" decoding=\"async\" width=\"450\" height=\"300\" src=\"https:\/\/ja33.fr\/wp-content\/uploads\/2024\/05\/Nouvelle-equipe-JA-1.png\" alt=\"\" class=\"wp-image-1163 size-full\" srcset=\"https:\/\/ja33.fr\/wp-content\/uploads\/2024\/05\/Nouvelle-equipe-JA-1.png 450w, https:\/\/ja33.fr\/wp-content\/uploads\/2024\/05\/Nouvelle-equipe-JA-1-300x200.png 300w\" sizes=\"(max-width: 450px) 100vw, 450px\" \/><\/figure><div class=\"wp-block-media-text__content\">\n<h1 class=\"wp-block-heading has-text-align-center has-tertiary-color has-text-color has-link-color has-large-font-size wp-elements-cf28667c3c584d189c2ee37e0ca95958\"><strong>Nouvelle \u00e9quipe chez les JA<\/strong> <\/h1>\n\n\n\n<p class=\"has-text-align-center has-lightgrey-background-color has-background has-medium-font-size\">Cette ann\u00e9e l&rsquo;assembl\u00e9e g\u00e9n\u00e9rale \u00e9tait \u00e9lective. Elle a eu lieu le mardi 12 mars 2024 chez les Vignerons Ind\u00e9pendants. <\/p>\n\n\n\n<p class=\"has-text-align-center has-lightgrey-background-color has-background has-medium-font-size\"><strong>Vincent Boug\u00e8s a c\u00e9d\u00e9 sa place \u00e0 C\u00e9dric Pointet<\/strong>. De nouveaux membres nous ont rejoints ! Nous leur souhaitons la bienvenue et nous remercions ceux qui nous ont quitt\u00e9s ! Une nouvelle aventure commence !<\/p>\n<\/div><\/div>\n\n\n\n<div style=\"height:2px\" aria-hidden=\"true\" class=\"wp-block-spacer\"><\/div>\n<\/div>\n<\/div>\n<\/div>\n\n\n\n<div style=\"height:100px\" aria-hidden=\"true\" class=\"wp-block-spacer\"><\/div>\n\n\n\n<h1 class=\"wp-block-heading has-text-align-center has-white-color has-text-color has-background has-link-color wp-elements-3c3c3aeb0ab034de08c865bf3790de20\" style=\"background-color:#ab211b;margin-top:var(--wp--preset--spacing--small);margin-right:var(--wp--preset--spacing--small);margin-bottom:var(--wp--preset--spacing--small);margin-left:var(--wp--preset--spacing--small);padding-top:var(--wp--preset--spacing--small);padding-right:var(--wp--preset--spacing--small);padding-bottom:var(--wp--preset--spacing--small);padding-left:var(--wp--preset--spacing--small);font-size:clamp(24.034px, 1.502rem + ((1vw - 3.2px) * 1.413), 40px);\"><strong>FEVRIER 2024<\/strong><\/h1>\n\n\n\n<div class=\"wp-block-group alignfull is-layout-flow wp-block-group-is-layout-flow\">\n<div class=\"wp-block-columns is-layout-flex wp-container-core-columns-is-layout-28f84493 wp-block-columns-is-layout-flex\">\n<div class=\"wp-block-column is-layout-flow wp-block-column-is-layout-flow\">\n<div class=\"wp-block-media-text has-media-on-the-right is-stacked-on-mobile is-image-fill-element\" style=\"margin-top:var(--wp--preset--spacing--small);margin-right:var(--wp--preset--spacing--small);margin-bottom:var(--wp--preset--spacing--small);margin-left:var(--wp--preset--spacing--small);padding-top:var(--wp--preset--spacing--small);padding-right:var(--wp--preset--spacing--small);padding-bottom:var(--wp--preset--spacing--small);padding-left:var(--wp--preset--spacing--small);grid-template-columns:auto 35%\"><div class=\"wp-block-media-text__content\">\n<h1 class=\"wp-block-heading has-text-align-center has-tertiary-color has-text-color has-link-color has-large-font-size wp-elements-066c8c838b08bccf86da4daf41c96c79\"><strong>Jeu de vin, Jeu de Vilain<\/strong> <\/h1>\n\n\n\n<p class=\"has-lightgrey-background-color has-background has-medium-font-size\">Ce mercredi 28 f\u00e9vrier, nous avons, bloqu\u00e9s un n\u00e9gociant bordelais avec la participation de la FNSEA, pour d\u00e9noncer le <strong>non-respect des co\u00fbts de production. <\/strong><\/p>\n\n\n\n<p class=\"has-lightgrey-background-color has-background has-medium-font-size\">Face \u00e0 la <strong>pression constante<\/strong> du n\u00e9goce viticole sur les producteurs, qui refuse de tenir compte des co\u00fbts de production r\u00e9els, <strong>les syndicats agissent<\/strong> !<\/p>\n<\/div><figure class=\"wp-block-media-text__media\"><img loading=\"lazy\" decoding=\"async\" width=\"2560\" height=\"1920\" src=\"https:\/\/ja33.fr\/wp-content\/uploads\/2024\/03\/IMG_3711-scaled.jpg\" alt=\"\" class=\"wp-image-1103 size-full\" style=\"object-position:50% 50%\" srcset=\"https:\/\/ja33.fr\/wp-content\/uploads\/2024\/03\/IMG_3711-scaled.jpg 2560w, https:\/\/ja33.fr\/wp-content\/uploads\/2024\/03\/IMG_3711-300x225.jpg 300w, https:\/\/ja33.fr\/wp-content\/uploads\/2024\/03\/IMG_3711-1024x768.jpg 1024w, https:\/\/ja33.fr\/wp-content\/uploads\/2024\/03\/IMG_3711-2000x1500.jpg 2000w\" sizes=\"(max-width: 2560px) 100vw, 2560px\" \/><\/figure><\/div>\n\n\n\n<div style=\"height:3px\" aria-hidden=\"true\" class=\"wp-block-spacer\"><\/div>\n\n\n\n<div style=\"height:100px\" aria-hidden=\"true\" class=\"wp-block-spacer\"><\/div>\n<\/div>\n<\/div>\n\n\n\n<h1 class=\"wp-block-heading has-text-align-center has-white-color has-text-color has-background has-link-color wp-elements-02a92d3a9c6222cf2769ce80e9a4cc70\" style=\"background-color:#ab211b;margin-top:var(--wp--preset--spacing--small);margin-right:var(--wp--preset--spacing--small);margin-bottom:var(--wp--preset--spacing--small);margin-left:var(--wp--preset--spacing--small);padding-top:var(--wp--preset--spacing--small);padding-right:var(--wp--preset--spacing--small);padding-bottom:var(--wp--preset--spacing--small);padding-left:var(--wp--preset--spacing--small);font-size:clamp(24.034px, 1.502rem + ((1vw - 3.2px) * 1.413), 40px);\"><strong>JANVIER 2024<\/strong><\/h1>\n\n\n\n<div class=\"wp-block-columns are-vertically-aligned-top is-layout-flex wp-container-core-columns-is-layout-28f84493 wp-block-columns-is-layout-flex\">\n<div class=\"wp-block-column is-vertically-aligned-top is-layout-flow wp-block-column-is-layout-flow\">\n<div class=\"wp-block-media-text is-stacked-on-mobile is-image-fill-element\" style=\"margin-top:var(--wp--preset--spacing--small);margin-right:var(--wp--preset--spacing--small);margin-bottom:var(--wp--preset--spacing--small);margin-left:var(--wp--preset--spacing--small);padding-top:var(--wp--preset--spacing--small);padding-right:var(--wp--preset--spacing--small);padding-bottom:var(--wp--preset--spacing--small);padding-left:var(--wp--preset--spacing--small);grid-template-columns:35% auto\"><figure class=\"wp-block-media-text__media\"><img loading=\"lazy\" decoding=\"async\" width=\"2560\" height=\"1920\" src=\"https:\/\/ja33.fr\/wp-content\/uploads\/2024\/02\/IMG_3402-scaled.jpg\" alt=\"\" class=\"wp-image-1098 size-full\" style=\"object-position:50% 50%\" srcset=\"https:\/\/ja33.fr\/wp-content\/uploads\/2024\/02\/IMG_3402-scaled.jpg 2560w, https:\/\/ja33.fr\/wp-content\/uploads\/2024\/02\/IMG_3402-300x225.jpg 300w, https:\/\/ja33.fr\/wp-content\/uploads\/2024\/02\/IMG_3402-1024x768.jpg 1024w, https:\/\/ja33.fr\/wp-content\/uploads\/2024\/02\/IMG_3402-2000x1500.jpg 2000w\" sizes=\"(max-width: 2560px) 100vw, 2560px\" \/><\/figure><div class=\"wp-block-media-text__content\">\n<h1 class=\"wp-block-heading has-tertiary-color has-text-color has-link-color wp-elements-0cdfacd8392360a9a6b07e76563d5558\" style=\"font-size:clamp(21.027px, 1.314rem + ((1vw - 3.2px) * 1.148), 34px);\"><strong>Agriculture en danger : agriculteurs mobilis\u00e9s<\/strong><\/h1>\n\n\n\n<p class=\"has-lightgrey-background-color has-background has-medium-font-size\">Depuis la semaine derni\u00e8re, les agriculteurs de Gironde ne rel\u00e2chent pas leurs efforts pour faire entendre leurs revendications ! <\/p>\n\n\n\n<p class=\"has-lightgrey-background-color has-background has-medium-font-size\">Les raisons de leur mobilisation sont multiples : hausses de charges insoutenables, revenus insuffisants pour vivre, ou encore les importations \u00ab\u00a0qui ne respectent pas les normes fran\u00e7aises\u00a0\u00bb. <\/p>\n\n\n\n<p class=\"has-lightgrey-background-color has-background has-medium-font-size\">Nous avons encha\u00een\u00e9 plusieurs jours de mobilisation par divers moyens afin d\u2019attirer l&rsquo;attention  des hautes instances et de la population. Que ce soit par des blocages de routes, des op\u00e9rations escargot ou des barrages filtrants, chaque action a \u00e9t\u00e9 mise en place dans le but de sensibiliser le gouvernement et d\u2019engendrer de r\u00e9els changements. <\/p>\n<\/div><\/div>\n\n\n\n<div style=\"height:2px\" aria-hidden=\"true\" class=\"wp-block-spacer\"><\/div>\n<\/div>\n<\/div>\n<\/div>\n\n\n\n<!--nextpage-->\n\n\n\n<div style=\"height:108px\" aria-hidden=\"true\" class=\"wp-block-spacer\"><\/div>\n\n\n\n<h1 class=\"wp-block-heading has-text-align-center has-white-color has-text-color has-background has-link-color wp-elements-dd6513a21a6636fb9790e4391f297a1f\" style=\"background-color:#ab211b;margin-top:var(--wp--preset--spacing--small);margin-right:var(--wp--preset--spacing--small);margin-bottom:var(--wp--preset--spacing--small);margin-left:var(--wp--preset--spacing--small);padding-top:var(--wp--preset--spacing--small);padding-right:var(--wp--preset--spacing--small);padding-bottom:var(--wp--preset--spacing--small);padding-left:var(--wp--preset--spacing--small);font-size:clamp(24.034px, 1.502rem + ((1vw - 3.2px) * 1.413), 40px);\">DECEMBRE 2023<\/h1>\n\n\n\n<div class=\"wp-block-group alignfull is-layout-flow wp-block-group-is-layout-flow\">\n<div class=\"wp-block-columns is-layout-flex wp-container-core-columns-is-layout-28f84493 wp-block-columns-is-layout-flex\">\n<div class=\"wp-block-column is-layout-flow wp-block-column-is-layout-flow\">\n<div class=\"wp-block-media-text is-stacked-on-mobile is-image-fill-element\" style=\"margin-top:var(--wp--preset--spacing--x-small);margin-right:var(--wp--preset--spacing--small);margin-bottom:var(--wp--preset--spacing--x-small);margin-left:var(--wp--preset--spacing--small);padding-top:var(--wp--preset--spacing--small);padding-right:var(--wp--preset--spacing--small);padding-bottom:var(--wp--preset--spacing--small);padding-left:var(--wp--preset--spacing--small);grid-template-columns:35% auto\"><figure class=\"wp-block-media-text__media\"><img loading=\"lazy\" decoding=\"async\" width=\"900\" height=\"600\" src=\"https:\/\/ja33.fr\/wp-content\/uploads\/2023\/11\/Design-sans-titre-6.png\" alt=\"\" class=\"wp-image-693 size-full\" style=\"object-position:50% 50%\" srcset=\"https:\/\/ja33.fr\/wp-content\/uploads\/2023\/11\/Design-sans-titre-6.png 900w, https:\/\/ja33.fr\/wp-content\/uploads\/2023\/11\/Design-sans-titre-6-300x200.png 300w, https:\/\/ja33.fr\/wp-content\/uploads\/2023\/11\/Design-sans-titre-6-768x512.png 768w, https:\/\/ja33.fr\/wp-content\/uploads\/2023\/11\/Design-sans-titre-6-600x400.png 600w\" sizes=\"(max-width: 900px) 100vw, 900px\" \/><\/figure><div class=\"wp-block-media-text__content\">\n<h1 class=\"wp-block-heading has-text-align-center has-tertiary-color has-text-color has-link-color has-large-font-size wp-elements-3017d8c9a31809e0e278f1c2b72b276b\"><strong>Journ\u00e9e portes ouvertes<\/strong><\/h1>\n\n\n\n<p class=\"has-lightgrey-background-color has-background has-medium-font-size\">Comme chaque ann\u00e9e, nous organisons une journ\u00e9e portes ouvertes sur l&rsquo;installation. Elles ont lieu sur l&rsquo;exploitation  d&rsquo;un agriculteur afin de <strong>permettre aux jeunes qui s\u2019inscrivent dans un&nbsp;projet d\u2019installation, un moment d\u2019\u00e9change avec un agriculteur r\u00e9cemment install\u00e9 dans le cadre du&nbsp;dispositif national d\u2019aides \u00e0 l\u2019installation, ainsi qu\u2019avec les acteurs partenaires de l\u2019installation<\/strong>.<\/p>\n<\/div><\/div>\n<\/div>\n<\/div>\n<\/div>\n\n\n\n<div class=\"wp-block-group alignfull is-layout-flow wp-block-group-is-layout-flow\" style=\"margin-top:var(--wp--preset--spacing--small);margin-bottom:var(--wp--preset--spacing--small);padding-top:var(--wp--preset--spacing--small);padding-right:var(--wp--preset--spacing--small);padding-bottom:var(--wp--preset--spacing--small);padding-left:var(--wp--preset--spacing--small)\">\n<div class=\"wp-block-columns is-layout-flex wp-container-core-columns-is-layout-28f84493 wp-block-columns-is-layout-flex\">\n<div class=\"wp-block-column is-layout-flow wp-block-column-is-layout-flow\">\n<div class=\"wp-block-media-text has-media-on-the-right is-stacked-on-mobile is-image-fill-element\" style=\"grid-template-columns:auto 35%\"><div class=\"wp-block-media-text__content\">\n<h1 class=\"wp-block-heading has-text-align-center has-tertiary-color has-text-color has-link-color has-large-font-size wp-elements-c690067490f09044b063ad309c11b092\"><strong>On marche sur la t\u00eate !<\/strong><\/h1>\n\n\n\n<p class=\"has-lightgrey-background-color has-background has-medium-font-size\">Afin de faire entendre leur voix et leur col\u00e8re la FNSEA et les JA ont d\u00e9cid\u00e9 de <strong>retourner les panneaux de nombreuses communes<\/strong> pour exprimer au grand public qu&rsquo;on marche sur la t\u00eate !<\/p>\n\n\n\n<p class=\"has-lightgrey-background-color has-background has-medium-font-size\">Toujours plus de taxes, une souverainet\u00e9 alimentaire en danger, <strong>c&rsquo;est un ras-le-bol g\u00e9n\u00e9ral des agriculteurs !<\/strong><\/p>\n<\/div><figure class=\"wp-block-media-text__media\"><img loading=\"lazy\" decoding=\"async\" width=\"900\" height=\"600\" src=\"https:\/\/ja33.fr\/wp-content\/uploads\/2023\/12\/taille-photos-evenements-1.png\" alt=\"\" class=\"wp-image-1033 size-full\" style=\"object-position:50% 50%\" srcset=\"https:\/\/ja33.fr\/wp-content\/uploads\/2023\/12\/taille-photos-evenements-1.png 900w, https:\/\/ja33.fr\/wp-content\/uploads\/2023\/12\/taille-photos-evenements-1-300x200.png 300w, https:\/\/ja33.fr\/wp-content\/uploads\/2023\/12\/taille-photos-evenements-1-768x512.png 768w, https:\/\/ja33.fr\/wp-content\/uploads\/2023\/12\/taille-photos-evenements-1-600x400.png 600w\" sizes=\"(max-width: 900px) 100vw, 900px\" \/><\/figure><\/div>\n<\/div>\n<\/div>\n<\/div>\n\n\n\n<div style=\"height:100px\" aria-hidden=\"true\" class=\"wp-block-spacer\"><\/div>\n\n\n\n<h1 class=\"wp-block-heading has-text-align-center has-white-color has-text-color has-background has-link-color wp-elements-31e68ebabf9b2ebd04d107a0f3fc5f56\" style=\"background-color:#ab211b;margin-top:var(--wp--preset--spacing--small);margin-right:var(--wp--preset--spacing--small);margin-bottom:var(--wp--preset--spacing--small);margin-left:var(--wp--preset--spacing--small);padding-top:var(--wp--preset--spacing--small);padding-right:var(--wp--preset--spacing--small);padding-bottom:var(--wp--preset--spacing--small);padding-left:var(--wp--preset--spacing--small);font-size:clamp(24.034px, 1.502rem + ((1vw - 3.2px) * 1.413), 40px);\"><strong>NOVEMBRE 2023<\/strong><\/h1>\n\n\n\n<div class=\"wp-block-group alignfull is-layout-flow wp-block-group-is-layout-flow\">\n<div class=\"wp-block-columns is-layout-flex wp-container-core-columns-is-layout-28f84493 wp-block-columns-is-layout-flex\">\n<div class=\"wp-block-column is-layout-flow wp-container-core-column-is-layout-8ab8b5be wp-block-column-is-layout-flow\" style=\"border-style:none;border-width:0px;padding-top:var(--wp--preset--spacing--small);padding-right:var(--wp--preset--spacing--small);padding-bottom:var(--wp--preset--spacing--small);padding-left:var(--wp--preset--spacing--small)\">\n<div class=\"wp-block-media-text is-stacked-on-mobile is-image-fill-element\" style=\"margin-top:var(--wp--preset--spacing--small);margin-right:var(--wp--preset--spacing--small);margin-bottom:var(--wp--preset--spacing--small);margin-left:var(--wp--preset--spacing--small);padding-top:var(--wp--preset--spacing--small);padding-right:var(--wp--preset--spacing--small);padding-bottom:var(--wp--preset--spacing--small);padding-left:var(--wp--preset--spacing--small);grid-template-columns:35% auto\"><figure class=\"wp-block-media-text__media\"><img loading=\"lazy\" decoding=\"async\" width=\"900\" height=\"600\" src=\"https:\/\/ja33.fr\/wp-content\/uploads\/2023\/12\/taille-photos-evenements-2.png\" alt=\"\" class=\"wp-image-1036 size-full\" style=\"object-position:50% 50%\" srcset=\"https:\/\/ja33.fr\/wp-content\/uploads\/2023\/12\/taille-photos-evenements-2.png 900w, https:\/\/ja33.fr\/wp-content\/uploads\/2023\/12\/taille-photos-evenements-2-300x200.png 300w, https:\/\/ja33.fr\/wp-content\/uploads\/2023\/12\/taille-photos-evenements-2-768x512.png 768w, https:\/\/ja33.fr\/wp-content\/uploads\/2023\/12\/taille-photos-evenements-2-600x400.png 600w\" sizes=\"(max-width: 900px) 100vw, 900px\" \/><\/figure><div class=\"wp-block-media-text__content\">\n<h1 class=\"wp-block-heading has-text-align-center has-tertiary-color has-text-color has-link-color has-large-font-size wp-elements-dc1f7e121f12c7e05272ad475595830d\"><strong>Agriculteurs en col\u00e8re<\/strong><\/h1>\n\n\n\n<p class=\"has-lightgrey-background-color has-background has-medium-font-size\">La semaine du 20 Novembre les r\u00e9seaux syndicaux FNSEA et JA ont conduit des actions syndicales pour d\u00e9noncer les incoh\u00e9rences entre annonces en faveurs de l&rsquo;agriculture et autres politiques mises en \u0153uvres par les pouvoirs publics. <\/p>\n<\/div><\/div>\n\n\n\n<div style=\"height:0px\" aria-hidden=\"true\" class=\"wp-block-spacer\"><\/div>\n<\/div>\n<\/div>\n<\/div>\n\n\n\n<div class=\"wp-block-group alignfull is-layout-flow wp-block-group-is-layout-flow\">\n<div class=\"wp-block-columns is-layout-flex wp-container-core-columns-is-layout-28f84493 wp-block-columns-is-layout-flex\">\n<div class=\"wp-block-column is-layout-flow wp-block-column-is-layout-flow\">\n<div class=\"wp-block-media-text has-media-on-the-right is-stacked-on-mobile is-image-fill-element\" style=\"margin-top:var(--wp--preset--spacing--small);margin-right:var(--wp--preset--spacing--small);margin-bottom:var(--wp--preset--spacing--small);margin-left:var(--wp--preset--spacing--small);padding-top:var(--wp--preset--spacing--small);padding-right:var(--wp--preset--spacing--small);padding-bottom:var(--wp--preset--spacing--small);padding-left:var(--wp--preset--spacing--small);grid-template-columns:auto 35%\"><div class=\"wp-block-media-text__content\">\n<h1 class=\"wp-block-heading has-text-align-center has-tertiary-color has-text-color has-link-color has-large-font-size wp-elements-0a25b7eb155290791c755f8d5872d907\"><strong>Les coll\u00e9giens au c\u0153ur du m\u00e9tier<\/strong><\/h1>\n\n\n\n<p class=\"has-lightgrey-background-color has-background has-medium-font-size\">Afin de faire faire d\u00e9couvrir les m\u00e9tiers de l&rsquo;agriculture aux jeunes, nous invitons des coll\u00e8ges \u00e0 visiter une exploitation. C&rsquo;est le moment id\u00e9al pour apprendre et poser des questions sur le m\u00e9tier. Le 19 octobre les coll\u00e9giens de Bazas ont pu d\u00e9couvrir l&rsquo;apiculture !<\/p>\n<\/div><figure class=\"wp-block-media-text__media\"><img loading=\"lazy\" decoding=\"async\" width=\"900\" height=\"600\" src=\"https:\/\/ja33.fr\/wp-content\/uploads\/2023\/11\/image.png\" alt=\"L\u2019attribut alt de cette image est vide, son nom de fichier est Design-sans-titre-5.png.\" class=\"wp-image-855 size-full\" style=\"object-position:50% 50%\" srcset=\"https:\/\/ja33.fr\/wp-content\/uploads\/2023\/11\/image.png 900w, https:\/\/ja33.fr\/wp-content\/uploads\/2023\/11\/image-300x200.png 300w, https:\/\/ja33.fr\/wp-content\/uploads\/2023\/11\/image-768x512.png 768w, https:\/\/ja33.fr\/wp-content\/uploads\/2023\/11\/image-600x400.png 600w\" sizes=\"(max-width: 900px) 100vw, 900px\" \/><\/figure><\/div>\n<\/div>\n<\/div>\n<\/div>\n\n\n\n<div class=\"wp-block-group alignfull is-layout-flow wp-block-group-is-layout-flow\">\n<div class=\"wp-block-columns is-layout-flex wp-container-core-columns-is-layout-28f84493 wp-block-columns-is-layout-flex\">\n<div class=\"wp-block-column is-layout-flow wp-container-core-column-is-layout-8ab8b5be wp-block-column-is-layout-flow\" style=\"border-style:none;border-width:0px;padding-top:var(--wp--preset--spacing--small);padding-right:var(--wp--preset--spacing--small);padding-bottom:var(--wp--preset--spacing--small);padding-left:var(--wp--preset--spacing--small)\">\n<div class=\"wp-block-media-text is-stacked-on-mobile is-image-fill-element\" style=\"margin-top:var(--wp--preset--spacing--small);margin-right:var(--wp--preset--spacing--small);margin-bottom:var(--wp--preset--spacing--small);margin-left:var(--wp--preset--spacing--small);padding-top:var(--wp--preset--spacing--small);padding-right:var(--wp--preset--spacing--small);padding-bottom:var(--wp--preset--spacing--small);padding-left:var(--wp--preset--spacing--small);grid-template-columns:35% auto\"><figure class=\"wp-block-media-text__media\"><img loading=\"lazy\" decoding=\"async\" width=\"900\" height=\"600\" src=\"https:\/\/ja33.fr\/wp-content\/uploads\/2023\/11\/Design-sans-titre-4-1.png\" alt=\"\" class=\"wp-image-699 size-full\" style=\"object-position:50% 50%\" srcset=\"https:\/\/ja33.fr\/wp-content\/uploads\/2023\/11\/Design-sans-titre-4-1.png 900w, https:\/\/ja33.fr\/wp-content\/uploads\/2023\/11\/Design-sans-titre-4-1-300x200.png 300w, https:\/\/ja33.fr\/wp-content\/uploads\/2023\/11\/Design-sans-titre-4-1-768x512.png 768w, https:\/\/ja33.fr\/wp-content\/uploads\/2023\/11\/Design-sans-titre-4-1-600x400.png 600w\" sizes=\"(max-width: 900px) 100vw, 900px\" \/><\/figure><div class=\"wp-block-media-text__content\">\n<h1 class=\"wp-block-heading has-text-align-center has-tertiary-color has-text-color has-link-color has-large-font-size wp-elements-3d91ae5f9fab7e6579a700e8aac8090e\"><strong>After work<\/strong><\/h1>\n\n\n\n<p class=\"has-lightgrey-background-color has-background has-medium-font-size\">Nous avons organis\u00e9 un After Work le 7 novembre \u00e0 afin de permettre aux JA de se rencontrer et de partager un moment de convivialit\u00e9 !<\/p>\n\n\n\n<p class=\"has-lightgrey-background-color has-background has-medium-font-size\">Ces After Work sont organis\u00e9s 1 fois par trimestre pour permettre des rencontres.<\/p>\n<\/div><\/div>\n<\/div>\n<\/div>\n\n\n\n<div style=\"height:142px\" aria-hidden=\"true\" class=\"wp-block-spacer\"><\/div>\n<\/div>\n\n\n\n<div class=\"wp-block-cover alignfull is-light has-parallax\" style=\"min-height:440px;aspect-ratio:unset;\"><div class=\"wp-block-cover__image-background wp-image-473 has-parallax\" style=\"background-position:50% 50%;background-image:url(https:\/\/ja33.fr\/wp-content\/uploads\/2023\/10\/paz-arando-zwZusrYAGoM-unsplash-scaled.jpg)\"><\/div><span aria-hidden=\"true\" class=\"wp-block-cover__background has-background-dim\"><\/span><div class=\"wp-block-cover__inner-container is-layout-flow wp-block-cover-is-layout-flow\">\n<p class=\"has-text-align-center has-white-color has-text-color\" style=\"font-size:clamp(35.641px, 2.228rem + ((1vw - 3.2px) * 2.598), 65px);font-style:normal;font-weight:900\">REJOIGNEZ &#8211; NOUS<\/p>\n\n\n\n<p class=\"has-text-align-center has-white-color has-text-color has-medium-font-size\" style=\"letter-spacing:1px\">Devenez adh\u00e9rent et profitez de nombreux avantages !<\/p>\n\n\n\n<div class=\"wp-block-buttons is-content-justification-center is-layout-flex wp-container-core-buttons-is-layout-a89b3969 wp-block-buttons-is-layout-flex\">\n<div class=\"wp-block-button is-style-fill\"><a class=\"wp-block-button__link has-black-color has-cyan-bluish-gray-background-color has-text-color has-background wp-element-button\" href=\"https:\/\/jeunes-agriculteurs-de-la-gironde.s2.yapla.com\/fr\/espace-membres\" style=\"border-radius:83px\" target=\"_blank\" rel=\"noreferrer noopener\">DEVENIR MEMBRE<\/a><\/div>\n<\/div>\n<\/div><\/div>\n\n\n\n<div class=\"wp-block-group is-layout-grid wp-container-core-group-is-layout-478b6e6b wp-block-group-is-layout-grid\"><\/div>\n\n\n\n<div class=\"wp-block-columns is-layout-flex wp-container-core-columns-is-layout-28f84493 wp-block-columns-is-layout-flex\">\n<div class=\"wp-block-column is-layout-flow wp-block-column-is-layout-flow\"><\/div>\n\n\n\n<div class=\"wp-block-column is-layout-flow wp-block-column-is-layout-flow\"><\/div>\n<\/div>\n\n\n\n<p><\/p>\n<div class=\"pagebreak-description-next-page-link\"><a href=\"https:\/\/ja33.fr\/?page_id=9&#038;page=2\" class=\"post-page-numbers\">Next page: Page suivante &gt;&gt;<\/a><\/div><div class=\"pagebreak-description-pagination\"> <a href=\"https:\/\/ja33.fr\/?page_id=9\" class=\"post-page-numbers\">1<\/a> <a href=\"https:\/\/ja33.fr\/?page_id=9&#038;page=2\" class=\"post-page-numbers\">2<\/a><\/p><\/div><div class=\"pagebreak-description-next-page-link\"><\/div>","protected":false},"excerpt":{"rendered":"<p>JANVIER 2026 Contr\u00f4le de camions sur l&rsquo;A10 et la N10 La ratification du trait\u00e9 du Mercosur est en passe d&rsquo;avoir lieu, les annonces pour la crise viticole qui ne sont toujours pas concr\u00e9tis\u00e9es et les d\u00e9dommagements pour les \u00e9leveurs impact\u00e9s par la DNC tardent : tous ces \u00e9l\u00e9ments nous ont pouss\u00e9s \u00e0 r\u00e9agir et \u00e0 &hellip; <\/p>\n<p class=\"link-more\"><a href=\"https:\/\/ja33.fr\/?page_id=9\" class=\"more-link\">Lire la suite de<span class=\"screen-reader-text\">\u00ab\u00a0Nos Actus\u00a0\u00bb<\/span><\/a><\/p>\n","protected":false},"author":1,"featured_media":0,"parent":0,"menu_order":0,"comment_status":"closed","ping_status":"closed","template":"page-templates\/full-width-transparent.php","meta":{"_seopress_robots_primary_cat":"","_seopress_titles_title":"Actualit\u00e9s JA 33","_seopress_titles_desc":"Retrouvez les actualit\u00e9s en temps r\u00e9el des Jeunes Agriculteurs de Gironde","_seopress_robots_index":"","footnotes":""},"class_list":["post-9","page","type-page","status-publish","hentry"],"yoast_head":"<!-- This site is optimized with the Yoast SEO plugin v23.5 - https:\/\/yoast.com\/wordpress\/plugins\/seo\/ -->\n<title>Nos Actus - Jeunes Agriculteurs de Gironde<\/title>\n<meta name=\"robots\" content=\"index, follow, max-snippet:-1, max-image-preview:large, max-video-preview:-1\" \/>\n<link rel=\"canonical\" href=\"https:\/\/ja33.fr\/?page_id=9\" \/>\n<link rel=\"next\" href=\"https:\/\/ja33.fr\/?page_id=9&page=2\" \/>\n<meta property=\"og:locale\" content=\"fr_FR\" \/>\n<meta property=\"og:type\" content=\"article\" \/>\n<meta property=\"og:title\" content=\"Nos Actus - Jeunes Agriculteurs de Gironde\" \/>\n<meta property=\"og:description\" content=\"JANVIER 2026 Contr\u00f4le de camions sur l&rsquo;A10 et la N10 La ratification du trait\u00e9 du Mercosur est en passe d&rsquo;avoir lieu, les annonces pour la crise viticole qui ne sont toujours pas concr\u00e9tis\u00e9es et les d\u00e9dommagements pour les \u00e9leveurs impact\u00e9s par la DNC tardent : tous ces \u00e9l\u00e9ments nous ont pouss\u00e9s \u00e0 r\u00e9agir et \u00e0 &hellip; Lire la suite de\u00ab\u00a0Nos Actus\u00a0\u00bb\" \/>\n<meta property=\"og:url\" content=\"https:\/\/ja33.fr\/?page_id=9\" \/>\n<meta property=\"og:site_name\" content=\"Jeunes Agriculteurs de Gironde\" \/>\n<meta property=\"article:modified_time\" content=\"2026-02-19T07:51:48+00:00\" \/>\n<meta property=\"og:image\" content=\"https:\/\/ja33.fr\/wp-content\/uploads\/2025\/10\/1-2-819x1024.jpg\" \/>\n<meta name=\"twitter:card\" content=\"summary_large_image\" \/>\n<meta name=\"twitter:label1\" content=\"Dur\u00e9e de lecture estim\u00e9e\" \/>\n\t<meta name=\"twitter:data1\" content=\"22 minutes\" \/>\n<script type=\"application\/ld+json\" class=\"yoast-schema-graph\">{\"@context\":\"https:\/\/schema.org\",\"@graph\":[{\"@type\":\"WebPage\",\"@id\":\"https:\/\/ja33.fr\/?page_id=9\",\"url\":\"https:\/\/ja33.fr\/?page_id=9\",\"name\":\"Nos Actus - Jeunes Agriculteurs de Gironde\",\"isPartOf\":{\"@id\":\"https:\/\/ja33.fr\/#website\"},\"primaryImageOfPage\":{\"@id\":\"https:\/\/ja33.fr\/?page_id=9#primaryimage\"},\"image\":{\"@id\":\"https:\/\/ja33.fr\/?page_id=9#primaryimage\"},\"thumbnailUrl\":\"https:\/\/ja33.fr\/wp-content\/uploads\/2025\/10\/1-2-819x1024.jpg\",\"datePublished\":\"2023-10-23T08:14:32+00:00\",\"dateModified\":\"2026-02-19T07:51:48+00:00\",\"inLanguage\":\"fr-FR\",\"potentialAction\":[{\"@type\":\"ReadAction\",\"target\":[\"https:\/\/ja33.fr\/?page_id=9\"]}]},{\"@type\":\"ImageObject\",\"inLanguage\":\"fr-FR\",\"@id\":\"https:\/\/ja33.fr\/?page_id=9#primaryimage\",\"url\":\"https:\/\/ja33.fr\/wp-content\/uploads\/2025\/10\/1-2.jpg\",\"contentUrl\":\"https:\/\/ja33.fr\/wp-content\/uploads\/2025\/10\/1-2.jpg\",\"width\":1080,\"height\":1350},{\"@type\":\"WebSite\",\"@id\":\"https:\/\/ja33.fr\/#website\",\"url\":\"https:\/\/ja33.fr\/\",\"name\":\"Jeunes Agriculteurs de Gironde\",\"description\":\"\",\"publisher\":{\"@id\":\"https:\/\/ja33.fr\/#organization\"},\"potentialAction\":[{\"@type\":\"SearchAction\",\"target\":{\"@type\":\"EntryPoint\",\"urlTemplate\":\"https:\/\/ja33.fr\/?s={search_term_string}\"},\"query-input\":{\"@type\":\"PropertyValueSpecification\",\"valueRequired\":true,\"valueName\":\"search_term_string\"}}],\"inLanguage\":\"fr-FR\"},{\"@type\":\"Organization\",\"@id\":\"https:\/\/ja33.fr\/#organization\",\"name\":\"Jeunes Agriculteurs de Gironde\",\"url\":\"https:\/\/ja33.fr\/\",\"logo\":{\"@type\":\"ImageObject\",\"inLanguage\":\"fr-FR\",\"@id\":\"https:\/\/ja33.fr\/#\/schema\/logo\/image\/\",\"url\":\"https:\/\/ja33.fr\/wp-content\/uploads\/2023\/11\/Logo_JA33_blanc.png\",\"contentUrl\":\"https:\/\/ja33.fr\/wp-content\/uploads\/2023\/11\/Logo_JA33_blanc.png\",\"width\":2235,\"height\":1955,\"caption\":\"Jeunes Agriculteurs de Gironde\"},\"image\":{\"@id\":\"https:\/\/ja33.fr\/#\/schema\/logo\/image\/\"}}]}<\/script>\n<!-- \/ Yoast SEO plugin. -->","yoast_head_json":{"title":"Nos Actus - Jeunes Agriculteurs de Gironde","robots":{"index":"index","follow":"follow","max-snippet":"max-snippet:-1","max-image-preview":"max-image-preview:large","max-video-preview":"max-video-preview:-1"},"canonical":"https:\/\/ja33.fr\/?page_id=9","next":"https:\/\/ja33.fr\/?page_id=9&page=2","og_locale":"fr_FR","og_type":"article","og_title":"Nos Actus - Jeunes Agriculteurs de Gironde","og_description":"JANVIER 2026 Contr\u00f4le de camions sur l&rsquo;A10 et la N10 La ratification du trait\u00e9 du Mercosur est en passe d&rsquo;avoir lieu, les annonces pour la crise viticole qui ne sont toujours pas concr\u00e9tis\u00e9es et les d\u00e9dommagements pour les \u00e9leveurs impact\u00e9s par la DNC tardent : tous ces \u00e9l\u00e9ments nous ont pouss\u00e9s \u00e0 r\u00e9agir et \u00e0 &hellip; Lire la suite de\u00ab\u00a0Nos Actus\u00a0\u00bb","og_url":"https:\/\/ja33.fr\/?page_id=9","og_site_name":"Jeunes Agriculteurs de Gironde","article_modified_time":"2026-02-19T07:51:48+00:00","og_image":[{"url":"https:\/\/ja33.fr\/wp-content\/uploads\/2025\/10\/1-2-819x1024.jpg"}],"twitter_card":"summary_large_image","twitter_misc":{"Dur\u00e9e de lecture estim\u00e9e":"22 minutes"},"schema":{"@context":"https:\/\/schema.org","@graph":[{"@type":"WebPage","@id":"https:\/\/ja33.fr\/?page_id=9","url":"https:\/\/ja33.fr\/?page_id=9","name":"Nos Actus - Jeunes Agriculteurs de Gironde","isPartOf":{"@id":"https:\/\/ja33.fr\/#website"},"primaryImageOfPage":{"@id":"https:\/\/ja33.fr\/?page_id=9#primaryimage"},"image":{"@id":"https:\/\/ja33.fr\/?page_id=9#primaryimage"},"thumbnailUrl":"https:\/\/ja33.fr\/wp-content\/uploads\/2025\/10\/1-2-819x1024.jpg","datePublished":"2023-10-23T08:14:32+00:00","dateModified":"2026-02-19T07:51:48+00:00","inLanguage":"fr-FR","potentialAction":[{"@type":"ReadAction","target":["https:\/\/ja33.fr\/?page_id=9"]}]},{"@type":"ImageObject","inLanguage":"fr-FR","@id":"https:\/\/ja33.fr\/?page_id=9#primaryimage","url":"https:\/\/ja33.fr\/wp-content\/uploads\/2025\/10\/1-2.jpg","contentUrl":"https:\/\/ja33.fr\/wp-content\/uploads\/2025\/10\/1-2.jpg","width":1080,"height":1350},{"@type":"WebSite","@id":"https:\/\/ja33.fr\/#website","url":"https:\/\/ja33.fr\/","name":"Jeunes Agriculteurs de Gironde","description":"","publisher":{"@id":"https:\/\/ja33.fr\/#organization"},"potentialAction":[{"@type":"SearchAction","target":{"@type":"EntryPoint","urlTemplate":"https:\/\/ja33.fr\/?s={search_term_string}"},"query-input":{"@type":"PropertyValueSpecification","valueRequired":true,"valueName":"search_term_string"}}],"inLanguage":"fr-FR"},{"@type":"Organization","@id":"https:\/\/ja33.fr\/#organization","name":"Jeunes Agriculteurs de Gironde","url":"https:\/\/ja33.fr\/","logo":{"@type":"ImageObject","inLanguage":"fr-FR","@id":"https:\/\/ja33.fr\/#\/schema\/logo\/image\/","url":"https:\/\/ja33.fr\/wp-content\/uploads\/2023\/11\/Logo_JA33_blanc.png","contentUrl":"https:\/\/ja33.fr\/wp-content\/uploads\/2023\/11\/Logo_JA33_blanc.png","width":2235,"height":1955,"caption":"Jeunes Agriculteurs de Gironde"},"image":{"@id":"https:\/\/ja33.fr\/#\/schema\/logo\/image\/"}}]}},"_links":{"self":[{"href":"https:\/\/ja33.fr\/index.php?rest_route=\/wp\/v2\/pages\/9","targetHints":{"allow":["GET"]}}],"collection":[{"href":"https:\/\/ja33.fr\/index.php?rest_route=\/wp\/v2\/pages"}],"about":[{"href":"https:\/\/ja33.fr\/index.php?rest_route=\/wp\/v2\/types\/page"}],"author":[{"embeddable":true,"href":"https:\/\/ja33.fr\/index.php?rest_route=\/wp\/v2\/users\/1"}],"replies":[{"embeddable":true,"href":"https:\/\/ja33.fr\/index.php?rest_route=%2Fwp%2Fv2%2Fcomments&post=9"}],"version-history":[{"count":129,"href":"https:\/\/ja33.fr\/index.php?rest_route=\/wp\/v2\/pages\/9\/revisions"}],"predecessor-version":[{"id":1745,"href":"https:\/\/ja33.fr\/index.php?rest_route=\/wp\/v2\/pages\/9\/revisions\/1745"}],"wp:attachment":[{"href":"https:\/\/ja33.fr\/index.php?rest_route=%2Fwp%2Fv2%2Fmedia&parent=9"}],"curies":[{"name":"wp","href":"https:\/\/api.w.org\/{rel}","templated":true}]}}