{"id":421,"date":"2023-10-31T09:00:38","date_gmt":"2023-10-31T08:00:38","guid":{"rendered":"https:\/\/ja33.fr\/?page_id=421"},"modified":"2025-11-04T11:48:22","modified_gmt":"2025-11-04T10:48:22","slug":"rejoignez-nous-2","status":"publish","type":"page","link":"https:\/\/ja33.fr\/?page_id=421","title":{"rendered":"Nous rejoindre"},"content":{"rendered":"\n<div class=\"wp-block-cover alignfull is-light\" style=\"min-height:470px;aspect-ratio:unset;\"><video class=\"wp-block-cover__video-background intrinsic-ignore\" autoplay muted loop playsinline src=\"https:\/\/ja33.fr\/wp-content\/uploads\/2023\/11\/Design-sans-titre-4.mp4\" data-object-fit=\"cover\"><\/video><span aria-hidden=\"true\" class=\"wp-block-cover__background has-background-dim-20 has-background-dim\"><\/span><div class=\"wp-block-cover__inner-container is-layout-flow wp-block-cover-is-layout-flow\">\n<p class=\"has-text-align-center has-white-color has-text-color\" style=\"font-size:clamp(37.821px, 2.364rem + ((1vw - 3.2px) * 2.848), 70px);font-style:normal;font-weight:900\"><strong>Nous rejoindre <\/strong><\/p>\n<\/div><\/div>\n\n\n\n<div style=\"height:18px\" aria-hidden=\"true\" class=\"wp-block-spacer\"><\/div>\n\n\n\n<div class=\"wp-block-group alignfull has-background has-global-padding is-layout-constrained wp-block-group-is-layout-constrained\" style=\"background-color:#d6d6d6\">\n<div class=\"wp-block-group has-global-padding is-layout-constrained wp-block-group-is-layout-constrained\" style=\"padding-top:var(--wp--preset--spacing--small);padding-bottom:var(--wp--preset--spacing--small)\">\n<div style=\"height:30px\" aria-hidden=\"true\" class=\"wp-block-spacer\"><\/div>\n\n\n\n<div class=\"wp-block-columns are-vertically-aligned-center is-layout-flex wp-container-core-columns-is-layout-28f84493 wp-block-columns-is-layout-flex\">\n<div class=\"wp-block-column is-vertically-aligned-center is-layout-flow wp-block-column-is-layout-flow\">\n<figure class=\"wp-block-image size-full\"><img fetchpriority=\"high\" decoding=\"async\" width=\"900\" height=\"600\" src=\"https:\/\/ja33.fr\/wp-content\/uploads\/2023\/11\/taille-photos-evenements-2-1.png\" alt=\"\" class=\"wp-image-1010\" srcset=\"https:\/\/ja33.fr\/wp-content\/uploads\/2023\/11\/taille-photos-evenements-2-1.png 900w, https:\/\/ja33.fr\/wp-content\/uploads\/2023\/11\/taille-photos-evenements-2-1-300x200.png 300w, https:\/\/ja33.fr\/wp-content\/uploads\/2023\/11\/taille-photos-evenements-2-1-768x512.png 768w, https:\/\/ja33.fr\/wp-content\/uploads\/2023\/11\/taille-photos-evenements-2-1-600x400.png 600w\" sizes=\"(max-width: 900px) 100vw, 900px\" \/><\/figure>\n<\/div>\n\n\n\n<div class=\"wp-block-column is-vertically-aligned-center is-layout-flow wp-block-column-is-layout-flow\">\n<h2 class=\"wp-block-heading\" style=\"font-size:clamp(14px, 0.875rem + ((1vw - 3.2px) * 0.531), 20px);\">Et si vous aussi vous faisiez partie de la team ?<\/h2>\n\n\n\n<p>Vous pourrez \u00e9changer et partager votre exp\u00e9rience avec d\u2019autres jeunes. Vous \u00e9voluerez dans le milieu professionnel en rencontrant des responsables d\u2019OPA. Vous participerez aux \u00e9v\u00e8nements de promotions du m\u00e9tier ! Et bien plus encore ! <\/p>\n\n\n\n<p>Vous profiterez de nombreux avantages !<\/p>\n\n\n\n<p style=\"font-size:clamp(14px, 0.875rem + ((1vw - 3.2px) * 0.265), 17px);\">Alors\u2026 Vous nous rejoignez ?<\/p>\n<\/div>\n<\/div>\n<\/div>\n<\/div>\n\n\n\n<div class=\"wp-block-group alignfull has-background has-global-padding is-layout-constrained wp-block-group-is-layout-constrained\" style=\"background-color:#d6d6d6\">\n<div class=\"wp-block-group has-global-padding is-layout-constrained wp-block-group-is-layout-constrained\" style=\"padding-top:var(--wp--preset--spacing--small);padding-bottom:var(--wp--preset--spacing--small)\">\n<div class=\"wp-block-columns are-vertically-aligned-center is-layout-flex wp-container-core-columns-is-layout-28f84493 wp-block-columns-is-layout-flex\">\n<div class=\"wp-block-column is-vertically-aligned-center is-layout-flow wp-block-column-is-layout-flow\">\n<figure class=\"wp-block-image size-large\"><img decoding=\"async\" width=\"1024\" height=\"684\" src=\"https:\/\/ja33.fr\/wp-content\/uploads\/2023\/11\/cytonn-photography-GJao3ZTX9gU-unsplash-1024x684.jpg\" alt=\"\" class=\"wp-image-635\" srcset=\"https:\/\/ja33.fr\/wp-content\/uploads\/2023\/11\/cytonn-photography-GJao3ZTX9gU-unsplash-1024x684.jpg 1024w, https:\/\/ja33.fr\/wp-content\/uploads\/2023\/11\/cytonn-photography-GJao3ZTX9gU-unsplash-300x200.jpg 300w, https:\/\/ja33.fr\/wp-content\/uploads\/2023\/11\/cytonn-photography-GJao3ZTX9gU-unsplash-768x513.jpg 768w, https:\/\/ja33.fr\/wp-content\/uploads\/2023\/11\/cytonn-photography-GJao3ZTX9gU-unsplash-1536x1025.jpg 1536w, https:\/\/ja33.fr\/wp-content\/uploads\/2023\/11\/cytonn-photography-GJao3ZTX9gU-unsplash-2048x1367.jpg 2048w, https:\/\/ja33.fr\/wp-content\/uploads\/2023\/11\/cytonn-photography-GJao3ZTX9gU-unsplash-2000x1335.jpg 2000w, https:\/\/ja33.fr\/wp-content\/uploads\/2023\/11\/cytonn-photography-GJao3ZTX9gU-unsplash-600x401.jpg 600w, https:\/\/ja33.fr\/wp-content\/uploads\/2023\/11\/cytonn-photography-GJao3ZTX9gU-unsplash-1200x801.jpg 1200w\" sizes=\"(max-width: 1024px) 100vw, 1024px\" \/><\/figure>\n<\/div>\n\n\n\n<div class=\"wp-block-column is-vertically-aligned-center is-layout-flow wp-block-column-is-layout-flow\">\n<h2 class=\"wp-block-heading\" style=\"font-size:clamp(14px, 0.875rem + ((1vw - 3.2px) * 0.531), 20px);\">Formulaire d&rsquo;inscription<\/h2>\n\n\n\n<p>Remplir le formulaire et nous le retourner \u00e0 l&rsquo;adresse suivante accompagn\u00e9 d&rsquo;un ch\u00e8que, \u00e0 l&rsquo;ordre des JA33 :<\/p>\n\n\n\n<p>17 Cours Xavier Arnozan 33000 Bordeaux<\/p>\n\n\n\n<div class=\"wp-block-file\"><a id=\"wp-block-file--media-18d1d3af-198c-4b3b-978f-1bb3c32191a7\" href=\"https:\/\/ja33.fr\/wp-content\/uploads\/2025\/11\/Bulletin-Adh-2026-1.pdf\">Bulletin Adh 2026<\/a><a href=\"https:\/\/ja33.fr\/wp-content\/uploads\/2025\/11\/Bulletin-Adh-2026-1.pdf\" class=\"wp-block-file__button wp-element-button\" download aria-describedby=\"wp-block-file--media-18d1d3af-198c-4b3b-978f-1bb3c32191a7\">T\u00e9l\u00e9charger<\/a><\/div>\n<\/div>\n<\/div>\n<\/div>\n<\/div>\n\n\n\n<div style=\"height:40px\" aria-hidden=\"true\" class=\"wp-block-spacer\"><\/div>\n","protected":false},"excerpt":{"rendered":"<p>Et si vous aussi vous faisiez partie de la team ? Vous pourrez \u00e9changer et partager votre exp\u00e9rience avec d\u2019autres jeunes. Vous \u00e9voluerez dans le milieu professionnel en rencontrant des responsables d\u2019OPA. Vous participerez aux \u00e9v\u00e8nements de promotions du m\u00e9tier ! Et bien plus encore ! Vous profiterez de nombreux avantages ! Alors\u2026 Vous nous &hellip; <\/p>\n<p class=\"link-more\"><a href=\"https:\/\/ja33.fr\/?page_id=421\" class=\"more-link\">Lire la suite de<span class=\"screen-reader-text\">\u00ab\u00a0Nous rejoindre\u00a0\u00bb<\/span><\/a><\/p>\n","protected":false},"author":1,"featured_media":0,"parent":0,"menu_order":0,"comment_status":"closed","ping_status":"closed","template":"page-templates\/full-width-transparent.php","meta":{"_seopress_robots_primary_cat":"","_seopress_titles_title":"","_seopress_titles_desc":"","_seopress_robots_index":"","footnotes":""},"class_list":["post-421","page","type-page","status-publish","hentry"],"yoast_head":"<!-- This site is optimized with the Yoast SEO plugin v23.5 - https:\/\/yoast.com\/wordpress\/plugins\/seo\/ -->\n<title>Nous rejoindre - Jeunes Agriculteurs de Gironde<\/title>\n<meta name=\"robots\" content=\"index, follow, max-snippet:-1, max-image-preview:large, max-video-preview:-1\" \/>\n<link rel=\"canonical\" href=\"https:\/\/ja33.fr\/?page_id=421\" \/>\n<meta property=\"og:locale\" content=\"fr_FR\" \/>\n<meta property=\"og:type\" content=\"article\" \/>\n<meta property=\"og:title\" content=\"Nous rejoindre - Jeunes Agriculteurs de Gironde\" \/>\n<meta property=\"og:description\" content=\"Et si vous aussi vous faisiez partie de la team ? Vous pourrez \u00e9changer et partager votre exp\u00e9rience avec d\u2019autres jeunes. Vous \u00e9voluerez dans le milieu professionnel en rencontrant des responsables d\u2019OPA. Vous participerez aux \u00e9v\u00e8nements de promotions du m\u00e9tier ! Et bien plus encore ! Vous profiterez de nombreux avantages ! Alors\u2026 Vous nous &hellip; Lire la suite de\u00ab\u00a0Nous rejoindre\u00a0\u00bb\" \/>\n<meta property=\"og:url\" content=\"https:\/\/ja33.fr\/?page_id=421\" \/>\n<meta property=\"og:site_name\" content=\"Jeunes Agriculteurs de Gironde\" \/>\n<meta property=\"article:modified_time\" content=\"2025-11-04T10:48:22+00:00\" \/>\n<meta property=\"og:image\" content=\"https:\/\/ja33.fr\/wp-content\/uploads\/2023\/11\/taille-photos-evenements-2-1.png\" \/>\n<meta name=\"twitter:card\" content=\"summary_large_image\" \/>\n<meta name=\"twitter:label1\" content=\"Dur\u00e9e de lecture estim\u00e9e\" \/>\n\t<meta name=\"twitter:data1\" content=\"1 minute\" \/>\n<script type=\"application\/ld+json\" class=\"yoast-schema-graph\">{\"@context\":\"https:\/\/schema.org\",\"@graph\":[{\"@type\":\"WebPage\",\"@id\":\"https:\/\/ja33.fr\/?page_id=421\",\"url\":\"https:\/\/ja33.fr\/?page_id=421\",\"name\":\"Nous rejoindre - Jeunes Agriculteurs de Gironde\",\"isPartOf\":{\"@id\":\"https:\/\/ja33.fr\/#website\"},\"primaryImageOfPage\":{\"@id\":\"https:\/\/ja33.fr\/?page_id=421#primaryimage\"},\"image\":{\"@id\":\"https:\/\/ja33.fr\/?page_id=421#primaryimage\"},\"thumbnailUrl\":\"https:\/\/ja33.fr\/wp-content\/uploads\/2023\/11\/taille-photos-evenements-2-1.png\",\"datePublished\":\"2023-10-31T08:00:38+00:00\",\"dateModified\":\"2025-11-04T10:48:22+00:00\",\"breadcrumb\":{\"@id\":\"https:\/\/ja33.fr\/?page_id=421#breadcrumb\"},\"inLanguage\":\"fr-FR\",\"potentialAction\":[{\"@type\":\"ReadAction\",\"target\":[\"https:\/\/ja33.fr\/?page_id=421\"]}]},{\"@type\":\"ImageObject\",\"inLanguage\":\"fr-FR\",\"@id\":\"https:\/\/ja33.fr\/?page_id=421#primaryimage\",\"url\":\"https:\/\/ja33.fr\/wp-content\/uploads\/2023\/11\/taille-photos-evenements-2-1.png\",\"contentUrl\":\"https:\/\/ja33.fr\/wp-content\/uploads\/2023\/11\/taille-photos-evenements-2-1.png\",\"width\":900,\"height\":600},{\"@type\":\"BreadcrumbList\",\"@id\":\"https:\/\/ja33.fr\/?page_id=421#breadcrumb\",\"itemListElement\":[{\"@type\":\"ListItem\",\"position\":1,\"name\":\"Accueil\",\"item\":\"https:\/\/ja33.fr\/\"},{\"@type\":\"ListItem\",\"position\":2,\"name\":\"Nous rejoindre\"}]},{\"@type\":\"WebSite\",\"@id\":\"https:\/\/ja33.fr\/#website\",\"url\":\"https:\/\/ja33.fr\/\",\"name\":\"Jeunes Agriculteurs de Gironde\",\"description\":\"\",\"publisher\":{\"@id\":\"https:\/\/ja33.fr\/#organization\"},\"potentialAction\":[{\"@type\":\"SearchAction\",\"target\":{\"@type\":\"EntryPoint\",\"urlTemplate\":\"https:\/\/ja33.fr\/?s={search_term_string}\"},\"query-input\":{\"@type\":\"PropertyValueSpecification\",\"valueRequired\":true,\"valueName\":\"search_term_string\"}}],\"inLanguage\":\"fr-FR\"},{\"@type\":\"Organization\",\"@id\":\"https:\/\/ja33.fr\/#organization\",\"name\":\"Jeunes Agriculteurs de Gironde\",\"url\":\"https:\/\/ja33.fr\/\",\"logo\":{\"@type\":\"ImageObject\",\"inLanguage\":\"fr-FR\",\"@id\":\"https:\/\/ja33.fr\/#\/schema\/logo\/image\/\",\"url\":\"https:\/\/ja33.fr\/wp-content\/uploads\/2023\/11\/Logo_JA33_blanc.png\",\"contentUrl\":\"https:\/\/ja33.fr\/wp-content\/uploads\/2023\/11\/Logo_JA33_blanc.png\",\"width\":2235,\"height\":1955,\"caption\":\"Jeunes Agriculteurs de Gironde\"},\"image\":{\"@id\":\"https:\/\/ja33.fr\/#\/schema\/logo\/image\/\"}}]}<\/script>\n<!-- \/ Yoast SEO plugin. -->","yoast_head_json":{"title":"Nous rejoindre - Jeunes Agriculteurs de Gironde","robots":{"index":"index","follow":"follow","max-snippet":"max-snippet:-1","max-image-preview":"max-image-preview:large","max-video-preview":"max-video-preview:-1"},"canonical":"https:\/\/ja33.fr\/?page_id=421","og_locale":"fr_FR","og_type":"article","og_title":"Nous rejoindre - Jeunes Agriculteurs de Gironde","og_description":"Et si vous aussi vous faisiez partie de la team ? Vous pourrez \u00e9changer et partager votre exp\u00e9rience avec d\u2019autres jeunes. Vous \u00e9voluerez dans le milieu professionnel en rencontrant des responsables d\u2019OPA. Vous participerez aux \u00e9v\u00e8nements de promotions du m\u00e9tier ! Et bien plus encore ! Vous profiterez de nombreux avantages ! Alors\u2026 Vous nous &hellip; Lire la suite de\u00ab\u00a0Nous rejoindre\u00a0\u00bb","og_url":"https:\/\/ja33.fr\/?page_id=421","og_site_name":"Jeunes Agriculteurs de Gironde","article_modified_time":"2025-11-04T10:48:22+00:00","og_image":[{"url":"https:\/\/ja33.fr\/wp-content\/uploads\/2023\/11\/taille-photos-evenements-2-1.png"}],"twitter_card":"summary_large_image","twitter_misc":{"Dur\u00e9e de lecture estim\u00e9e":"1 minute"},"schema":{"@context":"https:\/\/schema.org","@graph":[{"@type":"WebPage","@id":"https:\/\/ja33.fr\/?page_id=421","url":"https:\/\/ja33.fr\/?page_id=421","name":"Nous rejoindre - Jeunes Agriculteurs de Gironde","isPartOf":{"@id":"https:\/\/ja33.fr\/#website"},"primaryImageOfPage":{"@id":"https:\/\/ja33.fr\/?page_id=421#primaryimage"},"image":{"@id":"https:\/\/ja33.fr\/?page_id=421#primaryimage"},"thumbnailUrl":"https:\/\/ja33.fr\/wp-content\/uploads\/2023\/11\/taille-photos-evenements-2-1.png","datePublished":"2023-10-31T08:00:38+00:00","dateModified":"2025-11-04T10:48:22+00:00","breadcrumb":{"@id":"https:\/\/ja33.fr\/?page_id=421#breadcrumb"},"inLanguage":"fr-FR","potentialAction":[{"@type":"ReadAction","target":["https:\/\/ja33.fr\/?page_id=421"]}]},{"@type":"ImageObject","inLanguage":"fr-FR","@id":"https:\/\/ja33.fr\/?page_id=421#primaryimage","url":"https:\/\/ja33.fr\/wp-content\/uploads\/2023\/11\/taille-photos-evenements-2-1.png","contentUrl":"https:\/\/ja33.fr\/wp-content\/uploads\/2023\/11\/taille-photos-evenements-2-1.png","width":900,"height":600},{"@type":"BreadcrumbList","@id":"https:\/\/ja33.fr\/?page_id=421#breadcrumb","itemListElement":[{"@type":"ListItem","position":1,"name":"Accueil","item":"https:\/\/ja33.fr\/"},{"@type":"ListItem","position":2,"name":"Nous rejoindre"}]},{"@type":"WebSite","@id":"https:\/\/ja33.fr\/#website","url":"https:\/\/ja33.fr\/","name":"Jeunes Agriculteurs de Gironde","description":"","publisher":{"@id":"https:\/\/ja33.fr\/#organization"},"potentialAction":[{"@type":"SearchAction","target":{"@type":"EntryPoint","urlTemplate":"https:\/\/ja33.fr\/?s={search_term_string}"},"query-input":{"@type":"PropertyValueSpecification","valueRequired":true,"valueName":"search_term_string"}}],"inLanguage":"fr-FR"},{"@type":"Organization","@id":"https:\/\/ja33.fr\/#organization","name":"Jeunes Agriculteurs de Gironde","url":"https:\/\/ja33.fr\/","logo":{"@type":"ImageObject","inLanguage":"fr-FR","@id":"https:\/\/ja33.fr\/#\/schema\/logo\/image\/","url":"https:\/\/ja33.fr\/wp-content\/uploads\/2023\/11\/Logo_JA33_blanc.png","contentUrl":"https:\/\/ja33.fr\/wp-content\/uploads\/2023\/11\/Logo_JA33_blanc.png","width":2235,"height":1955,"caption":"Jeunes Agriculteurs de Gironde"},"image":{"@id":"https:\/\/ja33.fr\/#\/schema\/logo\/image\/"}}]}},"_links":{"self":[{"href":"https:\/\/ja33.fr\/index.php?rest_route=\/wp\/v2\/pages\/421","targetHints":{"allow":["GET"]}}],"collection":[{"href":"https:\/\/ja33.fr\/index.php?rest_route=\/wp\/v2\/pages"}],"about":[{"href":"https:\/\/ja33.fr\/index.php?rest_route=\/wp\/v2\/types\/page"}],"author":[{"embeddable":true,"href":"https:\/\/ja33.fr\/index.php?rest_route=\/wp\/v2\/users\/1"}],"replies":[{"embeddable":true,"href":"https:\/\/ja33.fr\/index.php?rest_route=%2Fwp%2Fv2%2Fcomments&post=421"}],"version-history":[{"count":71,"href":"https:\/\/ja33.fr\/index.php?rest_route=\/wp\/v2\/pages\/421\/revisions"}],"predecessor-version":[{"id":1671,"href":"https:\/\/ja33.fr\/index.php?rest_route=\/wp\/v2\/pages\/421\/revisions\/1671"}],"wp:attachment":[{"href":"https:\/\/ja33.fr\/index.php?rest_route=%2Fwp%2Fv2%2Fmedia&parent=421"}],"curies":[{"name":"wp","href":"https:\/\/api.w.org\/{rel}","templated":true}]}}