{"id":353,"date":"2023-10-27T15:38:48","date_gmt":"2023-10-27T13:38:48","guid":{"rendered":"https:\/\/ja33.fr\/?page_id=353"},"modified":"2026-02-13T11:52:29","modified_gmt":"2026-02-13T10:52:29","slug":"evenements-2","status":"publish","type":"page","link":"https:\/\/ja33.fr\/?page_id=353","title":{"rendered":"\u00c9v\u00e9nements"},"content":{"rendered":"\n<div class=\"wp-block-cover alignfull is-light\" style=\"min-height:420px;aspect-ratio:unset;\"><video class=\"wp-block-cover__video-background intrinsic-ignore\" autoplay muted loop playsinline src=\"https:\/\/ja33.fr\/wp-content\/uploads\/2023\/11\/Videos-banniere-site-5.mp4\" data-object-fit=\"cover\"><\/video><span aria-hidden=\"true\" class=\"wp-block-cover__background has-background-dim-20 has-background-dim\"><\/span><div class=\"wp-block-cover__inner-container is-layout-flow wp-block-cover-is-layout-flow\">\n<p class=\"has-text-align-center has-white-color has-text-color\" style=\"font-size:clamp(37.821px, 2.364rem + ((1vw - 3.2px) * 2.848), 70px);font-style:normal;font-weight:900\">\u00c9v\u00e9nements<\/p>\n<\/div><\/div>\n\n\n\n<h1 class=\"wp-block-heading has-text-align-center has-white-color has-text-color has-background has-link-color wp-elements-22778a5d20be2ba30fe41972324934c2\" style=\"background-color:#63cac9;font-size:clamp(26.465px, 1.654rem + ((1vw - 3.2px) * 1.64), 45px);\">Ann\u00e9e 2026<\/h1>\n\n\n\n<div class=\"wp-block-media-text is-stacked-on-mobile\" style=\"grid-template-columns:35% auto\"><figure class=\"wp-block-media-text__media\"><img fetchpriority=\"high\" decoding=\"async\" width=\"1024\" height=\"768\" src=\"https:\/\/ja33.fr\/wp-content\/uploads\/2026\/02\/WhatsApp-Image-2026-02-09-at-14.58.19-1-1024x768.jpeg\" alt=\"\" class=\"wp-image-1743 size-full\" srcset=\"https:\/\/ja33.fr\/wp-content\/uploads\/2026\/02\/WhatsApp-Image-2026-02-09-at-14.58.19-1-1024x768.jpeg 1024w, https:\/\/ja33.fr\/wp-content\/uploads\/2026\/02\/WhatsApp-Image-2026-02-09-at-14.58.19-1-300x225.jpeg 300w, https:\/\/ja33.fr\/wp-content\/uploads\/2026\/02\/WhatsApp-Image-2026-02-09-at-14.58.19-1-2000x1500.jpeg 2000w, https:\/\/ja33.fr\/wp-content\/uploads\/2026\/02\/WhatsApp-Image-2026-02-09-at-14.58.19-1.jpeg 2048w\" sizes=\"(max-width: 1024px) 100vw, 1024px\" \/><\/figure><div class=\"wp-block-media-text__content\">\n<h2 class=\"wp-block-heading\">Forum Installation<\/h2>\n\n\n\n<p class=\"has-small-font-size\">Jeudi 05 f\u00e9vrier 2026 s\u2019est d\u00e9roul\u00e9 la 31<sup>e<\/sup> \u00e9dition du Forum \u00e0 l\u2019Installation. Cette ann\u00e9e, les \u00e9tudiants en formation agricole avaient \u00e0 nouveau rendez-vous au lyc\u00e9e agricole de Libourne-Montagne. Cette journ\u00e9e \u00e9tait consacr\u00e9e \u00e0 l\u2019installation en agriculture.<\/p>\n\n\n\n<p class=\"has-small-font-size\">La matin\u00e9e a \u00e9t\u00e9 anim\u00e9e par les \u00e9tudiants eux-m\u00eames. Depuis plusieurs mois, ils ont r\u00e9p\u00e9t\u00e9 les sketchs sur les diff\u00e9rentes \u00e9tapes de l&rsquo;installation. Les partenaires ont pu les accompagner \u00e9galement. L&rsquo;apr\u00e8s-midi s&rsquo;organise sous forme de conf\u00e9rence. Cette ann\u00e9e, le th\u00e8me \u00e9tait le suivant : \u00ab\u00a0Comment l&rsquo;IA et les nouvelles technologies transforment l&rsquo;Agriculture ?\u00a0\u00bb 3 experts et 1 JA sont venus t\u00e9moign\u00e9s :<\/p>\n\n\n\n<ul class=\"wp-block-list\">\n<li>Adel BAKACHE \u2013 Chambre d\u2019Agriculture de Gironde<\/li>\n\n\n\n<li>Rodolphe GERARD \u2013 Soci\u00e9t\u00e9 Vitibot<\/li>\n\n\n\n<li>Patrice LE FOLL \u2013 Soci\u00e9t\u00e9 Drones Experts<\/li>\n\n\n\n<li>Maximilien DAUCHY \u2013 JA33<\/li>\n<\/ul>\n\n\n\n<p class=\"has-small-font-size\">Merci \u00e0 tous les participants d&rsquo;avoir jou\u00e9 le jeu : le CFA de la R\u00e9ole, l&rsquo;ISNAB, le LEGTA de Montagne et le CFA de Blanquefort. A la ferme de Bouchet Pin Franc d\u2019\u00eatre venue nourrir l&rsquo;ensemble des personnes pr\u00e9sentes. Enfin, nous remercions nos partenaires qui nous soutiennent dans l&rsquo;organisation de cet \u00e9v\u00e8nement ! <\/p>\n<\/div><\/div>\n\n\n\n<h1 class=\"wp-block-heading has-text-align-center has-white-color has-text-color has-background has-link-color wp-elements-b59223c16825677457b91e2e126cf42f\" style=\"background-color:#63cac9;font-size:clamp(26.465px, 1.654rem + ((1vw - 3.2px) * 1.64), 45px);\">Ann\u00e9e 2025<\/h1>\n\n\n\n<div class=\"wp-block-media-text has-media-on-the-right is-stacked-on-mobile\" style=\"margin-top:var(--wp--preset--spacing--x-small);margin-right:var(--wp--preset--spacing--x-small);margin-bottom:var(--wp--preset--spacing--x-small);margin-left:var(--wp--preset--spacing--x-small);padding-top:var(--wp--preset--spacing--x-small);padding-right:var(--wp--preset--spacing--x-small);padding-bottom:var(--wp--preset--spacing--x-small);padding-left:var(--wp--preset--spacing--x-small);grid-template-columns:auto 35%\"><div class=\"wp-block-media-text__content\">\n<h2 class=\"wp-block-heading\">Journ\u00e9e portes ouvertes<\/h2>\n\n\n\n<p class=\"has-text-align-left\">Jeudi 27 novembre, les \u00e9tudiants du CFA de La R\u00e9ole se sont rendus chez Thomas Cazaudumec, un jeune horticulteur install\u00e9 depuis peu sur la commune de La R\u00e9ole. Une vingtaine d&rsquo;\u00e9tudiants \u00e9taient pr\u00e9sents lors de cet apr\u00e8s-midi. Ces derniers ont montr\u00e9 beaucoup d&rsquo;int\u00e9r\u00eat en posant des questions diverses et vari\u00e9es cr\u00e9ant ainsi un moment d\u2019\u00e9change positif entre Thomas et les agriculteurs de demain. Les partenaires \u00e0 l\u2019installation \u00e9taient \u00e9galement pr\u00e9sents et ont pu prendre la parole. Cela a permis de retracer une partie du parcours \u00e0 l\u2019installation d\u2019un jeune agriculteur et d\u2019avoir directement les t\u00e9moignages et analyses des professionnels.<\/p>\n\n\n\n<p>Le vendredi 16 janvier s\u2019est d\u00e9roul\u00e9e notre deuxi\u00e8me journ\u00e9e portes ouvertes. Une  trentaine d\u2019\u00e9tudiants en formation agricole et les professionnels avaient rendez-vous chez Nicolas Lemen au Ch\u00e2teau Belair Saint-Georges. Ils ont pu visiter l\u2019exploitation et poser toutes leurs questions au viticulteur. L\u00e0 aussi, un v\u00e9ritable moment d\u2019\u00e9change s\u2019est cr\u00e9\u00e9 entre Nicolas et les \u00e9tudiants. Les partenaires qui ont accompagn\u00e9 Nicolas tout au long de son installation ont \u00e9galement eu un moment de parole. Ces \u00e9changes ont permis aux \u00e9tudiants de mieux appr\u00e9hender le parcours \u00e0 l\u2019installation avec ces t\u00e9moignages. <\/p>\n<\/div><figure class=\"wp-block-media-text__media\"><img decoding=\"async\" width=\"1024\" height=\"768\" src=\"https:\/\/ja33.fr\/wp-content\/uploads\/2025\/12\/IMG_6589-1024x768.jpg\" alt=\"\" class=\"wp-image-1685 size-full\" srcset=\"https:\/\/ja33.fr\/wp-content\/uploads\/2025\/12\/IMG_6589-1024x768.jpg 1024w, https:\/\/ja33.fr\/wp-content\/uploads\/2025\/12\/IMG_6589-300x225.jpg 300w, https:\/\/ja33.fr\/wp-content\/uploads\/2025\/12\/IMG_6589-2000x1500.jpg 2000w\" sizes=\"(max-width: 1024px) 100vw, 1024px\" \/><\/figure><\/div>\n\n\n\n<div class=\"wp-block-media-text is-stacked-on-mobile\" style=\"margin-top:var(--wp--preset--spacing--x-small);margin-right:var(--wp--preset--spacing--x-small);margin-bottom:var(--wp--preset--spacing--x-small);margin-left:var(--wp--preset--spacing--x-small);padding-top:var(--wp--preset--spacing--x-small);padding-right:var(--wp--preset--spacing--x-small);padding-bottom:var(--wp--preset--spacing--x-small);padding-left:var(--wp--preset--spacing--x-small);grid-template-columns:40% auto\"><figure class=\"wp-block-media-text__media\"><img decoding=\"async\" width=\"1024\" height=\"768\" src=\"https:\/\/ja33.fr\/wp-content\/uploads\/2025\/09\/IMG-20250909-WA0012-1024x768.jpg\" alt=\"\" class=\"wp-image-1634 size-full\" srcset=\"https:\/\/ja33.fr\/wp-content\/uploads\/2025\/09\/IMG-20250909-WA0012-1024x768.jpg 1024w, https:\/\/ja33.fr\/wp-content\/uploads\/2025\/09\/IMG-20250909-WA0012-300x225.jpg 300w, https:\/\/ja33.fr\/wp-content\/uploads\/2025\/09\/IMG-20250909-WA0012.jpg 2000w\" sizes=\"(max-width: 1024px) 100vw, 1024px\" \/><\/figure><div class=\"wp-block-media-text__content\">\n<h2 class=\"wp-block-heading\">F\u00eate de la Terre<\/h2>\n\n\n\n<p>Samedi 6 septembre dernier s\u2019est d\u00e9roul\u00e9e la traditionnelle F\u00eate de la Terre \u00e0 la Ferme des 3 Grains. <\/p>\n\n\n\n<p>Chaque ann\u00e9e, Jeunes Agriculteurs de Gironde organise cette f\u00eate pour rassembler et f\u00e9d\u00e9rer les acteurs du monde agricole girondin. C\u2019est \u00e9galement l\u2019occasion de faire d\u00e9couvrir ce monde au grand public.<\/p>\n\n\n\n<p>Tout au long de la journ\u00e9e, les visiteurs ont pu d\u00e9couvrir de nombreuses machines agricoles expos\u00e9es gr\u00e2ce aux concessionnaires : Agrivision Guenon St-Aubin Blaye, Chambon, Agri33 et M. Meriochaud pour ses tracteurs de collection.<\/p>\n\n\n\n<p>Diff\u00e9rentes activit\u00e9s \u00e9taient \u00e9galement propos\u00e9es : roulage de bottes de foin, tir \u00e0 la corde, jeux en bois, lancer d\u2019espadrille et une structure gonflable pour les enfants. L\u2019association des archers de Gauriac est \u00e9galement venue faire quelques d\u00e9monstrations de tir \u00e0 l\u2019arc.<\/p>\n\n\n\n<p>Le soir, les visiteurs ont pu assister au concert de Mikael Vigneau. Suite \u00e0 cela, le match UBB \u2013 La Rochelle a \u00e9t\u00e9 retransmis sur \u00e9cran g\u00e9ant pendant le repas fermier pr\u00e9par\u00e9 avec des produits locaux. Le dessert, quant \u00e0 lui, \u00e9tait confectionn\u00e9 par l&rsquo;AFDI. Pour cl\u00f4turer cette belle journ\u00e9e, un DJ set a eu lieu.<\/p>\n<\/div><\/div>\n\n\n\n<div class=\"wp-block-media-text has-media-on-the-right is-stacked-on-mobile\" style=\"margin-top:var(--wp--preset--spacing--x-small);margin-right:var(--wp--preset--spacing--x-small);margin-bottom:var(--wp--preset--spacing--x-small);margin-left:var(--wp--preset--spacing--x-small);padding-top:var(--wp--preset--spacing--x-small);padding-right:var(--wp--preset--spacing--x-small);padding-bottom:var(--wp--preset--spacing--x-small);padding-left:var(--wp--preset--spacing--x-small);grid-template-columns:auto 40%\"><div class=\"wp-block-media-text__content\">\n<h2 class=\"wp-block-heading\">Parcours de l&rsquo;Enfant &#8211; Salon de l&rsquo;Agriculture Nouvelle-Aquitaine<\/h2>\n\n\n\n<p>Chaque ann\u00e9e, les JA de Gironde organisent le Parcours de l\u2019Enfant : durant une journ\u00e9e, des classes de primaire se baladent dans ce salon de l\u2019agriculture pour participer \u00e0 diff\u00e9rents ateliers.<\/p>\n\n\n\n<p>Cette ann\u00e9e, 330 \u00e9l\u00e8ves de primaire de Gironde, ont particip\u00e9 au Salon de l\u2019Agriculture de Nouvelle-Aquitaine.<\/p>\n\n\n\n<p>Tout au long de la journ\u00e9e, les \u00e9l\u00e8ves ont pu rencontrer de nombreux partenaires. Ces derniers leur ont parl\u00e9 de l\u2019agriculture et de tout ce qui en d\u00e9coule : le lait, les esp\u00e8ces vivantes, le gaz vert, l\u2019alimentation, etc.<\/p>\n<\/div><figure class=\"wp-block-media-text__media\"><img loading=\"lazy\" decoding=\"async\" width=\"1024\" height=\"1024\" src=\"https:\/\/ja33.fr\/wp-content\/uploads\/2025\/05\/format-insta-EVENT-1024x1024.png\" alt=\"\" class=\"wp-image-1600 size-full\" srcset=\"https:\/\/ja33.fr\/wp-content\/uploads\/2025\/05\/format-insta-EVENT-1024x1024.png 1024w, https:\/\/ja33.fr\/wp-content\/uploads\/2025\/05\/format-insta-EVENT-300x300.png 300w, https:\/\/ja33.fr\/wp-content\/uploads\/2025\/05\/format-insta-EVENT-150x150.png 150w, https:\/\/ja33.fr\/wp-content\/uploads\/2025\/05\/format-insta-EVENT.png 1080w\" sizes=\"(max-width: 1024px) 100vw, 1024px\" \/><\/figure><\/div>\n\n\n\n<div class=\"wp-block-media-text is-stacked-on-mobile\" style=\"margin-top:var(--wp--preset--spacing--x-small);margin-right:var(--wp--preset--spacing--x-small);margin-bottom:var(--wp--preset--spacing--x-small);margin-left:var(--wp--preset--spacing--x-small);padding-top:var(--wp--preset--spacing--x-small);padding-right:var(--wp--preset--spacing--x-small);padding-bottom:var(--wp--preset--spacing--x-small);padding-left:var(--wp--preset--spacing--x-small);grid-template-columns:40% auto\"><figure class=\"wp-block-media-text__media\"><img loading=\"lazy\" decoding=\"async\" width=\"1024\" height=\"768\" src=\"https:\/\/ja33.fr\/wp-content\/uploads\/2025\/04\/b5e32ca7-f0c2-43f8-a8a0-6e1fa44eb6b6-1024x768.jpg\" alt=\"\" class=\"wp-image-1593 size-full\" srcset=\"https:\/\/ja33.fr\/wp-content\/uploads\/2025\/04\/b5e32ca7-f0c2-43f8-a8a0-6e1fa44eb6b6-1024x768.jpg 1024w, https:\/\/ja33.fr\/wp-content\/uploads\/2025\/04\/b5e32ca7-f0c2-43f8-a8a0-6e1fa44eb6b6-300x225.jpg 300w, https:\/\/ja33.fr\/wp-content\/uploads\/2025\/04\/b5e32ca7-f0c2-43f8-a8a0-6e1fa44eb6b6.jpg 2000w\" sizes=\"(max-width: 1024px) 100vw, 1024px\" \/><\/figure><div class=\"wp-block-media-text__content\">\n<h2 class=\"wp-block-heading\">March\u00e9 des Jeunes Agriculteurs<\/h2>\n\n\n\n<p class=\"has-small-font-size\">Jeudi 27 mars 2025 a eu lieu notre premier march\u00e9 de producteurs. 17 producteurs girondins \u00e9taient pr\u00e9sents sur les All\u00e9es Tourny \u00e0 Bordeaux pour faire d\u00e9couvrir leurs productions aux bordelais et bordelaises.<\/p>\n\n\n\n<p class=\"has-small-font-size\"><br>De 12h \u00e0 23h, les bordelais sont venus d\u00e9guster du vin, du miel ou encore des burgers d&rsquo;agneau, des plats orientaux, etc. Le tout dans une ambiance funk et soul gr\u00e2ce au groupe de musique Tookeys.<\/p>\n\n\n\n<p class=\"has-small-font-size\"><br>Cette premi\u00e8re \u00e9dition fut une belle&nbsp;r\u00e9ussite&nbsp;!<\/p>\n<\/div><\/div>\n\n\n\n<h2 class=\"wp-block-heading\" style=\"margin-top:var(--wp--preset--spacing--x-small);margin-right:var(--wp--preset--spacing--x-small);margin-bottom:var(--wp--preset--spacing--x-small);margin-left:var(--wp--preset--spacing--x-small)\">Forum Installation<\/h2>\n\n\n\n<p class=\"has-small-font-size\" style=\"margin-top:var(--wp--preset--spacing--x-small);margin-right:var(--wp--preset--spacing--x-small);margin-bottom:var(--wp--preset--spacing--x-small);margin-left:var(--wp--preset--spacing--x-small);padding-top:0;padding-right:0;padding-bottom:0;padding-left:0\">Jeudi 06 f\u00e9vrier 2025 s\u2019est d\u00e9roul\u00e9 la 30<sup>e<\/sup> \u00e9dition du Forum \u00e0 l\u2019Installation.<\/p>\n\n\n\n<p class=\"has-small-font-size\" style=\"margin-top:var(--wp--preset--spacing--x-small);margin-right:var(--wp--preset--spacing--x-small);margin-bottom:var(--wp--preset--spacing--x-small);margin-left:var(--wp--preset--spacing--x-small);padding-top:0;padding-right:0;padding-bottom:0;padding-left:0\">Cette ann\u00e9e, les \u00e9tudiants en formation agricole avaient rendez-vous au lyc\u00e9e agricole de Libourne-Montagne. Cette journ\u00e9e \u00e9tait consacr\u00e9e \u00e0 l\u2019installation en agriculture.<\/p>\n\n\n\n<p class=\"has-small-font-size\" style=\"margin-top:var(--wp--preset--spacing--x-small);margin-right:var(--wp--preset--spacing--x-small);margin-bottom:var(--wp--preset--spacing--x-small);margin-left:var(--wp--preset--spacing--x-small);padding-top:0;padding-right:0;padding-bottom:0;padding-left:0\">Le matin, les \u00e9tudiants \u00e9taient acteurs de ce Forum. En effet, depuis plusieurs mois, ils ont r\u00e9p\u00e9t\u00e9 les sketchs sur les diff\u00e9rentes \u00e9tapes de l&rsquo;installation, tout en \u00e9tant accompagn\u00e9 par les partenaires. Ces sketchs au format ludiques sont un r\u00e9el outil pour aider les \u00e9tudiants \u00e0 mieux comprendre le processus mais aussi les acteurs qui les aideront \u00e0 la fin de leurs \u00e9tudes dans leur parcours d\u2019installation.<\/p>\n\n\n\n<p class=\"has-small-font-size\" style=\"margin-top:var(--wp--preset--spacing--x-small);margin-right:var(--wp--preset--spacing--x-small);margin-bottom:var(--wp--preset--spacing--x-small);margin-left:var(--wp--preset--spacing--x-small);padding-top:0;padding-right:0;padding-bottom:0;padding-left:0\">L&rsquo;apr\u00e8s-midi \u00e9tait rythm\u00e9e par une conf\u00e9rence. Pour l\u2019occasion 3 viticulteurs \u00e9taient pr\u00e9sents&nbsp;: St\u00e9phane Gabard (Pr\u00e9sident du syndicat Bordeaux Bordeaux Sup), M\u00e9lanie Raffier (coop\u00e9ratrice) et Vincent Audubert (vente directe). Ils ont \u00e9chang\u00e9 autour du sujet suivant&nbsp;: \u00ab\u00a0\ud835\ude3e\ud835\ude64\ud835\ude62\ud835\ude62\ud835\ude5a\ud835\ude63\ud835\ude69 \ud835\ude68\ud835\ude5a \ud835\ude65\ud835\ude67\ud835\ude64\ud835\ude5f\ud835\ude5a\ud835\ude69\ud835\ude5a\ud835\ude67 \ud835\ude59\ud835\ude56\ud835\ude63\ud835\ude68 \ud835\ude61\ud835\ude56 \ud835\ude58\ud835\ude67\ud835\ude5e\ud835\ude68\ud835\ude5a \ud835\ude56\ud835\ude5c\ud835\ude67\ud835\ude5e\ud835\ude58\ud835\ude64\ud835\ude61\ud835\ude5a \ud835\ude56\ud835\ude58\ud835\ude69\ud835\ude6a\ud835\ude5a\ud835\ude61\ud835\ude61\ud835\ude5a ?\u00a0\u00bb. &nbsp;Cette question centrale et d\u2019actualit\u00e9 a permis aux \u00e9tudiants de mieux appr\u00e9hender les enjeux auxquels ils seront confront\u00e9s dans les ann\u00e9es \u00e0 venir.<\/p>\n\n\n\n<p class=\"has-small-font-size\" style=\"margin-top:var(--wp--preset--spacing--x-small);margin-right:var(--wp--preset--spacing--x-small);margin-bottom:var(--wp--preset--spacing--x-small);margin-left:var(--wp--preset--spacing--x-small);padding-top:0;padding-right:0;padding-bottom:0;padding-left:0\">Merci \u00e0 tous les participants d&rsquo;avoir jou\u00e9 le jeu : le CFA de la R\u00e9ole, l&rsquo;ISNAB, le LEGTA de Montagne, le LEGTA de Blanquefort, le CFP Beaus\u00e9jour, le CFA de la Tour Blanche, BSA, le Lyc\u00e9e agricole de Bazas.<br><br>Merci \u00e9galement \u00e0 nos partenaires qui nous soutiennent dans l&rsquo;organisation de cet \u00e9v\u00e8nement : Cr\u00e9dit Agricole d&rsquo;Aquitaine, Groupama Centre Atlantique, Chambre d&rsquo;Agriculture de la Gironde, D\u00e9partement de la Gironde,&nbsp;<a href=\"https:\/\/www.instagram.com\/explore\/tags\/msa33\/\">MSA33<\/a>,&nbsp;<a href=\"https:\/\/www.instagram.com\/explore\/tags\/isagri\/\">ISAGRI<\/a>,&nbsp;<a href=\"https:\/\/www.instagram.com\/explore\/tags\/inao\/\">INAO<\/a>,&nbsp;<a href=\"https:\/\/www.instagram.com\/explore\/tags\/lacoop%C3%A9rationagricole\/\">la coop\u00e9ration agricole<\/a>,&nbsp;<a href=\"https:\/\/www.instagram.com\/explore\/tags\/cuma\/\">CUMA<\/a>, Chambre des Notaires de la Gironde, Fnsea de la Gironde,&nbsp;<a href=\"https:\/\/www.instagram.com\/explore\/tags\/gaecetsoci%C3%A9t%C3%A9\/\">GAEC et Soci\u00e9t\u00e9<\/a>, Service de Remplacement Gironde, Cr\u00e9dit Mutuel du Sud-Ouest, Banque Populaire, CERFRANCE Gironde,&nbsp;<a href=\"https:\/\/www.instagram.com\/explore\/tags\/cegara\/\">Cegara<\/a>,&nbsp;<a href=\"https:\/\/www.instagram.com\/explore\/tags\/safer\/\">SAFER<\/a>.<br><br>Merci \u00e0 ceux qui nous ont permis de nourrir l&rsquo;ensemble des 200 personnes pr\u00e9sentes : CERFRANCE Gironde, le Cegara, la Communaut\u00e9 de Commune du M\u00e9doc,&nbsp;<a href=\"https:\/\/www.instagram.com\/Y\/\">Y<\/a>\u00e9oFrais, et Domaine de la Croustille !<\/p>\n\n\n\n<p class=\"has-small-font-size\" style=\"margin-top:var(--wp--preset--spacing--x-small);margin-right:var(--wp--preset--spacing--x-small);margin-bottom:var(--wp--preset--spacing--x-small);margin-left:var(--wp--preset--spacing--x-small);padding-top:0;padding-right:0;padding-bottom:0;padding-left:0\">Nous vous donnons rendez-vous l\u2019ann\u00e9e prochaine pour notre 31<sup>e<\/sup> Forum \u00e0 l\u2019installation.<\/p>\n\n\n\n<figure class=\"wp-block-image aligncenter size-large is-resized is-style-default\" style=\"margin-top:var(--wp--preset--spacing--x-small);margin-right:var(--wp--preset--spacing--x-small);margin-bottom:var(--wp--preset--spacing--x-small);margin-left:var(--wp--preset--spacing--x-small)\"><img loading=\"lazy\" decoding=\"async\" width=\"1024\" height=\"768\" src=\"https:\/\/ja33.fr\/wp-content\/uploads\/2025\/02\/IMG_5795-1-1024x768.jpg\" alt=\"\" class=\"wp-image-1580\" style=\"aspect-ratio:1.5;object-fit:contain;width:725px;height:auto\" srcset=\"https:\/\/ja33.fr\/wp-content\/uploads\/2025\/02\/IMG_5795-1-1024x768.jpg 1024w, https:\/\/ja33.fr\/wp-content\/uploads\/2025\/02\/IMG_5795-1-300x225.jpg 300w, https:\/\/ja33.fr\/wp-content\/uploads\/2025\/02\/IMG_5795-1-2000x1500.jpg 2000w\" sizes=\"(max-width: 1024px) 100vw, 1024px\" \/><\/figure>\n\n\n\n<h1 class=\"wp-block-heading has-text-align-center has-white-color has-text-color has-background has-link-color wp-elements-93be951413293c7b597a4b48841200d4\" style=\"background-color:#63cac9;font-size:clamp(26.465px, 1.654rem + ((1vw - 3.2px) * 1.64), 45px);\">Ann\u00e9e 2024<\/h1>\n\n\n\n<div class=\"wp-block-media-text has-media-on-the-right is-stacked-on-mobile\" style=\"margin-top:var(--wp--preset--spacing--x-small);margin-right:var(--wp--preset--spacing--x-small);margin-bottom:var(--wp--preset--spacing--x-small);margin-left:var(--wp--preset--spacing--x-small);padding-top:var(--wp--preset--spacing--x-small);padding-right:var(--wp--preset--spacing--x-small);padding-bottom:var(--wp--preset--spacing--x-small);padding-left:var(--wp--preset--spacing--x-small);grid-template-columns:auto 17%\"><div class=\"wp-block-media-text__content\">\n<h2 class=\"wp-block-heading\" style=\"font-size:clamp(18.959px, 1.185rem + ((1vw - 3.2px) * 0.977), 30px);\">Journ\u00e9es portes ouvertes<\/h2>\n\n\n\n<p class=\"has-text-align-left has-small-font-size\">En 2024, nos traditionnelles portes ouvertes ont eu lieu au mois de novembre et d\u00e9cembre.<\/p>\n\n\n\n<p class=\"has-text-align-left has-small-font-size\">Le lundi 25 novembre chez Jean-Christophe PRA, un jeune producteur de fraises. Il s\u2019est install\u00e9 sur les parcelles de l\u2019exploitation viticole familiale pour y diversifier la production. Ainsi, ce ne sont pas moins de 50 personnes qui \u00e9taient pr\u00e9sentes lors de cet apr\u00e8s-midi. Les \u00e9tudiants en formation agricole ont montr\u00e9 beaucoup d&rsquo;int\u00e9r\u00eat en posant des questions diverses et vari\u00e9es cr\u00e9ant un moment d\u2019\u00e9change positif entre Jean-Christophe et les agriculteurs de demain. Les partenaires \u00e0 l\u2019installation ont aussi eu un moment de parole. Cela a permis de retracer une partie du parcours \u00e0 l\u2019installation d\u2019un jeune agriculteur et d\u2019avoir directement les t\u00e9moignages et analyses des professionnels.<\/p>\n\n\n\n<p class=\"has-text-align-left has-small-font-size\">Le vendredi 13 d\u00e9cembre s\u2019est d\u00e9roul\u00e9e notre deuxi\u00e8me journ\u00e9e portes ouvertes. Cette fois, la trentaine d\u2019\u00e9tudiants en formation agricole et les professionnels avaient rendez-vous chez Thibaut PAILLET au Ch\u00e2teau de Chardavoine. Ils ont pu visiter l\u2019exploitation et poser toutes leurs questions au viticulteur. L\u00e0 aussi, un v\u00e9ritable moment d\u2019\u00e9change s\u2019est cr\u00e9\u00e9 entre Thibaut et les \u00e9tudiants. Les partenaires qui ont accompagn\u00e9 Thibaut tout au long de son installation ont \u00e9galement eu un moment de parole. Ainsi, comme chez Jean-Christophe PRA, les \u00e9tudiants ont pu retracer le parcours \u00e0 l\u2019installation avec le t\u00e9moignage des acteurs principaux qu\u2019ils rencontreront.<\/p>\n<\/div><figure class=\"wp-block-media-text__media\"><img loading=\"lazy\" decoding=\"async\" width=\"1024\" height=\"1024\" src=\"https:\/\/ja33.fr\/wp-content\/uploads\/2025\/01\/3-1024x1024.png\" alt=\"\" class=\"wp-image-1559 size-full\" srcset=\"https:\/\/ja33.fr\/wp-content\/uploads\/2025\/01\/3-1024x1024.png 1024w, https:\/\/ja33.fr\/wp-content\/uploads\/2025\/01\/3-300x300.png 300w, https:\/\/ja33.fr\/wp-content\/uploads\/2025\/01\/3-150x150.png 150w, https:\/\/ja33.fr\/wp-content\/uploads\/2025\/01\/3.png 1080w\" sizes=\"(max-width: 1024px) 100vw, 1024px\" \/><\/figure><\/div>\n\n\n\n<div class=\"wp-block-group alignwide has-global-padding is-layout-constrained wp-block-group-is-layout-constrained\">\n<div class=\"wp-block-media-text alignwide is-stacked-on-mobile\" style=\"margin-top:var(--wp--preset--spacing--x-small);margin-right:var(--wp--preset--spacing--x-small);margin-bottom:var(--wp--preset--spacing--x-small);margin-left:var(--wp--preset--spacing--x-small);padding-top:var(--wp--preset--spacing--x-small);padding-right:var(--wp--preset--spacing--x-small);padding-bottom:var(--wp--preset--spacing--x-small);padding-left:var(--wp--preset--spacing--x-small);grid-template-columns:15% auto\"><figure class=\"wp-block-media-text__media\"><img loading=\"lazy\" decoding=\"async\" width=\"427\" height=\"537\" src=\"https:\/\/ja33.fr\/wp-content\/uploads\/2024\/07\/Format-WordPress-e1727273718470.png\" alt=\"\" class=\"wp-image-1182 size-full\" srcset=\"https:\/\/ja33.fr\/wp-content\/uploads\/2024\/07\/Format-WordPress-e1727273718470.png 427w, https:\/\/ja33.fr\/wp-content\/uploads\/2024\/07\/Format-WordPress-e1727273718470-239x300.png 239w\" sizes=\"(max-width: 427px) 100vw, 427px\" \/><\/figure><div class=\"wp-block-media-text__content\">\n<h2 class=\"wp-block-heading alignwide has-text-align-left\" style=\"font-size:clamp(18.959px, 1.185rem + ((1vw - 3.2px) * 0.977), 30px);\">March\u00e9 Nocturne<\/h2>\n\n\n\n<div class=\"wp-block-columns is-layout-flex wp-container-core-columns-is-layout-28f84493 wp-block-columns-is-layout-flex\">\n<div class=\"wp-block-column is-layout-flow wp-block-column-is-layout-flow\" style=\"flex-basis:100%\">\n<p class=\"has-medium-font-size\">Le jeudi 4 juillet, le 27 et le 22 ao\u00fbt venez profitez des march\u00e9s nocturnes qui ont lieu sur la commune de Blaye, \u00e0 l&rsquo;esplanade du Ch\u00e2teau des Rudel. Profitez du coucher de soleil avec une magnifique vue ! Les JA du Nord Gironde seront l\u00e0 pour vous faire d\u00e9guster un d\u00e9licieux repas.<\/p>\n<\/div>\n<\/div>\n\n\n\n<p><\/p>\n<\/div><\/div>\n<\/div>\n\n\n\n<div class=\"wp-block-group has-global-padding is-layout-constrained wp-block-group-is-layout-constrained\">\n<div class=\"wp-block-media-text has-media-on-the-right is-stacked-on-mobile is-vertically-aligned-center\" style=\"margin-top:var(--wp--preset--spacing--x-small);margin-right:var(--wp--preset--spacing--x-small);margin-bottom:var(--wp--preset--spacing--x-small);margin-left:var(--wp--preset--spacing--x-small);padding-top:var(--wp--preset--spacing--x-small);padding-right:var(--wp--preset--spacing--x-small);padding-bottom:var(--wp--preset--spacing--x-small);padding-left:var(--wp--preset--spacing--x-small);grid-template-columns:auto 15%\"><div class=\"wp-block-media-text__content\">\n<h2 class=\"wp-block-heading has-text-align-left\" style=\"font-size:clamp(18.959px, 1.185rem + ((1vw - 3.2px) * 0.977), 30px);\">La Nuit du terroir<\/h2>\n\n\n\n<p class=\"has-text-align-left has-medium-font-size\">Le 3 ao\u00fbt, nous vous donnons rendez-vous au parc de l&rsquo;Esconge \u00e0 Bourg. Vous pourrez profiter d&rsquo;un concert, d&rsquo;un bar \u00e0 vins afin de d\u00e9guster les meilleurs crus de la r\u00e9gion. Une soir\u00e9e prometteuse pour les amateurs de musique et de bons petits plats !<\/p>\n<\/div><figure class=\"wp-block-media-text__media\"><img loading=\"lazy\" decoding=\"async\" width=\"700\" height=\"853\" src=\"https:\/\/ja33.fr\/wp-content\/uploads\/2024\/09\/affiche-nuit-du-terroir-bourg-2024-e1727273658714.jpg\" alt=\"\" class=\"wp-image-1236 size-full\" srcset=\"https:\/\/ja33.fr\/wp-content\/uploads\/2024\/09\/affiche-nuit-du-terroir-bourg-2024-e1727273658714.jpg 700w, https:\/\/ja33.fr\/wp-content\/uploads\/2024\/09\/affiche-nuit-du-terroir-bourg-2024-e1727273658714-246x300.jpg 246w\" sizes=\"(max-width: 700px) 100vw, 700px\" \/><\/figure><\/div>\n<\/div>\n\n\n\n<div class=\"wp-block-group has-global-padding is-layout-constrained wp-block-group-is-layout-constrained\">\n<div class=\"wp-block-media-text is-stacked-on-mobile\" style=\"margin-top:var(--wp--preset--spacing--x-small);margin-right:var(--wp--preset--spacing--x-small);margin-bottom:var(--wp--preset--spacing--x-small);margin-left:var(--wp--preset--spacing--x-small);padding-top:var(--wp--preset--spacing--x-small);padding-right:var(--wp--preset--spacing--x-small);padding-bottom:var(--wp--preset--spacing--x-small);padding-left:var(--wp--preset--spacing--x-small);grid-template-columns:30% auto\"><figure class=\"wp-block-media-text__media\"><img loading=\"lazy\" decoding=\"async\" width=\"900\" height=\"600\" src=\"https:\/\/ja33.fr\/wp-content\/uploads\/2024\/07\/Format-WordPress-2.png\" alt=\"\" class=\"wp-image-1184 size-full\" srcset=\"https:\/\/ja33.fr\/wp-content\/uploads\/2024\/07\/Format-WordPress-2.png 900w, https:\/\/ja33.fr\/wp-content\/uploads\/2024\/07\/Format-WordPress-2-300x200.png 300w\" sizes=\"(max-width: 900px) 100vw, 900px\" \/><\/figure><div class=\"wp-block-media-text__content\">\n<h2 class=\"wp-block-heading\" style=\"font-size:clamp(18.959px, 1.185rem + ((1vw - 3.2px) * 0.977), 30px);\">Foire de Gaillan<\/h2>\n\n\n\n<p class=\"has-text-align-left has-medium-font-size\">Les 10 et 11 ao\u00fbt, venez c\u00e9l\u00e9brer la foire de Gaillan ! Retrouvez les fameuses olympiades, des buvettes, une tombola avec de nombreux lots \u00e0 gagner, et bien d&rsquo;autres activit\u00e9s qui promettent de divertir petits et grands. Cet \u00e9v\u00e9nement est une occasion id\u00e9ale pour passer du bon temps en famille et entre amis tout en c\u00e9l\u00e9brant l&rsquo;agriculture locale. Lien de l&rsquo;\u00e9v\u00e9nement : <a href=\"https:\/\/www.facebook.com\/events\/450541680685596\/?active_tab=discussion\">https:\/\/www.facebook.com\/events\/450541680685596\/?active_tab=discussion<\/a><\/p>\n<\/div><\/div>\n<\/div>\n\n\n\n<div class=\"wp-block-group has-global-padding is-layout-constrained wp-block-group-is-layout-constrained\">\n<div class=\"wp-block-media-text has-media-on-the-right is-stacked-on-mobile\" style=\"margin-top:var(--wp--preset--spacing--x-small);margin-right:var(--wp--preset--spacing--x-small);margin-bottom:var(--wp--preset--spacing--x-small);margin-left:var(--wp--preset--spacing--x-small);padding-top:var(--wp--preset--spacing--x-small);padding-right:var(--wp--preset--spacing--x-small);padding-bottom:var(--wp--preset--spacing--x-small);padding-left:var(--wp--preset--spacing--x-small);grid-template-columns:auto 30%\"><div class=\"wp-block-media-text__content\">\n<h2 class=\"wp-block-heading\" style=\"font-size:clamp(18.959px, 1.185rem + ((1vw - 3.2px) * 0.977), 30px);\">Comice de Bazas<\/h2>\n\n\n\n<p class=\"has-medium-font-size\">Le 31 ao\u00fbt, le comice de Bazas se tiendra au Jardin de la Br\u00e8che. Cette journ\u00e9e sera d\u00e9di\u00e9e \u00e0 la promotion de l&rsquo;agriculture du Sud Gironde, avec diverses animations et stands mettant en avant les produits locaux. Une belle opportunit\u00e9 pour d\u00e9couvrir les richesses agricoles de la r\u00e9gion&nbsp;!<\/p>\n<\/div><figure class=\"wp-block-media-text__media\"><img loading=\"lazy\" decoding=\"async\" width=\"900\" height=\"600\" src=\"https:\/\/ja33.fr\/wp-content\/uploads\/2024\/07\/Format-WordPress-3.png\" alt=\"\" class=\"wp-image-1185 size-full\" srcset=\"https:\/\/ja33.fr\/wp-content\/uploads\/2024\/07\/Format-WordPress-3.png 900w, https:\/\/ja33.fr\/wp-content\/uploads\/2024\/07\/Format-WordPress-3-300x200.png 300w\" sizes=\"(max-width: 900px) 100vw, 900px\" \/><\/figure><\/div>\n<\/div>\n\n\n\n<h2 class=\"wp-block-heading has-text-align-center has-white-color has-text-color has-background has-link-color wp-elements-d02553d02d463e5027553d4d75ddf5ac\" style=\"background-color:#63cac9;font-size:clamp(26.465px, 1.654rem + ((1vw - 3.2px) * 1.64), 45px);\">Ann\u00e9e 2023<\/h2>\n\n\n\n<div class=\"wp-block-group has-global-padding is-layout-constrained wp-block-group-is-layout-constrained\">\n<div class=\"wp-block-media-text is-stacked-on-mobile\" style=\"margin-top:var(--wp--preset--spacing--x-small);margin-right:var(--wp--preset--spacing--x-small);margin-bottom:var(--wp--preset--spacing--x-small);margin-left:var(--wp--preset--spacing--x-small);padding-top:var(--wp--preset--spacing--x-small);padding-right:var(--wp--preset--spacing--x-small);padding-bottom:var(--wp--preset--spacing--x-small);padding-left:var(--wp--preset--spacing--x-small);grid-template-columns:30% auto\"><figure class=\"wp-block-media-text__media\"><img loading=\"lazy\" decoding=\"async\" width=\"900\" height=\"600\" src=\"https:\/\/ja33.fr\/wp-content\/uploads\/2023\/11\/Design-sans-titre-4-1.png\" alt=\"\" class=\"wp-image-699 size-full\" srcset=\"https:\/\/ja33.fr\/wp-content\/uploads\/2023\/11\/Design-sans-titre-4-1.png 900w, https:\/\/ja33.fr\/wp-content\/uploads\/2023\/11\/Design-sans-titre-4-1-300x200.png 300w, https:\/\/ja33.fr\/wp-content\/uploads\/2023\/11\/Design-sans-titre-4-1-768x512.png 768w, https:\/\/ja33.fr\/wp-content\/uploads\/2023\/11\/Design-sans-titre-4-1-600x400.png 600w\" sizes=\"(max-width: 900px) 100vw, 900px\" \/><\/figure><div class=\"wp-block-media-text__content\">\n<h2 class=\"wp-block-heading\" style=\"font-size:clamp(18.959px, 1.185rem + ((1vw - 3.2px) * 0.977), 30px);\">After Work le 7 novembre !<\/h2>\n\n\n\n<p class=\"has-medium-font-size\">Nous organisons un after work le 7 novembre \u00e0 partir de 18h30 afin de permettre aux JA de se rencontrer et de partager un moment de convivialit\u00e9 ! Confirmez nous votre pr\u00e9sence en cliquant sur le lien ci-dessous : <a href=\"https:\/\/urlz.fr\/ohMv\">https:\/\/urlz.fr\/ohMv<\/a><\/p>\n<\/div><\/div>\n<\/div>\n\n\n\n<div class=\"wp-block-group has-global-padding is-layout-constrained wp-block-group-is-layout-constrained\">\n<div class=\"wp-block-media-text has-media-on-the-right is-stacked-on-mobile\" style=\"margin-top:var(--wp--preset--spacing--x-small);margin-right:var(--wp--preset--spacing--x-small);margin-bottom:var(--wp--preset--spacing--x-small);margin-left:var(--wp--preset--spacing--x-small);padding-top:var(--wp--preset--spacing--x-small);padding-right:var(--wp--preset--spacing--x-small);padding-bottom:var(--wp--preset--spacing--x-small);padding-left:var(--wp--preset--spacing--x-small);grid-template-columns:auto 30%\"><div class=\"wp-block-media-text__content\">\n<h2 class=\"wp-block-heading\" style=\"font-size:clamp(18.959px, 1.185rem + ((1vw - 3.2px) * 0.977), 30px);\">Les coll\u00e9giens au c\u0153ur du m\u00e9tier<\/h2>\n\n\n\n<p class=\"has-medium-font-size\">Afin de faire d\u00e9couvrir les m\u00e9tiers de l&rsquo;agriculture aux jeunes, nous invitons des coll\u00e8ges \u00e0 visiter une exploitation. C&rsquo;est le moment id\u00e9al pour apprendre et poser des questions sur le m\u00e9tier. Le 19 octobre, les coll\u00e9giens de Bazas ont pu d\u00e9couvrir l&rsquo;apiculture !<\/p>\n<\/div><figure class=\"wp-block-media-text__media\"><img loading=\"lazy\" decoding=\"async\" width=\"900\" height=\"600\" src=\"https:\/\/ja33.fr\/wp-content\/uploads\/2023\/11\/image.png\" alt=\"L\u2019attribut alt de cette image est vide, son nom de fichier est Design-sans-titre-5.png.\" class=\"wp-image-855 size-full\" srcset=\"https:\/\/ja33.fr\/wp-content\/uploads\/2023\/11\/image.png 900w, https:\/\/ja33.fr\/wp-content\/uploads\/2023\/11\/image-300x200.png 300w, https:\/\/ja33.fr\/wp-content\/uploads\/2023\/11\/image-768x512.png 768w, https:\/\/ja33.fr\/wp-content\/uploads\/2023\/11\/image-600x400.png 600w\" sizes=\"(max-width: 900px) 100vw, 900px\" \/><\/figure><\/div>\n<\/div>\n\n\n\n<div class=\"wp-block-group has-global-padding is-layout-constrained wp-block-group-is-layout-constrained\">\n<div class=\"wp-block-media-text is-stacked-on-mobile\" style=\"margin-top:var(--wp--preset--spacing--x-small);margin-right:var(--wp--preset--spacing--x-small);margin-bottom:var(--wp--preset--spacing--x-small);margin-left:var(--wp--preset--spacing--x-small);padding-top:var(--wp--preset--spacing--x-small);padding-right:var(--wp--preset--spacing--x-small);padding-bottom:var(--wp--preset--spacing--x-small);padding-left:var(--wp--preset--spacing--x-small);grid-template-columns:30% auto\"><figure class=\"wp-block-media-text__media\"><img loading=\"lazy\" decoding=\"async\" width=\"900\" height=\"600\" src=\"https:\/\/ja33.fr\/wp-content\/uploads\/2023\/11\/Design-sans-titre-6.png\" alt=\"\" class=\"wp-image-693 size-full\" srcset=\"https:\/\/ja33.fr\/wp-content\/uploads\/2023\/11\/Design-sans-titre-6.png 900w, https:\/\/ja33.fr\/wp-content\/uploads\/2023\/11\/Design-sans-titre-6-300x200.png 300w, https:\/\/ja33.fr\/wp-content\/uploads\/2023\/11\/Design-sans-titre-6-768x512.png 768w, https:\/\/ja33.fr\/wp-content\/uploads\/2023\/11\/Design-sans-titre-6-600x400.png 600w\" sizes=\"(max-width: 900px) 100vw, 900px\" \/><\/figure><div class=\"wp-block-media-text__content\">\n<h2 class=\"wp-block-heading\" style=\"font-size:clamp(18.959px, 1.185rem + ((1vw - 3.2px) * 0.977), 30px);\">Journ\u00e9es portes ouvertes<\/h2>\n\n\n\n<p class=\"has-medium-font-size\">Comme chaque ann\u00e9e, nous organisons des journ\u00e9es portes ouvertes. Elles ont lieu sur l&rsquo;exploitation d&rsquo;un agriculteur afin de permettre aux jeunes, qui s\u2019inscrivent dans un&nbsp;projet d\u2019installation, un moment d\u2019\u00e9change avec un agriculteur r\u00e9cemment install\u00e9 dans le cadre du&nbsp;dispositif national d\u2019aides \u00e0 l\u2019installation, ainsi qu\u2019avec les acteurs partenaires de l\u2019installation.<\/p>\n<\/div><\/div>\n<\/div>\n\n\n\n<div class=\"wp-block-group has-global-padding is-layout-constrained wp-block-group-is-layout-constrained\">\n<div class=\"wp-block-media-text has-media-on-the-right is-stacked-on-mobile\" style=\"margin-top:var(--wp--preset--spacing--x-small);margin-right:var(--wp--preset--spacing--x-small);margin-bottom:var(--wp--preset--spacing--x-small);margin-left:var(--wp--preset--spacing--x-small);padding-top:var(--wp--preset--spacing--x-small);padding-right:var(--wp--preset--spacing--x-small);padding-bottom:var(--wp--preset--spacing--x-small);padding-left:var(--wp--preset--spacing--x-small);grid-template-columns:auto 30%\"><div class=\"wp-block-media-text__content\">\n<h2 class=\"wp-block-heading\" style=\"font-size:clamp(18.959px, 1.185rem + ((1vw - 3.2px) * 0.977), 30px);\">Forum installation<\/h2>\n\n\n\n<p class=\"has-medium-font-size\">Nous organisons chaque ann\u00e9e une journ\u00e9e d\u00e9di\u00e9 \u00e0 l&rsquo;installation. Cette journ\u00e9e permet aux lyc\u00e9ens en formation agricole de pr\u00e9parer leur avenir. Il a pour objet de sensibiliser les jeunes sur les d\u00e9marches \u00e0 effectuer pour s\u2019installer de fa\u00e7on ludique.<\/p>\n<\/div><figure class=\"wp-block-media-text__media\"><img loading=\"lazy\" decoding=\"async\" width=\"900\" height=\"600\" src=\"https:\/\/ja33.fr\/wp-content\/uploads\/2023\/11\/Design-sans-titre-7.png\" alt=\"\" class=\"wp-image-709 size-full\" srcset=\"https:\/\/ja33.fr\/wp-content\/uploads\/2023\/11\/Design-sans-titre-7.png 900w, https:\/\/ja33.fr\/wp-content\/uploads\/2023\/11\/Design-sans-titre-7-300x200.png 300w, https:\/\/ja33.fr\/wp-content\/uploads\/2023\/11\/Design-sans-titre-7-768x512.png 768w, https:\/\/ja33.fr\/wp-content\/uploads\/2023\/11\/Design-sans-titre-7-600x400.png 600w\" sizes=\"(max-width: 900px) 100vw, 900px\" \/><\/figure><\/div>\n<\/div>\n\n\n\n<div class=\"wp-block-group has-global-padding is-layout-constrained wp-block-group-is-layout-constrained\">\n<div class=\"wp-block-media-text is-stacked-on-mobile\" style=\"margin-top:var(--wp--preset--spacing--x-small);margin-right:var(--wp--preset--spacing--x-small);margin-bottom:var(--wp--preset--spacing--x-small);margin-left:var(--wp--preset--spacing--x-small);padding-top:var(--wp--preset--spacing--x-small);padding-right:var(--wp--preset--spacing--x-small);padding-bottom:var(--wp--preset--spacing--x-small);padding-left:var(--wp--preset--spacing--x-small);grid-template-columns:30% auto\"><figure class=\"wp-block-media-text__media\"><img loading=\"lazy\" decoding=\"async\" width=\"900\" height=\"600\" src=\"https:\/\/ja33.fr\/wp-content\/uploads\/2023\/11\/Design-sans-titre-8.png\" alt=\"\" class=\"wp-image-710 size-full\" srcset=\"https:\/\/ja33.fr\/wp-content\/uploads\/2023\/11\/Design-sans-titre-8.png 900w, https:\/\/ja33.fr\/wp-content\/uploads\/2023\/11\/Design-sans-titre-8-300x200.png 300w, https:\/\/ja33.fr\/wp-content\/uploads\/2023\/11\/Design-sans-titre-8-768x512.png 768w, https:\/\/ja33.fr\/wp-content\/uploads\/2023\/11\/Design-sans-titre-8-600x400.png 600w\" sizes=\"(max-width: 900px) 100vw, 900px\" \/><\/figure><div class=\"wp-block-media-text__content\">\n<h2 class=\"wp-block-heading\" style=\"font-size:clamp(18.959px, 1.185rem + ((1vw - 3.2px) * 0.977), 30px);\">Rencontre avec les coll\u00e9giens<\/h2>\n\n\n\n<p class=\"has-medium-font-size\">Nous intervenons dans les coll\u00e8ges \/ lyc\u00e9es afin de promouvoir et de donner une image positive de l&rsquo;agriculture. Nous venons apporter de l&rsquo;information aux jeunes. Le 28 avril, c&rsquo;est les coll\u00e9giens de Carbon Blanc qui ont pu en b\u00e9n\u00e9ficier.<\/p>\n<\/div><\/div>\n<\/div>\n\n\n\n<div class=\"wp-block-group has-global-padding is-layout-constrained wp-block-group-is-layout-constrained\">\n<div class=\"wp-block-media-text has-media-on-the-right is-stacked-on-mobile\" style=\"margin-top:var(--wp--preset--spacing--x-small);margin-right:var(--wp--preset--spacing--x-small);margin-bottom:var(--wp--preset--spacing--x-small);margin-left:var(--wp--preset--spacing--x-small);padding-top:var(--wp--preset--spacing--x-small);padding-right:var(--wp--preset--spacing--x-small);padding-bottom:var(--wp--preset--spacing--x-small);padding-left:var(--wp--preset--spacing--x-small);grid-template-columns:auto 30%\"><div class=\"wp-block-media-text__content\">\n<h2 class=\"wp-block-heading\" style=\"font-size:clamp(18.959px, 1.185rem + ((1vw - 3.2px) * 0.977), 30px);\">Le Tour de France \u00e0 Auros<\/h2>\n\n\n\n<p class=\"has-medium-font-size\">Le 7 juillet, nous avons encourag\u00e9 les coureurs autour d&rsquo;une journ\u00e9e tr\u00e8s anim\u00e9e ! D\u00e9monstration de chiens de troupeaux, animations sportives, tombola, et bien plus encore.<\/p>\n<\/div><figure class=\"wp-block-media-text__media\"><img loading=\"lazy\" decoding=\"async\" width=\"900\" height=\"600\" src=\"https:\/\/ja33.fr\/wp-content\/uploads\/2023\/11\/Design-sans-titre-9.png\" alt=\"\" class=\"wp-image-713 size-full\" srcset=\"https:\/\/ja33.fr\/wp-content\/uploads\/2023\/11\/Design-sans-titre-9.png 900w, https:\/\/ja33.fr\/wp-content\/uploads\/2023\/11\/Design-sans-titre-9-300x200.png 300w, https:\/\/ja33.fr\/wp-content\/uploads\/2023\/11\/Design-sans-titre-9-768x512.png 768w, https:\/\/ja33.fr\/wp-content\/uploads\/2023\/11\/Design-sans-titre-9-600x400.png 600w\" sizes=\"(max-width: 900px) 100vw, 900px\" \/><\/figure><\/div>\n<\/div>\n\n\n\n<h2 class=\"wp-block-heading has-text-align-center has-white-color has-text-color has-background has-link-color wp-elements-7d7aad2ef54fe7f6a1df5e3b53146c5a\" style=\"background-color:#63cac9;font-size:clamp(26.465px, 1.654rem + ((1vw - 3.2px) * 1.64), 45px);\">Ann\u00e9e 2022<\/h2>\n\n\n\n<div class=\"wp-block-group has-global-padding is-layout-constrained wp-block-group-is-layout-constrained\">\n<div class=\"wp-block-media-text is-stacked-on-mobile\" style=\"margin-top:var(--wp--preset--spacing--x-small);margin-right:var(--wp--preset--spacing--x-small);margin-bottom:var(--wp--preset--spacing--x-small);margin-left:var(--wp--preset--spacing--x-small);padding-top:var(--wp--preset--spacing--x-small);padding-right:var(--wp--preset--spacing--x-small);padding-bottom:var(--wp--preset--spacing--x-small);padding-left:var(--wp--preset--spacing--x-small);grid-template-columns:30% auto\"><figure class=\"wp-block-media-text__media\"><img loading=\"lazy\" decoding=\"async\" width=\"900\" height=\"600\" src=\"https:\/\/ja33.fr\/wp-content\/uploads\/2023\/11\/Design-sans-titre-14.png\" alt=\"\" class=\"wp-image-723 size-full\" srcset=\"https:\/\/ja33.fr\/wp-content\/uploads\/2023\/11\/Design-sans-titre-14.png 900w, https:\/\/ja33.fr\/wp-content\/uploads\/2023\/11\/Design-sans-titre-14-300x200.png 300w, https:\/\/ja33.fr\/wp-content\/uploads\/2023\/11\/Design-sans-titre-14-768x512.png 768w, https:\/\/ja33.fr\/wp-content\/uploads\/2023\/11\/Design-sans-titre-14-600x400.png 600w\" sizes=\"(max-width: 900px) 100vw, 900px\" \/><\/figure><div class=\"wp-block-media-text__content\">\n<h2 class=\"wp-block-heading\" style=\"font-size:clamp(18.959px, 1.185rem + ((1vw - 3.2px) * 0.977), 30px);\">F\u00eate de la terre<\/h2>\n\n\n\n<p class=\"has-medium-font-size\">\u00c9v\u00e8nement annuel \u00e0 destination du grand public pour y f\u00eater la terre et faire de la promotion m\u00e9tier avec des produits locaux toute la journ\u00e9e. Expo de tracteurs, march\u00e9 fermier&#8230;<\/p>\n<\/div><\/div>\n<\/div>\n\n\n\n<div class=\"wp-block-group has-global-padding is-layout-constrained wp-block-group-is-layout-constrained\">\n<div class=\"wp-block-media-text has-media-on-the-right is-stacked-on-mobile\" style=\"margin-top:var(--wp--preset--spacing--x-small);margin-right:var(--wp--preset--spacing--x-small);margin-bottom:var(--wp--preset--spacing--x-small);margin-left:var(--wp--preset--spacing--x-small);padding-top:var(--wp--preset--spacing--x-small);padding-right:var(--wp--preset--spacing--x-small);padding-bottom:var(--wp--preset--spacing--x-small);padding-left:var(--wp--preset--spacing--x-small);grid-template-columns:auto 30%\"><div class=\"wp-block-media-text__content\">\n<h2 class=\"wp-block-heading\" style=\"font-size:clamp(18.959px, 1.185rem + ((1vw - 3.2px) * 0.977), 30px);\">Forum installation<\/h2>\n\n\n\n<p class=\"has-medium-font-size\">Nous organisons chaque ann\u00e9e une journ\u00e9e d\u00e9di\u00e9e \u00e0 l&rsquo;installation. Cette journ\u00e9e permet aux lyc\u00e9ens en formation agricole de pr\u00e9parer leur avenir. Ce forum a pour objet de sensibiliser les jeunes sur les d\u00e9marches \u00e0 effectuer pour s\u2019installer. Le tout de fa\u00e7on ludique.<\/p>\n<\/div><figure class=\"wp-block-media-text__media\"><img loading=\"lazy\" decoding=\"async\" width=\"900\" height=\"600\" src=\"https:\/\/ja33.fr\/wp-content\/uploads\/2023\/11\/Design-sans-titre-15.png\" alt=\"\" class=\"wp-image-724 size-full\" srcset=\"https:\/\/ja33.fr\/wp-content\/uploads\/2023\/11\/Design-sans-titre-15.png 900w, https:\/\/ja33.fr\/wp-content\/uploads\/2023\/11\/Design-sans-titre-15-300x200.png 300w, https:\/\/ja33.fr\/wp-content\/uploads\/2023\/11\/Design-sans-titre-15-768x512.png 768w, https:\/\/ja33.fr\/wp-content\/uploads\/2023\/11\/Design-sans-titre-15-600x400.png 600w\" sizes=\"(max-width: 900px) 100vw, 900px\" \/><\/figure><\/div>\n<\/div>\n\n\n\n<div class=\"wp-block-group has-global-padding is-layout-constrained wp-block-group-is-layout-constrained\">\n<div class=\"wp-block-media-text is-stacked-on-mobile\" style=\"margin-top:var(--wp--preset--spacing--x-small);margin-right:var(--wp--preset--spacing--x-small);margin-bottom:var(--wp--preset--spacing--x-small);margin-left:var(--wp--preset--spacing--x-small);padding-top:var(--wp--preset--spacing--x-small);padding-right:var(--wp--preset--spacing--x-small);padding-bottom:var(--wp--preset--spacing--x-small);padding-left:var(--wp--preset--spacing--x-small);grid-template-columns:30% auto\"><figure class=\"wp-block-media-text__media\"><img loading=\"lazy\" decoding=\"async\" width=\"900\" height=\"600\" src=\"https:\/\/ja33.fr\/wp-content\/uploads\/2023\/11\/Design-sans-titre-16.png\" alt=\"\" class=\"wp-image-725 size-full\" srcset=\"https:\/\/ja33.fr\/wp-content\/uploads\/2023\/11\/Design-sans-titre-16.png 900w, https:\/\/ja33.fr\/wp-content\/uploads\/2023\/11\/Design-sans-titre-16-300x200.png 300w, https:\/\/ja33.fr\/wp-content\/uploads\/2023\/11\/Design-sans-titre-16-768x512.png 768w, https:\/\/ja33.fr\/wp-content\/uploads\/2023\/11\/Design-sans-titre-16-600x400.png 600w\" sizes=\"(max-width: 900px) 100vw, 900px\" \/><\/figure><div class=\"wp-block-media-text__content\">\n<h2 class=\"wp-block-heading\" style=\"font-size:clamp(18.959px, 1.185rem + ((1vw - 3.2px) * 0.977), 30px);\">March\u00e9 nocturne<\/h2>\n\n\n\n<p class=\"has-medium-font-size\">Les JA de Nord Gironde participent au march\u00e9 nocturne dans le Blayais afin de faire la promotion des produits locaux et bio.<\/p>\n<\/div><\/div>\n<\/div>\n\n\n\n<div class=\"wp-block-group has-global-padding is-layout-constrained wp-block-group-is-layout-constrained\">\n<div class=\"wp-block-media-text has-media-on-the-right is-stacked-on-mobile\" style=\"margin-top:var(--wp--preset--spacing--x-small);margin-right:var(--wp--preset--spacing--x-small);margin-bottom:var(--wp--preset--spacing--x-small);margin-left:var(--wp--preset--spacing--x-small);padding-top:var(--wp--preset--spacing--x-small);padding-right:var(--wp--preset--spacing--x-small);padding-bottom:var(--wp--preset--spacing--x-small);padding-left:var(--wp--preset--spacing--x-small);grid-template-columns:auto 30%\"><div class=\"wp-block-media-text__content\">\n<h2 class=\"wp-block-heading\" style=\"font-size:clamp(18.959px, 1.185rem + ((1vw - 3.2px) * 0.977), 30px);\">Parcours de l&rsquo;enfant<\/h2>\n\n\n\n<p class=\"has-medium-font-size\">Les enfants de Gironde ont particip\u00e9 au salon de l&rsquo;agriculture en Nouvelle-Aquitaine. Les JA se sont mobilis\u00e9s pour leur apporter leurs connaissances et leur transmettre leur passion.<\/p>\n<\/div><figure class=\"wp-block-media-text__media\"><img loading=\"lazy\" decoding=\"async\" width=\"900\" height=\"600\" src=\"https:\/\/ja33.fr\/wp-content\/uploads\/2023\/11\/Design-sans-titre-17.png\" alt=\"\" class=\"wp-image-726 size-full\" srcset=\"https:\/\/ja33.fr\/wp-content\/uploads\/2023\/11\/Design-sans-titre-17.png 900w, https:\/\/ja33.fr\/wp-content\/uploads\/2023\/11\/Design-sans-titre-17-300x200.png 300w, https:\/\/ja33.fr\/wp-content\/uploads\/2023\/11\/Design-sans-titre-17-768x512.png 768w, https:\/\/ja33.fr\/wp-content\/uploads\/2023\/11\/Design-sans-titre-17-600x400.png 600w\" sizes=\"(max-width: 900px) 100vw, 900px\" \/><\/figure><\/div>\n<\/div>\n\n\n\n<div class=\"wp-block-group has-global-padding is-layout-constrained wp-block-group-is-layout-constrained\">\n<div class=\"wp-block-media-text is-stacked-on-mobile\" style=\"margin-top:var(--wp--preset--spacing--x-small);margin-right:var(--wp--preset--spacing--x-small);margin-bottom:var(--wp--preset--spacing--x-small);margin-left:var(--wp--preset--spacing--x-small);padding-top:var(--wp--preset--spacing--x-small);padding-right:var(--wp--preset--spacing--x-small);padding-bottom:var(--wp--preset--spacing--x-small);padding-left:var(--wp--preset--spacing--x-small);grid-template-columns:30% auto\"><figure class=\"wp-block-media-text__media\"><img loading=\"lazy\" decoding=\"async\" width=\"900\" height=\"600\" src=\"https:\/\/ja33.fr\/wp-content\/uploads\/2023\/11\/Design-sans-titre-18.png\" alt=\"\" class=\"wp-image-727 size-full\" srcset=\"https:\/\/ja33.fr\/wp-content\/uploads\/2023\/11\/Design-sans-titre-18.png 900w, https:\/\/ja33.fr\/wp-content\/uploads\/2023\/11\/Design-sans-titre-18-300x200.png 300w, https:\/\/ja33.fr\/wp-content\/uploads\/2023\/11\/Design-sans-titre-18-768x512.png 768w, https:\/\/ja33.fr\/wp-content\/uploads\/2023\/11\/Design-sans-titre-18-600x400.png 600w\" sizes=\"(max-width: 900px) 100vw, 900px\" \/><\/figure><div class=\"wp-block-media-text__content\">\n<h2 class=\"wp-block-heading\" style=\"font-size:clamp(18.959px, 1.185rem + ((1vw - 3.2px) * 0.977), 30px);\">Journ\u00e9e portes ouvertes<\/h2>\n\n\n\n<p class=\"has-medium-font-size\">Comme chaque ann\u00e9e, nous organisons une journ\u00e9e portes ouvertes sur l&rsquo;installation. Elles ont lieu sur l&rsquo;exploitation d&rsquo;un agriculteur afin de permettre aux jeunes qui s\u2019inscrivent dans un&nbsp;projet d\u2019installation, un moment d\u2019\u00e9change avec un agriculteur r\u00e9cemment install\u00e9 dans le cadre du&nbsp;dispositif national d\u2019aides \u00e0 l\u2019installation, ainsi qu\u2019avec les acteurs partenaires de l\u2019installation.<\/p>\n<\/div><\/div>\n<\/div>\n\n\n\n<div class=\"wp-block-group has-global-padding is-layout-constrained wp-block-group-is-layout-constrained\">\n<div class=\"wp-block-media-text has-media-on-the-right is-stacked-on-mobile\" style=\"margin-top:var(--wp--preset--spacing--x-small);margin-right:var(--wp--preset--spacing--x-small);margin-bottom:var(--wp--preset--spacing--x-small);margin-left:var(--wp--preset--spacing--x-small);padding-top:var(--wp--preset--spacing--x-small);padding-right:var(--wp--preset--spacing--x-small);padding-bottom:var(--wp--preset--spacing--x-small);padding-left:var(--wp--preset--spacing--x-small);grid-template-columns:auto 30%\"><div class=\"wp-block-media-text__content\">\n<h2 class=\"wp-block-heading\" style=\"font-size:clamp(18.959px, 1.185rem + ((1vw - 3.2px) * 0.977), 30px);\">Rencontre avec les lyc\u00e9ens de Bazas<\/h2>\n\n\n\n<p class=\"has-medium-font-size\">Nous intervenons dans les coll\u00e8ges \/ lyc\u00e9es afin de promouvoir et de donner une image positive de l&rsquo;agriculture. Nous venons apporter de l&rsquo;information aux jeunes. Le 17 mai c&rsquo;est les lyc\u00e9ens de Bazas qui ont pu en b\u00e9n\u00e9ficier<\/p>\n<\/div><figure class=\"wp-block-media-text__media\"><img loading=\"lazy\" decoding=\"async\" width=\"900\" height=\"600\" src=\"https:\/\/ja33.fr\/wp-content\/uploads\/2023\/11\/Design-sans-titre-19.png\" alt=\"\" class=\"wp-image-728 size-full\" srcset=\"https:\/\/ja33.fr\/wp-content\/uploads\/2023\/11\/Design-sans-titre-19.png 900w, https:\/\/ja33.fr\/wp-content\/uploads\/2023\/11\/Design-sans-titre-19-300x200.png 300w, https:\/\/ja33.fr\/wp-content\/uploads\/2023\/11\/Design-sans-titre-19-768x512.png 768w, https:\/\/ja33.fr\/wp-content\/uploads\/2023\/11\/Design-sans-titre-19-600x400.png 600w\" sizes=\"(max-width: 900px) 100vw, 900px\" \/><\/figure><\/div>\n<\/div>\n\n\n\n<div class=\"wp-block-group has-global-padding is-layout-constrained wp-block-group-is-layout-constrained\">\n<div class=\"wp-block-media-text is-stacked-on-mobile\" style=\"margin-top:var(--wp--preset--spacing--x-small);margin-right:var(--wp--preset--spacing--x-small);margin-bottom:var(--wp--preset--spacing--x-small);margin-left:var(--wp--preset--spacing--x-small);padding-top:var(--wp--preset--spacing--x-small);padding-right:var(--wp--preset--spacing--x-small);padding-bottom:var(--wp--preset--spacing--x-small);padding-left:var(--wp--preset--spacing--x-small);grid-template-columns:30% auto\"><figure class=\"wp-block-media-text__media\"><img loading=\"lazy\" decoding=\"async\" width=\"900\" height=\"600\" src=\"https:\/\/ja33.fr\/wp-content\/uploads\/2023\/11\/taille-photos-evenements-1-1.png\" alt=\"\" class=\"wp-image-954 size-full\" srcset=\"https:\/\/ja33.fr\/wp-content\/uploads\/2023\/11\/taille-photos-evenements-1-1.png 900w, https:\/\/ja33.fr\/wp-content\/uploads\/2023\/11\/taille-photos-evenements-1-1-300x200.png 300w, https:\/\/ja33.fr\/wp-content\/uploads\/2023\/11\/taille-photos-evenements-1-1-768x512.png 768w, https:\/\/ja33.fr\/wp-content\/uploads\/2023\/11\/taille-photos-evenements-1-1-600x400.png 600w\" sizes=\"(max-width: 900px) 100vw, 900px\" \/><\/figure><div class=\"wp-block-media-text__content\">\n<h2 class=\"wp-block-heading\" style=\"font-size:clamp(18.959px, 1.185rem + ((1vw - 3.2px) * 0.977), 30px);\">Rapport d&rsquo;activit\u00e9<\/h2>\n\n\n\n<p class=\"has-medium-font-size\">Afin de retracer ce qui c&rsquo;est pass\u00e9 durant l&rsquo;ann\u00e9e, nous r\u00e9digeons un rapport d&rsquo;activit\u00e9. Celui-ci permet de recenser tous les \u00e9v\u00e8nements et actualit\u00e9s du syndicat. Pour le lire, c&rsquo;est par ici : <a href=\"https:\/\/urlz.fr\/omGJ \">https:\/\/urlz.fr\/omGJ <\/a><\/p>\n<\/div><\/div>\n<\/div>\n\n\n\n<h2 class=\"wp-block-heading has-text-align-center has-white-color has-text-color has-background has-link-color wp-elements-923d2bfc7bc89e6bc5cc104f919606ab\" style=\"background-color:#63cac9;font-size:clamp(26.465px, 1.654rem + ((1vw - 3.2px) * 1.64), 45px);\">Ann\u00e9e 2021<\/h2>\n\n\n\n<div class=\"wp-block-group has-global-padding is-layout-constrained wp-block-group-is-layout-constrained\">\n<div class=\"wp-block-media-text has-media-on-the-right is-stacked-on-mobile\" style=\"margin-top:var(--wp--preset--spacing--x-small);margin-right:var(--wp--preset--spacing--x-small);margin-bottom:var(--wp--preset--spacing--x-small);margin-left:var(--wp--preset--spacing--x-small);padding-top:var(--wp--preset--spacing--x-small);padding-right:var(--wp--preset--spacing--x-small);padding-bottom:var(--wp--preset--spacing--x-small);padding-left:var(--wp--preset--spacing--x-small);grid-template-columns:auto 30%\"><div class=\"wp-block-media-text__content\">\n<h2 class=\"wp-block-heading\" style=\"font-size:clamp(18.959px, 1.185rem + ((1vw - 3.2px) * 0.977), 30px);\">Le Tour de France<\/h2>\n\n\n\n<p class=\"has-medium-font-size\">En juillet nous avons encourag\u00e9 les coureurs autour d&rsquo;une journ\u00e9e tr\u00e8s anim\u00e9 ! D\u00e9monstration de chiens de troupeaux, animations sportives, tombola, et bien plus encore.<\/p>\n<\/div><figure class=\"wp-block-media-text__media\"><img loading=\"lazy\" decoding=\"async\" width=\"900\" height=\"600\" src=\"https:\/\/ja33.fr\/wp-content\/uploads\/2023\/11\/Design-sans-titre-27.png\" alt=\"\" class=\"wp-image-852 size-full\" srcset=\"https:\/\/ja33.fr\/wp-content\/uploads\/2023\/11\/Design-sans-titre-27.png 900w, https:\/\/ja33.fr\/wp-content\/uploads\/2023\/11\/Design-sans-titre-27-300x200.png 300w, https:\/\/ja33.fr\/wp-content\/uploads\/2023\/11\/Design-sans-titre-27-768x512.png 768w, https:\/\/ja33.fr\/wp-content\/uploads\/2023\/11\/Design-sans-titre-27-600x400.png 600w\" sizes=\"(max-width: 900px) 100vw, 900px\" \/><\/figure><\/div>\n<\/div>\n\n\n\n<div class=\"wp-block-group has-global-padding is-layout-constrained wp-block-group-is-layout-constrained\">\n<div class=\"wp-block-media-text is-stacked-on-mobile\" style=\"margin-top:var(--wp--preset--spacing--x-small);margin-right:var(--wp--preset--spacing--x-small);margin-bottom:var(--wp--preset--spacing--x-small);margin-left:var(--wp--preset--spacing--x-small);padding-top:var(--wp--preset--spacing--x-small);padding-right:var(--wp--preset--spacing--x-small);padding-bottom:var(--wp--preset--spacing--x-small);padding-left:var(--wp--preset--spacing--x-small);grid-template-columns:30% auto\"><figure class=\"wp-block-media-text__media\"><img loading=\"lazy\" decoding=\"async\" width=\"900\" height=\"600\" src=\"https:\/\/ja33.fr\/wp-content\/uploads\/2023\/11\/taille-photos-evenements.png\" alt=\"\" class=\"wp-image-857 size-full\" srcset=\"https:\/\/ja33.fr\/wp-content\/uploads\/2023\/11\/taille-photos-evenements.png 900w, https:\/\/ja33.fr\/wp-content\/uploads\/2023\/11\/taille-photos-evenements-300x200.png 300w, https:\/\/ja33.fr\/wp-content\/uploads\/2023\/11\/taille-photos-evenements-768x512.png 768w, https:\/\/ja33.fr\/wp-content\/uploads\/2023\/11\/taille-photos-evenements-600x400.png 600w\" sizes=\"(max-width: 900px) 100vw, 900px\" \/><\/figure><div class=\"wp-block-media-text__content\">\n<h2 class=\"wp-block-heading\" style=\"font-size:clamp(18.959px, 1.185rem + ((1vw - 3.2px) * 0.977), 30px);\">Le forum installation<\/h2>\n\n\n\n<p class=\"has-medium-font-size\">Le Covid nous a oblig\u00e9 \u00e0 effectuer le forum installation sous une autre forme : des vid\u00e9os YouTube explicatives. Retrouvez celles sur le PAIT en cliquant sur le lien : <a href=\"https:\/\/urlz.fr\/okJx\">https:\/\/urlz.fr\/okJx<\/a><\/p>\n<\/div><\/div>\n<\/div>\n\n\n\n<div class=\"wp-block-group has-global-padding is-layout-constrained wp-block-group-is-layout-constrained\">\n<div class=\"wp-block-media-text has-media-on-the-right is-stacked-on-mobile\" style=\"margin-top:var(--wp--preset--spacing--x-small);margin-right:var(--wp--preset--spacing--x-small);margin-bottom:var(--wp--preset--spacing--x-small);margin-left:var(--wp--preset--spacing--x-small);padding-top:var(--wp--preset--spacing--x-small);padding-right:var(--wp--preset--spacing--x-small);padding-bottom:var(--wp--preset--spacing--x-small);padding-left:var(--wp--preset--spacing--x-small);grid-template-columns:auto 30%\"><div class=\"wp-block-media-text__content\">\n<h2 class=\"wp-block-heading\" style=\"font-size:clamp(18.959px, 1.185rem + ((1vw - 3.2px) * 0.977), 30px);\">Rapport d&rsquo;activit\u00e9<\/h2>\n\n\n\n<p class=\"has-medium-font-size\">Afin de retracer ce qui c&rsquo;est pass\u00e9 durant l&rsquo;ann\u00e9e, nous r\u00e9digeons un rapport d&rsquo;activit\u00e9. Celui-ci permet de recenser tous les \u00e9v\u00e8nements et actualit\u00e9s du syndicat. Pour le lire, c&rsquo;est par ici :<a href=\" https:\/\/urlz.fr\/omId \"> https:\/\/urlz.fr\/omId <\/a><\/p>\n<\/div><figure class=\"wp-block-media-text__media\"><img loading=\"lazy\" decoding=\"async\" width=\"900\" height=\"600\" src=\"https:\/\/ja33.fr\/wp-content\/uploads\/2023\/11\/taille-photos-evenements-2.png\" alt=\"\" class=\"wp-image-957 size-full\" srcset=\"https:\/\/ja33.fr\/wp-content\/uploads\/2023\/11\/taille-photos-evenements-2.png 900w, https:\/\/ja33.fr\/wp-content\/uploads\/2023\/11\/taille-photos-evenements-2-300x200.png 300w, https:\/\/ja33.fr\/wp-content\/uploads\/2023\/11\/taille-photos-evenements-2-768x512.png 768w, https:\/\/ja33.fr\/wp-content\/uploads\/2023\/11\/taille-photos-evenements-2-600x400.png 600w\" sizes=\"(max-width: 900px) 100vw, 900px\" \/><\/figure><\/div>\n<\/div>\n\n\n\n<div class=\"wp-block-group alignfull has-global-padding is-layout-constrained wp-block-group-is-layout-constrained\"><\/div>\n\n\n\n<div style=\"height:88px\" aria-hidden=\"true\" class=\"wp-block-spacer\"><\/div>\n\n\n\n<div class=\"wp-block-cover alignfull is-light has-parallax\" style=\"min-height:440px;aspect-ratio:unset;\"><div class=\"wp-block-cover__image-background wp-image-473 has-parallax\" style=\"background-position:50% 50%;background-image:url(https:\/\/ja33.fr\/wp-content\/uploads\/2023\/10\/paz-arando-zwZusrYAGoM-unsplash-scaled.jpg)\"><\/div><span aria-hidden=\"true\" class=\"wp-block-cover__background has-background-dim\"><\/span><div class=\"wp-block-cover__inner-container is-layout-flow wp-block-cover-is-layout-flow\">\n<p class=\"has-text-align-center has-white-color has-text-color\" style=\"font-size:clamp(35.641px, 2.228rem + ((1vw - 3.2px) * 2.598), 65px);font-style:normal;font-weight:900\"><strong>REJOIGNEZ &#8211; NOUS<\/strong><\/p>\n\n\n\n<p class=\"has-text-align-center has-white-color has-text-color has-medium-font-size\" style=\"letter-spacing:1px\">Devenez membre et profitez de nombreux avantages !<\/p>\n\n\n\n<div class=\"wp-block-buttons is-content-justification-center is-layout-flex wp-container-core-buttons-is-layout-a89b3969 wp-block-buttons-is-layout-flex\">\n<div class=\"wp-block-button is-style-fill\"><a class=\"wp-block-button__link has-black-color has-cyan-bluish-gray-background-color has-text-color has-background wp-element-button\" href=\"https:\/\/jeunes-agriculteurs-de-la-gironde.s2.yapla.com\/fr\/espace-membres\" style=\"border-radius:100px\" target=\"_blank\" rel=\"noreferrer noopener\">DEVENIR MEMBRE<\/a><\/div>\n<\/div>\n<\/div><\/div>\n\n\n\n<p><\/p>\n","protected":false},"excerpt":{"rendered":"<p>Ann\u00e9e 2026 Ann\u00e9e 2025 Journ\u00e9e portes ouvertes Jeudi 27 novembre, les \u00e9tudiants du CFA de La R\u00e9ole se sont rendus chez Thomas Cazaudumec, un jeune horticulteur install\u00e9 depuis peu sur la commune de La R\u00e9ole. Une vingtaine d&rsquo;\u00e9tudiants \u00e9taient pr\u00e9sents lors de cet apr\u00e8s-midi. Ces derniers ont montr\u00e9 beaucoup d&rsquo;int\u00e9r\u00eat en posant des questions diverses &hellip; <\/p>\n<p class=\"link-more\"><a href=\"https:\/\/ja33.fr\/?page_id=353\" class=\"more-link\">Lire la suite de<span class=\"screen-reader-text\">\u00ab\u00a0\u00c9v\u00e9nements\u00a0\u00bb<\/span><\/a><\/p>\n","protected":false},"author":1,"featured_media":0,"parent":0,"menu_order":0,"comment_status":"closed","ping_status":"closed","template":"page-templates\/full-width-transparent.php","meta":{"_seopress_robots_primary_cat":"","_seopress_titles_title":"\u00c9v\u00e8nements","_seopress_titles_desc":"Les \u00e9v\u00e8nements JA 33 permettent de se retrouver entre jeunes agriculteurs afin de passer un moment de convivialit\u00e9","_seopress_robots_index":"","footnotes":""},"class_list":["post-353","page","type-page","status-publish","hentry"],"yoast_head":"<!-- This site is optimized with the Yoast SEO plugin v23.5 - https:\/\/yoast.com\/wordpress\/plugins\/seo\/ -->\n<title>\u00c9v\u00e9nements - Jeunes Agriculteurs de Gironde<\/title>\n<meta name=\"robots\" content=\"index, follow, max-snippet:-1, max-image-preview:large, max-video-preview:-1\" \/>\n<link rel=\"canonical\" href=\"https:\/\/ja33.fr\/?page_id=353\" \/>\n<meta property=\"og:locale\" content=\"fr_FR\" \/>\n<meta property=\"og:type\" content=\"article\" \/>\n<meta property=\"og:title\" content=\"\u00c9v\u00e9nements - Jeunes Agriculteurs de Gironde\" \/>\n<meta property=\"og:description\" content=\"Ann\u00e9e 2026 Ann\u00e9e 2025 Journ\u00e9e portes ouvertes Jeudi 27 novembre, les \u00e9tudiants du CFA de La R\u00e9ole se sont rendus chez Thomas Cazaudumec, un jeune horticulteur install\u00e9 depuis peu sur la commune de La R\u00e9ole. Une vingtaine d&rsquo;\u00e9tudiants \u00e9taient pr\u00e9sents lors de cet apr\u00e8s-midi. Ces derniers ont montr\u00e9 beaucoup d&rsquo;int\u00e9r\u00eat en posant des questions diverses &hellip; Lire la suite de\u00ab\u00a0\u00c9v\u00e9nements\u00a0\u00bb\" \/>\n<meta property=\"og:url\" content=\"https:\/\/ja33.fr\/?page_id=353\" \/>\n<meta property=\"og:site_name\" content=\"Jeunes Agriculteurs de Gironde\" \/>\n<meta property=\"article:modified_time\" content=\"2026-02-13T10:52:29+00:00\" \/>\n<meta property=\"og:image\" content=\"https:\/\/ja33.fr\/wp-content\/uploads\/2026\/02\/WhatsApp-Image-2026-02-09-at-14.58.19-1-1024x768.jpeg\" \/>\n<meta name=\"twitter:card\" content=\"summary_large_image\" \/>\n<meta name=\"twitter:label1\" content=\"Dur\u00e9e de lecture estim\u00e9e\" \/>\n\t<meta name=\"twitter:data1\" content=\"17 minutes\" \/>\n<script type=\"application\/ld+json\" class=\"yoast-schema-graph\">{\"@context\":\"https:\/\/schema.org\",\"@graph\":[{\"@type\":\"WebPage\",\"@id\":\"https:\/\/ja33.fr\/?page_id=353\",\"url\":\"https:\/\/ja33.fr\/?page_id=353\",\"name\":\"\u00c9v\u00e9nements - Jeunes Agriculteurs de Gironde\",\"isPartOf\":{\"@id\":\"https:\/\/ja33.fr\/#website\"},\"primaryImageOfPage\":{\"@id\":\"https:\/\/ja33.fr\/?page_id=353#primaryimage\"},\"image\":{\"@id\":\"https:\/\/ja33.fr\/?page_id=353#primaryimage\"},\"thumbnailUrl\":\"https:\/\/ja33.fr\/wp-content\/uploads\/2026\/02\/WhatsApp-Image-2026-02-09-at-14.58.19-1-1024x768.jpeg\",\"datePublished\":\"2023-10-27T13:38:48+00:00\",\"dateModified\":\"2026-02-13T10:52:29+00:00\",\"breadcrumb\":{\"@id\":\"https:\/\/ja33.fr\/?page_id=353#breadcrumb\"},\"inLanguage\":\"fr-FR\",\"potentialAction\":[{\"@type\":\"ReadAction\",\"target\":[\"https:\/\/ja33.fr\/?page_id=353\"]}]},{\"@type\":\"ImageObject\",\"inLanguage\":\"fr-FR\",\"@id\":\"https:\/\/ja33.fr\/?page_id=353#primaryimage\",\"url\":\"https:\/\/ja33.fr\/wp-content\/uploads\/2026\/02\/WhatsApp-Image-2026-02-09-at-14.58.19-1.jpeg\",\"contentUrl\":\"https:\/\/ja33.fr\/wp-content\/uploads\/2026\/02\/WhatsApp-Image-2026-02-09-at-14.58.19-1.jpeg\",\"width\":2048,\"height\":1536},{\"@type\":\"BreadcrumbList\",\"@id\":\"https:\/\/ja33.fr\/?page_id=353#breadcrumb\",\"itemListElement\":[{\"@type\":\"ListItem\",\"position\":1,\"name\":\"Accueil\",\"item\":\"https:\/\/ja33.fr\/\"},{\"@type\":\"ListItem\",\"position\":2,\"name\":\"\u00c9v\u00e9nements\"}]},{\"@type\":\"WebSite\",\"@id\":\"https:\/\/ja33.fr\/#website\",\"url\":\"https:\/\/ja33.fr\/\",\"name\":\"Jeunes Agriculteurs de Gironde\",\"description\":\"\",\"publisher\":{\"@id\":\"https:\/\/ja33.fr\/#organization\"},\"potentialAction\":[{\"@type\":\"SearchAction\",\"target\":{\"@type\":\"EntryPoint\",\"urlTemplate\":\"https:\/\/ja33.fr\/?s={search_term_string}\"},\"query-input\":{\"@type\":\"PropertyValueSpecification\",\"valueRequired\":true,\"valueName\":\"search_term_string\"}}],\"inLanguage\":\"fr-FR\"},{\"@type\":\"Organization\",\"@id\":\"https:\/\/ja33.fr\/#organization\",\"name\":\"Jeunes Agriculteurs de Gironde\",\"url\":\"https:\/\/ja33.fr\/\",\"logo\":{\"@type\":\"ImageObject\",\"inLanguage\":\"fr-FR\",\"@id\":\"https:\/\/ja33.fr\/#\/schema\/logo\/image\/\",\"url\":\"https:\/\/ja33.fr\/wp-content\/uploads\/2023\/11\/Logo_JA33_blanc.png\",\"contentUrl\":\"https:\/\/ja33.fr\/wp-content\/uploads\/2023\/11\/Logo_JA33_blanc.png\",\"width\":2235,\"height\":1955,\"caption\":\"Jeunes Agriculteurs de Gironde\"},\"image\":{\"@id\":\"https:\/\/ja33.fr\/#\/schema\/logo\/image\/\"}}]}<\/script>\n<!-- \/ Yoast SEO plugin. -->","yoast_head_json":{"title":"\u00c9v\u00e9nements - Jeunes Agriculteurs de Gironde","robots":{"index":"index","follow":"follow","max-snippet":"max-snippet:-1","max-image-preview":"max-image-preview:large","max-video-preview":"max-video-preview:-1"},"canonical":"https:\/\/ja33.fr\/?page_id=353","og_locale":"fr_FR","og_type":"article","og_title":"\u00c9v\u00e9nements - Jeunes Agriculteurs de Gironde","og_description":"Ann\u00e9e 2026 Ann\u00e9e 2025 Journ\u00e9e portes ouvertes Jeudi 27 novembre, les \u00e9tudiants du CFA de La R\u00e9ole se sont rendus chez Thomas Cazaudumec, un jeune horticulteur install\u00e9 depuis peu sur la commune de La R\u00e9ole. Une vingtaine d&rsquo;\u00e9tudiants \u00e9taient pr\u00e9sents lors de cet apr\u00e8s-midi. Ces derniers ont montr\u00e9 beaucoup d&rsquo;int\u00e9r\u00eat en posant des questions diverses &hellip; Lire la suite de\u00ab\u00a0\u00c9v\u00e9nements\u00a0\u00bb","og_url":"https:\/\/ja33.fr\/?page_id=353","og_site_name":"Jeunes Agriculteurs de Gironde","article_modified_time":"2026-02-13T10:52:29+00:00","og_image":[{"url":"https:\/\/ja33.fr\/wp-content\/uploads\/2026\/02\/WhatsApp-Image-2026-02-09-at-14.58.19-1-1024x768.jpeg"}],"twitter_card":"summary_large_image","twitter_misc":{"Dur\u00e9e de lecture estim\u00e9e":"17 minutes"},"schema":{"@context":"https:\/\/schema.org","@graph":[{"@type":"WebPage","@id":"https:\/\/ja33.fr\/?page_id=353","url":"https:\/\/ja33.fr\/?page_id=353","name":"\u00c9v\u00e9nements - Jeunes Agriculteurs de Gironde","isPartOf":{"@id":"https:\/\/ja33.fr\/#website"},"primaryImageOfPage":{"@id":"https:\/\/ja33.fr\/?page_id=353#primaryimage"},"image":{"@id":"https:\/\/ja33.fr\/?page_id=353#primaryimage"},"thumbnailUrl":"https:\/\/ja33.fr\/wp-content\/uploads\/2026\/02\/WhatsApp-Image-2026-02-09-at-14.58.19-1-1024x768.jpeg","datePublished":"2023-10-27T13:38:48+00:00","dateModified":"2026-02-13T10:52:29+00:00","breadcrumb":{"@id":"https:\/\/ja33.fr\/?page_id=353#breadcrumb"},"inLanguage":"fr-FR","potentialAction":[{"@type":"ReadAction","target":["https:\/\/ja33.fr\/?page_id=353"]}]},{"@type":"ImageObject","inLanguage":"fr-FR","@id":"https:\/\/ja33.fr\/?page_id=353#primaryimage","url":"https:\/\/ja33.fr\/wp-content\/uploads\/2026\/02\/WhatsApp-Image-2026-02-09-at-14.58.19-1.jpeg","contentUrl":"https:\/\/ja33.fr\/wp-content\/uploads\/2026\/02\/WhatsApp-Image-2026-02-09-at-14.58.19-1.jpeg","width":2048,"height":1536},{"@type":"BreadcrumbList","@id":"https:\/\/ja33.fr\/?page_id=353#breadcrumb","itemListElement":[{"@type":"ListItem","position":1,"name":"Accueil","item":"https:\/\/ja33.fr\/"},{"@type":"ListItem","position":2,"name":"\u00c9v\u00e9nements"}]},{"@type":"WebSite","@id":"https:\/\/ja33.fr\/#website","url":"https:\/\/ja33.fr\/","name":"Jeunes Agriculteurs de Gironde","description":"","publisher":{"@id":"https:\/\/ja33.fr\/#organization"},"potentialAction":[{"@type":"SearchAction","target":{"@type":"EntryPoint","urlTemplate":"https:\/\/ja33.fr\/?s={search_term_string}"},"query-input":{"@type":"PropertyValueSpecification","valueRequired":true,"valueName":"search_term_string"}}],"inLanguage":"fr-FR"},{"@type":"Organization","@id":"https:\/\/ja33.fr\/#organization","name":"Jeunes Agriculteurs de Gironde","url":"https:\/\/ja33.fr\/","logo":{"@type":"ImageObject","inLanguage":"fr-FR","@id":"https:\/\/ja33.fr\/#\/schema\/logo\/image\/","url":"https:\/\/ja33.fr\/wp-content\/uploads\/2023\/11\/Logo_JA33_blanc.png","contentUrl":"https:\/\/ja33.fr\/wp-content\/uploads\/2023\/11\/Logo_JA33_blanc.png","width":2235,"height":1955,"caption":"Jeunes Agriculteurs de Gironde"},"image":{"@id":"https:\/\/ja33.fr\/#\/schema\/logo\/image\/"}}]}},"_links":{"self":[{"href":"https:\/\/ja33.fr\/index.php?rest_route=\/wp\/v2\/pages\/353","targetHints":{"allow":["GET"]}}],"collection":[{"href":"https:\/\/ja33.fr\/index.php?rest_route=\/wp\/v2\/pages"}],"about":[{"href":"https:\/\/ja33.fr\/index.php?rest_route=\/wp\/v2\/types\/page"}],"author":[{"embeddable":true,"href":"https:\/\/ja33.fr\/index.php?rest_route=\/wp\/v2\/users\/1"}],"replies":[{"embeddable":true,"href":"https:\/\/ja33.fr\/index.php?rest_route=%2Fwp%2Fv2%2Fcomments&post=353"}],"version-history":[{"count":75,"href":"https:\/\/ja33.fr\/index.php?rest_route=\/wp\/v2\/pages\/353\/revisions"}],"predecessor-version":[{"id":1744,"href":"https:\/\/ja33.fr\/index.php?rest_route=\/wp\/v2\/pages\/353\/revisions\/1744"}],"wp:attachment":[{"href":"https:\/\/ja33.fr\/index.php?rest_route=%2Fwp%2Fv2%2Fmedia&parent=353"}],"curies":[{"name":"wp","href":"https:\/\/api.w.org\/{rel}","templated":true}]}}